{"id":236215,"date":"2023-09-21T11:37:45","date_gmt":"2023-09-21T11:37:45","guid":{"rendered":"https:\/\/groenecampingindepolder.nl\/installations\/"},"modified":"2025-06-20T12:32:00","modified_gmt":"2025-06-20T12:32:00","slug":"installations","status":"publish","type":"page","link":"https:\/\/groenecampingindepolder.nl\/fr\/installations\/","title":{"rendered":"Equipements &amp; services"},"content":{"rendered":"<p>[et_pb_section fb_built=\u00a0\u00bb1&Prime; admin_label=\u00a0\u00bbHeader\u00a0\u00bb _builder_version=\u00a0\u00bb4.22.1&Prime; _module_preset=\u00a0\u00bbdefault\u00a0\u00bb background_enable_color=\u00a0\u00bboff\u00a0\u00bb use_background_color_gradient=\u00a0\u00bbon\u00a0\u00bb background_color_gradient_direction=\u00a0\u00bb90deg\u00a0\u00bb background_color_gradient_stops=\u00a0\u00bbrgba(33,64,28,0) 75%|#689b2f 75%\u00a0\u00bb background_color_gradient_overlays_image=\u00a0\u00bbon\u00a0\u00bb background_color_gradient_start=\u00a0\u00bb#21401c\u00a0\u00bb background_color_gradient_start_position=\u00a0\u00bb64%\u00a0\u00bb background_color_gradient_end=\u00a0\u00bbrgba(33,64,28,0)\u00a0\u00bb background_color_gradient_end_position=\u00a0\u00bb64%\u00a0\u00bb background_image=\u00a0\u00bbhttps:\/\/groenecampingindepolder.nl\/wp-content\/uploads\/2023\/09\/Sanitairgebouw-Groene-camping-In-de-Polder.jpg\u00a0\u00bb background_position=\u00a0\u00bbbottom_center\u00a0\u00bb background_vertical_offset=\u00a0\u00bb34%\u00a0\u00bb background_blend=\u00a0\u00bbmultiply\u00a0\u00bb overflow-y=\u00a0\u00bbhidden\u00a0\u00bb custom_margin=\u00a0\u00bb||||false|false\u00a0\u00bb custom_padding=\u00a0\u00bb||100px||false|false\u00a0\u00bb background_last_edited=\u00a0\u00bbon|desktop\u00a0\u00bb use_background_color_gradient_tablet=\u00a0\u00bbon\u00a0\u00bb background_color_gradient_stops_tablet=\u00a0\u00bb#21401c 59%|rgba(33,64,28,0) 59%\u00a0\u00bb background_color_gradient_start_position_tablet=\u00a0\u00bb88%\u00a0\u00bb background_color_gradient_end_position_tablet=\u00a0\u00bb88%\u00a0\u00bb locked=\u00a0\u00bboff\u00a0\u00bb global_colors_info=\u00a0\u00bb{}\u00a0\u00bb][et_pb_row column_structure=\u00a0\u00bb3_5,2_5&Prime; _builder_version=\u00a0\u00bb4.22.1&Prime; _module_preset=\u00a0\u00bbdefault\u00a0\u00bb background_color=\u00a0\u00bbRGBA(255,255,255,0)\u00a0\u00bb collapsed=\u00a0\u00bboff\u00a0\u00bb global_colors_info=\u00a0\u00bb{}\u00a0\u00bb][et_pb_column type=\u00a0\u00bb3_5&Prime; _builder_version=\u00a0\u00bb4.22.1&Prime; _module_preset=\u00a0\u00bbdefault\u00a0\u00bb background_enable_color=\u00a0\u00bboff\u00a0\u00bb custom_padding=\u00a0\u00bb80px||||false|false\u00a0\u00bb custom_padding_tablet=\u00a0\u00bb0px||||false|false\u00a0\u00bb custom_padding_phone=\u00a0\u00bb\u00a0\u00bb custom_padding_last_edited=\u00a0\u00bbon|tablet\u00a0\u00bb global_colors_info=\u00a0\u00bb{}\u00a0\u00bb][et_pb_heading title=\u00a0\u00bbEQUIPEMENTS &#038; SERVICES\u00a0\u00bb _builder_version=\u00a0\u00bb4.22.1&Prime; _module_preset=\u00a0\u00bbdefault\u00a0\u00bb title_font=\u00a0\u00bbMontserrat|800|||||||\u00a0\u00bb title_text_color=\u00a0\u00bb#FFFFFF\u00a0\u00bb title_font_size=\u00a0\u00bb64px\u00a0\u00bb global_colors_info=\u00a0\u00bb{}\u00a0\u00bb][\/et_pb_heading][et_pb_text _builder_version=\u00a0\u00bb4.22.1&Prime; _module_preset=\u00a0\u00bbdefault\u00a0\u00bb header_3_text_color=\u00a0\u00bb#FFFFFF\u00a0\u00bb min_height=\u00a0\u00bb33px\u00a0\u00bb custom_padding=\u00a0\u00bb7px|||||\u00a0\u00bb global_colors_info=\u00a0\u00bb{}\u00a0\u00bb]<\/p>\n<h3>Bon \u00e0 savoir&#8230;<\/h3>\n<p>[\/et_pb_text][\/et_pb_column][et_pb_column type=\u00a0\u00bb2_5&Prime; _builder_version=\u00a0\u00bb4.16&Prime; _module_preset=\u00a0\u00bbdefault\u00a0\u00bb global_colors_info=\u00a0\u00bb{}\u00a0\u00bb][et_pb_blurb title=\u00a0\u00bbPour les enfants\u00a0\u00bb url=\u00a0\u00bb#pour-les-enfants\u00a0\u00bb image=\u00a0\u00bbhttps:\/\/groenecampingindepolder.nl\/wp-content\/uploads\/2023\/09\/icoon_kinderen.png\u00a0\u00bb _builder_version=\u00a0\u00bb4.24.2&Prime; _module_preset=\u00a0\u00bb225d0675-a2b0-4307-9039-8cffccd1968a\u00a0\u00bb header_level=\u00a0\u00bbh2&Prime; header_font=\u00a0\u00bbMontserrat|700|||||||\u00a0\u00bb header_text_color=\u00a0\u00bb#FFFFFF\u00a0\u00bb header_line_height=\u00a0\u00bb1.6em\u00a0\u00bb body_font=\u00a0\u00bbMontserrat|700|||||||\u00a0\u00bb body_text_color=\u00a0\u00bb#FFFFFF\u00a0\u00bb body_line_height=\u00a0\u00bb1.6em\u00a0\u00bb background_color=\u00a0\u00bbgcid-23355a13-ad42-4a8b-9df2-abdbc6068b16&Prime; text_orientation=\u00a0\u00bbcenter\u00a0\u00bb custom_padding=\u00a0\u00bb30px|20px|30px|20px|true|true\u00a0\u00bb animation=\u00a0\u00bboff\u00a0\u00bb header_font_size_tablet=\u00a0\u00bb16px\u00a0\u00bb header_font_size_phone=\u00a0\u00bb14px\u00a0\u00bb header_font_size_last_edited=\u00a0\u00bbon|phone\u00a0\u00bb body_font_size_tablet=\u00a0\u00bb15px\u00a0\u00bb body_font_size_phone=\u00a0\u00bb14px\u00a0\u00bb body_font_size_last_edited=\u00a0\u00bboff|desktop\u00a0\u00bb border_radii=\u00a0\u00bbon|20px|20px|20px|20px\u00a0\u00bb box_shadow_style=\u00a0\u00bbpreset2&Prime; box_shadow_horizontal=\u00a0\u00bb0px\u00a0\u00bb box_shadow_vertical=\u00a0\u00bb25px\u00a0\u00bb box_shadow_blur=\u00a0\u00bb70px\u00a0\u00bb locked=\u00a0\u00bboff\u00a0\u00bb global_colors_info=\u00a0\u00bb{%22gcid-23355a13-ad42-4a8b-9df2-abdbc6068b16%22:%91%22background_color%22%93}\u00a0\u00bb][\/et_pb_blurb][et_pb_blurb title=\u00a0\u00bbQuestions fr\u00e9quentes\u00a0\u00bb url=\u00a0\u00bb@ET-DC@eyJkeW5hbWljIjp0cnVlLCJjb250ZW50IjoicG9zdF9saW5rX3VybF9wYWdlIiwic2V0dGluZ3MiOnsicG9zdF9pZCI6IjIzNTk0NyJ9fQ==@\u00a0\u00bb image_icon_background_color=\u00a0\u00bbRGBA(255,255,255,0)\u00a0\u00bb image=\u00a0\u00bbhttps:\/\/groenecampingindepolder.nl\/wp-content\/uploads\/2023\/09\/icoon_vraagteken.png\u00a0\u00bb _builder_version=\u00a0\u00bb4.24.2&Prime; _dynamic_attributes=\u00a0\u00bburl\u00a0\u00bb _module_preset=\u00a0\u00bb225d0675-a2b0-4307-9039-8cffccd1968a\u00a0\u00bb header_level=\u00a0\u00bbh2&Prime; header_font=\u00a0\u00bbMontserrat|700|||||||\u00a0\u00bb header_text_color=\u00a0\u00bb#FFFFFF\u00a0\u00bb header_line_height=\u00a0\u00bb1.6em\u00a0\u00bb body_font=\u00a0\u00bbAsap||||||||\u00a0\u00bb body_text_color=\u00a0\u00bb#FFFFFF\u00a0\u00bb body_line_height=\u00a0\u00bb1.6em\u00a0\u00bb background_color=\u00a0\u00bb#689B2F\u00a0\u00bb text_orientation=\u00a0\u00bbcenter\u00a0\u00bb custom_padding=\u00a0\u00bb30px|20px|30px|20px|true|true\u00a0\u00bb animation=\u00a0\u00bboff\u00a0\u00bb header_font_size_tablet=\u00a0\u00bb16px\u00a0\u00bb header_font_size_phone=\u00a0\u00bb14px\u00a0\u00bb header_font_size_last_edited=\u00a0\u00bbon|phone\u00a0\u00bb body_font_size_tablet=\u00a0\u00bb15px\u00a0\u00bb body_font_size_phone=\u00a0\u00bb14px\u00a0\u00bb body_font_size_last_edited=\u00a0\u00bboff|desktop\u00a0\u00bb border_radii=\u00a0\u00bbon|20px|20px|20px|20px\u00a0\u00bb border_color_all_image=\u00a0\u00bbRGBA(255,255,255,0)\u00a0\u00bb box_shadow_style=\u00a0\u00bbpreset2&Prime; box_shadow_horizontal=\u00a0\u00bb0px\u00a0\u00bb box_shadow_vertical=\u00a0\u00bb25px\u00a0\u00bb box_shadow_blur=\u00a0\u00bb70px\u00a0\u00bb locked=\u00a0\u00bboff\u00a0\u00bb global_colors_info=\u00a0\u00bb{}\u00a0\u00bb][\/et_pb_blurb][\/et_pb_column][\/et_pb_row][\/et_pb_section][et_pb_section fb_built=\u00a0\u00bb1&Prime; _builder_version=\u00a0\u00bb4.22.1&Prime; _module_preset=\u00a0\u00bbdefault\u00a0\u00bb min_height=\u00a0\u00bb355.6px\u00a0\u00bb global_colors_info=\u00a0\u00bb{}\u00a0\u00bb][et_pb_row _builder_version=\u00a0\u00bb4.22.1&Prime; _module_preset=\u00a0\u00bbdefault\u00a0\u00bb global_colors_info=\u00a0\u00bb{}\u00a0\u00bb][et_pb_column type=\u00a0\u00bb4_4&Prime; _builder_version=\u00a0\u00bb4.22.1&Prime; _module_preset=\u00a0\u00bbdefault\u00a0\u00bb global_colors_info=\u00a0\u00bb{}\u00a0\u00bb][et_pb_text _builder_version=\u00a0\u00bb4.22.2&Prime; _module_preset=\u00a0\u00bbe83f3e06-6d59-4882-83e6-acd8e4c3444c\u00a0\u00bb text_text_color=\u00a0\u00bb#689B2F\u00a0\u00bb header_4_font=\u00a0\u00bbAsap|700|||||||\u00a0\u00bb header_4_text_color=\u00a0\u00bb#E44F17&Prime; header_4_font_size=\u00a0\u00bb16px\u00a0\u00bb header_4_line_height=\u00a0\u00bb1.6em\u00a0\u00bb background_color=\u00a0\u00bb#FFFFFF\u00a0\u00bb text_orientation=\u00a0\u00bbcenter\u00a0\u00bb custom_margin=\u00a0\u00bb||0px||false|false\u00a0\u00bb custom_padding=\u00a0\u00bb18px|10px|18px|10px|true|true\u00a0\u00bb border_radii=\u00a0\u00bbon|15px|15px|15px|15px\u00a0\u00bb locked=\u00a0\u00bboff\u00a0\u00bb global_colors_info=\u00a0\u00bb{%22gcid-72e93b99-cf31-4689-b32a-779e96fe8e33%22:%91%93,%22gcid-603ab6b6-55b9-4ee1-91ae-f05b20d01cac%22:%91%93,%22gcid-9a42c30a-262f-4104-9519-406d5866943b%22:%91%93}\u00a0\u00bb]<\/p>\n<p><strong><br \/>Une exp\u00e9rience de camping r\u00e9ussie d\u00e9pend toujours d&rsquo;une offre d&rsquo;\u00e9quipements utilitaires et d&rsquo;installations sanitaires de qualit\u00e9. <br \/><\/strong><strong><\/strong>Au Groene camping in de Polder, tout le monde a acc\u00e8s \u00e0 des douches modernes, spacieuses et bien chaudes. Nos \u00e9quipements et services rendent \u00e0 chacun possible de passer de merveilleux s\u00e9jours en camping ! <br \/>Venez d\u00e9guster un d\u00e9licieux sorbet ou une glace bio. Commandez des petits pains bio tout frais le week-end et pendant les vacances scolaires (sauf le mercredi). Go\u00fbtez \u00e0 notre viande de b\u0153uf bio &lsquo;maison&rsquo; et utilisez notre r\u00e9seau WIFI pour partager au monde depuis votre emplacement que vous passez des super vacances !<\/p>\n<p>[\/et_pb_text][\/et_pb_column][\/et_pb_row][\/et_pb_section][et_pb_section fb_built=\u00a0\u00bb1&Prime; admin_label=\u00a0\u00bbProducts\u00a0\u00bb module_id=\u00a0\u00bbr\u00e9ception ouverte \u00e0 tous\u00a0\u00bb _builder_version=\u00a0\u00bb4.23.1&Prime; _module_preset=\u00a0\u00bbdefault\u00a0\u00bb background_color=\u00a0\u00bb#689B2F\u00a0\u00bb background_size=\u00a0\u00bbcontain\u00a0\u00bb background_position=\u00a0\u00bbbottom_right\u00a0\u00bb custom_margin=\u00a0\u00bb||-3px|||\u00a0\u00bb locked=\u00a0\u00bboff\u00a0\u00bb global_colors_info=\u00a0\u00bb{}\u00a0\u00bb][et_pb_row column_structure=\u00a0\u00bb1_2,1_2&Prime; module_id=\u00a0\u00bbga-naar-informatieruimte\u00a0\u00bb _builder_version=\u00a0\u00bb4.22.2&Prime; _module_preset=\u00a0\u00bbdefault\u00a0\u00bb z_index=\u00a0\u00bb9&Prime; custom_css_main_element=\u00a0\u00bbdisplay: flex;||flex-wrap: wrap;\u00a0\u00bb locked=\u00a0\u00bboff\u00a0\u00bb global_colors_info=\u00a0\u00bb{}\u00a0\u00bb][et_pb_column type=\u00a0\u00bb1_2&Prime; _builder_version=\u00a0\u00bb4.22.2&Prime; _module_preset=\u00a0\u00bbdefault\u00a0\u00bb background_color=\u00a0\u00bb#FFFFFF\u00a0\u00bb background_image=\u00a0\u00bbhttps:\/\/groenecampingindepolder.nl\/wp-content\/uploads\/2023\/09\/MG_8296_1.jpg\u00a0\u00bb background_position=\u00a0\u00bbcenter_left\u00a0\u00bb background_horizontal_offset=\u00a0\u00bb0%\u00a0\u00bb custom_padding=\u00a0\u00bb40px|30px|40px|30px|true|true\u00a0\u00bb background_last_edited=\u00a0\u00bbon|tablet\u00a0\u00bb background_position_tablet=\u00a0\u00bbbottom_center\u00a0\u00bb background_vertical_offset_tablet=\u00a0\u00bb62%\u00a0\u00bb border_radii=\u00a0\u00bbon|20px|20px|20px|20px\u00a0\u00bb box_shadow_style=\u00a0\u00bbpreset2&Prime; box_shadow_horizontal=\u00a0\u00bb0px\u00a0\u00bb box_shadow_vertical=\u00a0\u00bb25px\u00a0\u00bb box_shadow_blur=\u00a0\u00bb70px\u00a0\u00bb global_colors_info=\u00a0\u00bb{}\u00a0\u00bb][et_pb_divider show_divider=\u00a0\u00bboff\u00a0\u00bb _builder_version=\u00a0\u00bb4.22.2&Prime; _module_preset=\u00a0\u00bbdefault\u00a0\u00bb min_height=\u00a0\u00bb152px\u00a0\u00bb custom_padding=\u00a0\u00bb||169px|||\u00a0\u00bb global_colors_info=\u00a0\u00bb{}\u00a0\u00bb][\/et_pb_divider][\/et_pb_column][et_pb_column type=\u00a0\u00bb1_2&Prime; _builder_version=\u00a0\u00bb4.16&Prime; _module_preset=\u00a0\u00bbdefault\u00a0\u00bb background_color=\u00a0\u00bb#FFFFFF\u00a0\u00bb custom_padding=\u00a0\u00bb40px|30px|40px|30px|true|true\u00a0\u00bb link_option_url=\u00a0\u00bb#\u00a0\u00bb border_radii=\u00a0\u00bbon|20px|20px|20px|20px\u00a0\u00bb box_shadow_style=\u00a0\u00bbpreset2&Prime; box_shadow_horizontal=\u00a0\u00bb0px\u00a0\u00bb box_shadow_vertical=\u00a0\u00bb25px\u00a0\u00bb box_shadow_blur=\u00a0\u00bb70px\u00a0\u00bb global_colors_info=\u00a0\u00bb{}\u00a0\u00bb][et_pb_text _builder_version=\u00a0\u00bb4.22.1&Prime; _module_preset=\u00a0\u00bb94303537-339d-484d-8204-fdaf972d663a\u00a0\u00bb header_font=\u00a0\u00bb||||||||\u00a0\u00bb header_3_font=\u00a0\u00bbAsap|700|||||||\u00a0\u00bb header_3_text_color=\u00a0\u00bb#21401c\u00a0\u00bb header_3_font_size=\u00a0\u00bb32px\u00a0\u00bb header_3_line_height=\u00a0\u00bb1.2em\u00a0\u00bb custom_margin=\u00a0\u00bb||10px||false|false\u00a0\u00bb header_3_font_size_tablet=\u00a0\u00bb20px\u00a0\u00bb header_3_font_size_phone=\u00a0\u00bb16px\u00a0\u00bb header_3_font_size_last_edited=\u00a0\u00bbon|desktop\u00a0\u00bb global_colors_info=\u00a0\u00bb{}\u00a0\u00bb]<\/p>\n<h2>R\u00e9ception<\/h2>\n<p>[\/et_pb_text][et_pb_text _builder_version=\u00a0\u00bb4.22.1&Prime; _module_preset=\u00a0\u00bbfb7962f2-1e22-419f-981e-f53e117901f9&Prime; text_font=\u00a0\u00bb||||||||\u00a0\u00bb text_text_color=\u00a0\u00bb#21401c\u00a0\u00bb text_font_size=\u00a0\u00bb16px\u00a0\u00bb text_line_height=\u00a0\u00bb1.8em\u00a0\u00bb link_text_color=\u00a0\u00bb#FFEDD3&Prime; custom_padding=\u00a0\u00bb||0px|||\u00a0\u00bb text_font_size_tablet=\u00a0\u00bb15px\u00a0\u00bb text_font_size_phone=\u00a0\u00bb14px\u00a0\u00bb text_font_size_last_edited=\u00a0\u00bbon|desktop\u00a0\u00bb global_colors_info=\u00a0\u00bb{}\u00a0\u00bb]<\/p>\n<p><strong>OUVERT TOUS LES JOURS DE<\/strong><\/p>\n<ul>\n<li>9h \u00e0 9h30<\/li>\n<li>15h \u00e0 17h30<\/li>\n<li>19h30 \u00e0 20h30<\/li>\n<\/ul>\n<p><strong>Les r\u00e9servations se font uniquement en ligne<\/strong><br \/><em>Haute saison du 1er juillet au 1er septembre<\/em><br \/>Pour le moment, il n&rsquo;est malheureusement pas possible de payer par carte de cr\u00e9dit ou visa.<\/p>\n<p><em>Pendant les heures d&rsquo;ouverture, vous pouvez acheter \u00e0 la r\u00e9ception diff\u00e9rents parfums de cr\u00e8me glac\u00e9e fermi\u00e8re bio et de la viande de b\u0153uf bio.<\/em><\/p>\n<p>[\/et_pb_text][\/et_pb_column][\/et_pb_row][\/et_pb_section][et_pb_section fb_built=\u00a0\u00bb1&Prime; admin_label=\u00a0\u00bbProducts\u00a0\u00bb _builder_version=\u00a0\u00bb4.23.1&Prime; _module_preset=\u00a0\u00bbdefault\u00a0\u00bb background_color=\u00a0\u00bb#F3EFEC\u00a0\u00bb global_colors_info=\u00a0\u00bb{}\u00a0\u00bb][et_pb_row column_structure=\u00a0\u00bb1_2,1_2&Prime; module_id=\u00a0\u00bbga-naar-warme-broodjes\u00a0\u00bb _builder_version=\u00a0\u00bb4.23.1&Prime; _module_preset=\u00a0\u00bbdefault\u00a0\u00bb custom_css_main_element=\u00a0\u00bbdisplay: flex;||flex-wrap: wrap;\u00a0\u00bb global_colors_info=\u00a0\u00bb{}\u00a0\u00bb][et_pb_column type=\u00a0\u00bb1_2&Prime; _builder_version=\u00a0\u00bb4.23.1&Prime; _module_preset=\u00a0\u00bbdefault\u00a0\u00bb background_color=\u00a0\u00bb#FFFFFF\u00a0\u00bb custom_padding=\u00a0\u00bb40px|30px|40px|30px|true|true\u00a0\u00bb border_radii=\u00a0\u00bbon|20px|20px|20px|20px\u00a0\u00bb box_shadow_style=\u00a0\u00bbpreset2&Prime; box_shadow_horizontal=\u00a0\u00bb0px\u00a0\u00bb box_shadow_vertical=\u00a0\u00bb25px\u00a0\u00bb box_shadow_blur=\u00a0\u00bb70px\u00a0\u00bb global_colors_info=\u00a0\u00bb{}\u00a0\u00bb custom_css_main_element_last_edited=\u00a0\u00bbon|phone\u00a0\u00bb custom_css_main_element_tablet=\u00a0\u00bborder: 1;\u00a0\u00bb custom_css_main_element_phone=\u00a0\u00bborder: 1;\u00a0\u00bb][et_pb_text _builder_version=\u00a0\u00bb4.22.1&Prime; _module_preset=\u00a0\u00bb94303537-339d-484d-8204-fdaf972d663a\u00a0\u00bb header_font=\u00a0\u00bb||||||||\u00a0\u00bb header_3_font=\u00a0\u00bbAsap|700|||||||\u00a0\u00bb header_3_text_color=\u00a0\u00bb#21401c\u00a0\u00bb header_3_font_size=\u00a0\u00bb32px\u00a0\u00bb header_3_line_height=\u00a0\u00bb1.2em\u00a0\u00bb custom_margin=\u00a0\u00bb||10px||false|false\u00a0\u00bb header_3_font_size_tablet=\u00a0\u00bb20px\u00a0\u00bb header_3_font_size_phone=\u00a0\u00bb16px\u00a0\u00bb header_3_font_size_last_edited=\u00a0\u00bbon|desktop\u00a0\u00bb global_colors_info=\u00a0\u00bb{}\u00a0\u00bb]<\/p>\n<h2>Petits pains chauds<\/h2>\n<p>[\/et_pb_text][et_pb_text _builder_version=\u00a0\u00bb4.22.1&Prime; _module_preset=\u00a0\u00bbfb7962f2-1e22-419f-981e-f53e117901f9&Prime; text_font=\u00a0\u00bb||||||||\u00a0\u00bb text_text_color=\u00a0\u00bb#21401c\u00a0\u00bb text_font_size=\u00a0\u00bb16px\u00a0\u00bb text_line_height=\u00a0\u00bb1.8em\u00a0\u00bb link_text_color=\u00a0\u00bb#FFEDD3&Prime; text_font_size_tablet=\u00a0\u00bb15px\u00a0\u00bb text_font_size_phone=\u00a0\u00bb14px\u00a0\u00bb text_font_size_last_edited=\u00a0\u00bbon|desktop\u00a0\u00bb global_colors_info=\u00a0\u00bb{}\u00a0\u00bb]<\/p>\n<p>Les week-ends et les vacances scolaires (sauf le mercredi), il est possible de retirer des petits pains chauds le matin entre 8h30 et 9h.<br \/>Vous les commandez la veille au soir dans la salle d&rsquo;informations.<\/p>\n<p>[\/et_pb_text][\/et_pb_column][et_pb_column type=\u00a0\u00bb1_2&Prime; _builder_version=\u00a0\u00bb4.23.1&Prime; _module_preset=\u00a0\u00bbdefault\u00a0\u00bb global_colors_info=\u00a0\u00bb{}\u00a0\u00bb][et_pb_image src=\u00a0\u00bbhttps:\/\/groenecampingindepolder.nl\/wp-content\/uploads\/2024\/11\/Broodjesservice-met-vers-brood-op-Groene-Camping-in-de-Polder.jpg\u00a0\u00bb title_text=\u00a0\u00bbBroodjesservice-met-vers-brood-op-Groene-Camping-in-de-Polder\u00a0\u00bb show_bottom_space=\u00a0\u00bboff\u00a0\u00bb align=\u00a0\u00bbcenter\u00a0\u00bb _builder_version=\u00a0\u00bb4.27.2&Prime; _module_preset=\u00a0\u00bbdefault\u00a0\u00bb custom_margin=\u00a0\u00bb||29px|||\u00a0\u00bb border_radii=\u00a0\u00bbon|15px|15px|15px|15px\u00a0\u00bb global_colors_info=\u00a0\u00bb{}\u00a0\u00bb][\/et_pb_image][\/et_pb_column][\/et_pb_row][et_pb_row column_structure=\u00a0\u00bb1_2,1_2&Prime; module_id=\u00a0\u00bbga-naar-informatieruimte\u00a0\u00bb _builder_version=\u00a0\u00bb4.23.1&Prime; _module_preset=\u00a0\u00bbdefault\u00a0\u00bb global_colors_info=\u00a0\u00bb{}\u00a0\u00bb][et_pb_column type=\u00a0\u00bb1_2&Prime; _builder_version=\u00a0\u00bb4.23.1&Prime; _module_preset=\u00a0\u00bbdefault\u00a0\u00bb global_colors_info=\u00a0\u00bb{}\u00a0\u00bb][et_pb_image src=\u00a0\u00bbhttps:\/\/groenecampingindepolder.nl\/wp-content\/uploads\/2023\/09\/Groene-Camping-in-de-polder-van-bovenaf.jpg\u00a0\u00bb title_text=\u00a0\u00bbGroene camping In de Polder vu d&apos;en-haut\u00a0\u00bb _builder_version=\u00a0\u00bb4.22.2&Prime; _module_preset=\u00a0\u00bbdefault\u00a0\u00bb border_radii=\u00a0\u00bbon|15px|15px|15px|15px\u00a0\u00bb global_colors_info=\u00a0\u00bb{}\u00a0\u00bb][\/et_pb_image][\/et_pb_column][et_pb_column type=\u00a0\u00bb1_2&Prime; _builder_version=\u00a0\u00bb4.23.1&Prime; _module_preset=\u00a0\u00bbdefault\u00a0\u00bb background_color=\u00a0\u00bb#FFFFFF\u00a0\u00bb custom_padding=\u00a0\u00bb40px|30px|40px|30px|true|true\u00a0\u00bb border_radii=\u00a0\u00bbon|20px|20px|20px|20px\u00a0\u00bb box_shadow_style=\u00a0\u00bbpreset2&Prime; box_shadow_horizontal=\u00a0\u00bb0px\u00a0\u00bb box_shadow_vertical=\u00a0\u00bb25px\u00a0\u00bb box_shadow_blur=\u00a0\u00bb70px\u00a0\u00bb global_colors_info=\u00a0\u00bb{}\u00a0\u00bb][et_pb_text _builder_version=\u00a0\u00bb4.22.1&Prime; _module_preset=\u00a0\u00bb94303537-339d-484d-8204-fdaf972d663a\u00a0\u00bb header_font=\u00a0\u00bb||||||||\u00a0\u00bb header_3_font=\u00a0\u00bbAsap|700|||||||\u00a0\u00bb header_3_text_color=\u00a0\u00bb#21401c\u00a0\u00bb header_3_font_size=\u00a0\u00bb32px\u00a0\u00bb header_3_line_height=\u00a0\u00bb1.2em\u00a0\u00bb custom_margin=\u00a0\u00bb||10px||false|false\u00a0\u00bb custom_padding=\u00a0\u00bb5px|||||\u00a0\u00bb header_3_font_size_tablet=\u00a0\u00bb20px\u00a0\u00bb header_3_font_size_phone=\u00a0\u00bb16px\u00a0\u00bb header_3_font_size_last_edited=\u00a0\u00bbon|desktop\u00a0\u00bb global_colors_info=\u00a0\u00bb{}\u00a0\u00bb]<\/p>\n<h2>Salle d&rsquo;informations<\/h2>\n<p>[\/et_pb_text][et_pb_text _builder_version=\u00a0\u00bb4.22.1&Prime; _module_preset=\u00a0\u00bbfb7962f2-1e22-419f-981e-f53e117901f9&Prime; text_font=\u00a0\u00bb||||||||\u00a0\u00bb text_text_color=\u00a0\u00bb#21401c\u00a0\u00bb text_font_size=\u00a0\u00bb16px\u00a0\u00bb text_line_height=\u00a0\u00bb1.8em\u00a0\u00bb link_text_color=\u00a0\u00bb#FFEDD3&Prime; text_font_size_tablet=\u00a0\u00bb15px\u00a0\u00bb text_font_size_phone=\u00a0\u00bb14px\u00a0\u00bb text_font_size_last_edited=\u00a0\u00bbon|desktop\u00a0\u00bb global_colors_info=\u00a0\u00bb{}\u00a0\u00bb]<\/p>\n<p>La salle d&rsquo;informations du Groene camping In de Polder vous accueille, notamment les jours de mauvais temps. Vous y trouverez des informations sur le camping, les environs et les activit\u00e9s propos\u00e9es. Il est possible, \u00e0 partir de 15 heures, d&rsquo;y commander vos petits pains chauds pour le lendemain matin. La salle d&rsquo;informations se trouve dans le b\u00e2timent utilitaire au centre du camping.<\/p>\n<p>[\/et_pb_text][et_pb_button button_url=\u00a0\u00bb@ET-DC@eyJkeW5hbWljIjp0cnVlLCJjb250ZW50IjoicG9zdF9saW5rX3VybF9wYWdlIiwic2V0dGluZ3MiOnsicG9zdF9pZCI6IjEzNDIiLCJlbmFibGVfaHRtbCI6Im9mZiJ9fQ==@\u00a0\u00bb button_text=\u00a0\u00bbA faire !\u00a0\u00bb _builder_version=\u00a0\u00bb4.23.1&Prime; _dynamic_attributes=\u00a0\u00bbbutton_url\u00a0\u00bb _module_preset=\u00a0\u00bbec0ae3cd-81a3-4eb5-8deb-c8f326496ba9&Prime; custom_button=\u00a0\u00bbon\u00a0\u00bb button_text_size=\u00a0\u00bb14px\u00a0\u00bb button_text_color=\u00a0\u00bb#FFFFFF\u00a0\u00bb button_bg_color=\u00a0\u00bb#21401C\u00a0\u00bb button_border_width=\u00a0\u00bb0px\u00a0\u00bb button_border_radius=\u00a0\u00bb0px\u00a0\u00bb button_letter_spacing=\u00a0\u00bb2px\u00a0\u00bb button_font=\u00a0\u00bbAsap|700||on|||||\u00a0\u00bb button_icon=\u00a0\u00bb&#x24;||divi||400&Prime; custom_padding=\u00a0\u00bb15px|30px|15px|30px|true|true\u00a0\u00bb global_colors_info=\u00a0\u00bb{}\u00a0\u00bb button_text_size__sticky_enabled=\u00a0\u00bboff|desktop\u00a0\u00bb][\/et_pb_button][\/et_pb_column][\/et_pb_row][et_pb_row column_structure=\u00a0\u00bb1_2,1_2&Prime; module_id=\u00a0\u00bbga-naar-kampvuur\u00a0\u00bb _builder_version=\u00a0\u00bb4.23.1&Prime; _module_preset=\u00a0\u00bbdefault\u00a0\u00bb custom_css_main_element=\u00a0\u00bbdisplay: flex;||flex-wrap: wrap;\u00a0\u00bb global_colors_info=\u00a0\u00bb{}\u00a0\u00bb][et_pb_column type=\u00a0\u00bb1_2&Prime; _builder_version=\u00a0\u00bb4.22.1&Prime; _module_preset=\u00a0\u00bbdefault\u00a0\u00bb background_color=\u00a0\u00bb#FFFFFF\u00a0\u00bb custom_padding=\u00a0\u00bb40px|30px|40px|30px|true|true\u00a0\u00bb border_radii=\u00a0\u00bbon|20px|20px|20px|20px\u00a0\u00bb box_shadow_style=\u00a0\u00bbpreset2&Prime; box_shadow_horizontal=\u00a0\u00bb0px\u00a0\u00bb box_shadow_vertical=\u00a0\u00bb25px\u00a0\u00bb box_shadow_blur=\u00a0\u00bb70px\u00a0\u00bb global_colors_info=\u00a0\u00bb{}\u00a0\u00bb custom_css_main_element_last_edited=\u00a0\u00bbon|phone\u00a0\u00bb custom_css_main_element_tablet=\u00a0\u00bborder: 1;\u00a0\u00bb custom_css_main_element_phone=\u00a0\u00bborder: 1;\u00a0\u00bb][et_pb_text _builder_version=\u00a0\u00bb4.22.1&Prime; _module_preset=\u00a0\u00bb94303537-339d-484d-8204-fdaf972d663a\u00a0\u00bb header_font=\u00a0\u00bb||||||||\u00a0\u00bb header_3_font=\u00a0\u00bbAsap|700|||||||\u00a0\u00bb header_3_text_color=\u00a0\u00bb#21401c\u00a0\u00bb header_3_font_size=\u00a0\u00bb32px\u00a0\u00bb header_3_line_height=\u00a0\u00bb1.2em\u00a0\u00bb custom_margin=\u00a0\u00bb||10px||false|false\u00a0\u00bb custom_padding=\u00a0\u00bb5px|||||\u00a0\u00bb header_3_font_size_tablet=\u00a0\u00bb20px\u00a0\u00bb header_3_font_size_phone=\u00a0\u00bb16px\u00a0\u00bb header_3_font_size_last_edited=\u00a0\u00bbon|desktop\u00a0\u00bb global_colors_info=\u00a0\u00bb{}\u00a0\u00bb]<\/p>\n<h2>Feu de camp<\/h2>\n<p>[\/et_pb_text][et_pb_text _builder_version=\u00a0\u00bb4.22.1&Prime; _module_preset=\u00a0\u00bbfb7962f2-1e22-419f-981e-f53e117901f9&Prime; text_font=\u00a0\u00bb||||||||\u00a0\u00bb text_text_color=\u00a0\u00bb#21401c\u00a0\u00bb text_font_size=\u00a0\u00bb16px\u00a0\u00bb text_line_height=\u00a0\u00bb1.8em\u00a0\u00bb link_text_color=\u00a0\u00bb#FFEDD3&Prime; text_font_size_tablet=\u00a0\u00bb15px\u00a0\u00bb text_font_size_phone=\u00a0\u00bb14px\u00a0\u00bb text_font_size_last_edited=\u00a0\u00bbon|desktop\u00a0\u00bb global_colors_info=\u00a0\u00bb{}\u00a0\u00bb]<\/p>\n<p>Qui dit camping dit feu de camp ! Rendez votre s\u00e9jour au Groene Camping In de Polder inoubliable<br \/>en allumant le feu \ud83d\udd25 ! Vous choisissez : amenez votre propre bois ou achetez-en \u00e0 la r\u00e9ception. Nous vous fournissons le bras\u00e9ro.<\/p>\n<p>[\/et_pb_text][\/et_pb_column][et_pb_column type=\u00a0\u00bb1_2&Prime; _builder_version=\u00a0\u00bb4.16&Prime; _module_preset=\u00a0\u00bbdefault\u00a0\u00bb global_colors_info=\u00a0\u00bb{}\u00a0\u00bb][et_pb_image src=\u00a0\u00bbhttps:\/\/groenecampingindepolder.nl\/wp-content\/uploads\/2023\/07\/Groene-Camping-In-de-polder-vuurschaal-vuurtje-3.jpg\u00a0\u00bb title_text=\u00a0\u00bbGroene-camping-In-de-Polder-feu de camp\u00a0\u00bb _builder_version=\u00a0\u00bb4.22.1&Prime; _module_preset=\u00a0\u00bbdefault\u00a0\u00bb custom_margin=\u00a0\u00bb||30px|||\u00a0\u00bb border_radii=\u00a0\u00bbon|15px|15px|15px|15px\u00a0\u00bb global_colors_info=\u00a0\u00bb{}\u00a0\u00bb][\/et_pb_image][\/et_pb_column][\/et_pb_row][\/et_pb_section][et_pb_section fb_built=\u00a0\u00bb1&Prime; admin_label=\u00a0\u00bbProducts\u00a0\u00bb module_id=\u00a0\u00bbpour-les-enfants\u00a0\u00bb _builder_version=\u00a0\u00bb4.24.2&Prime; _module_preset=\u00a0\u00bbdefault\u00a0\u00bb background_color=\u00a0\u00bb#FF9900&Prime; locked=\u00a0\u00bboff\u00a0\u00bb global_colors_info=\u00a0\u00bb{}\u00a0\u00bb][et_pb_row _builder_version=\u00a0\u00bb4.16&Prime; _module_preset=\u00a0\u00bbdefault\u00a0\u00bb global_colors_info=\u00a0\u00bb{}\u00a0\u00bb][et_pb_column type=\u00a0\u00bb4_4&Prime; _builder_version=\u00a0\u00bb4.16&Prime; _module_preset=\u00a0\u00bbdefault\u00a0\u00bb global_colors_info=\u00a0\u00bb{}\u00a0\u00bb][et_pb_text _builder_version=\u00a0\u00bb4.22.1&Prime; _module_preset=\u00a0\u00bb1c7cd92a-000f-4daa-a5f6-53a8aac4298e\u00a0\u00bb header_font=\u00a0\u00bb|700|||||||\u00a0\u00bb header_text_color=\u00a0\u00bb#21401c\u00a0\u00bb header_font_size=\u00a0\u00bb72px\u00a0\u00bb header_line_height=\u00a0\u00bb1.2em\u00a0\u00bb text_orientation=\u00a0\u00bbcenter\u00a0\u00bb max_width=\u00a0\u00bb700px\u00a0\u00bb module_alignment=\u00a0\u00bbcenter\u00a0\u00bb custom_margin=\u00a0\u00bb||10px||false|false\u00a0\u00bb custom_margin_tablet=\u00a0\u00bb\u00a0\u00bb custom_margin_phone=\u00a0\u00bb\u00a0\u00bb custom_margin_last_edited=\u00a0\u00bbon|phone\u00a0\u00bb header_font_size_tablet=\u00a0\u00bb40px\u00a0\u00bb header_font_size_phone=\u00a0\u00bb24px\u00a0\u00bb header_font_size_last_edited=\u00a0\u00bbon|tablet\u00a0\u00bb header_2_font_size_tablet=\u00a0\u00bb\u00a0\u00bb header_2_font_size_phone=\u00a0\u00bb\u00a0\u00bb header_2_font_size_last_edited=\u00a0\u00bbon|tablet\u00a0\u00bb locked=\u00a0\u00bboff\u00a0\u00bb global_colors_info=\u00a0\u00bb{}\u00a0\u00bb]<\/p>\n<h1>Pour les enfants<\/h1>\n<p>[\/et_pb_text][et_pb_text _builder_version=\u00a0\u00bb4.22.1&Prime; _module_preset=\u00a0\u00bbfb7962f2-1e22-419f-981e-f53e117901f9&Prime; text_font=\u00a0\u00bb||||||||\u00a0\u00bb text_text_color=\u00a0\u00bb#21401c\u00a0\u00bb text_font_size=\u00a0\u00bb16px\u00a0\u00bb text_line_height=\u00a0\u00bb1.8em\u00a0\u00bb link_text_color=\u00a0\u00bb#FFEDD3&Prime; text_font_size_tablet=\u00a0\u00bb15px\u00a0\u00bb text_font_size_phone=\u00a0\u00bb14px\u00a0\u00bb text_font_size_last_edited=\u00a0\u00bbon|desktop\u00a0\u00bb global_colors_info=\u00a0\u00bb{}\u00a0\u00bb]<\/p>\n<p style=\"text-align: center;\">Le Groene camping In de Polder est un v\u00e9ritable paradis pour les petits.<br \/>Ils y trouveront pour s\u2019amuser :<\/p>\n<p>[\/et_pb_text][\/et_pb_column][\/et_pb_row][et_pb_row column_structure=\u00a0\u00bb1_3,1_3,1_3&Prime; _builder_version=\u00a0\u00bb4.22.2&Prime; _module_preset=\u00a0\u00bbdefault\u00a0\u00bb width=\u00a0\u00bb70%\u00a0\u00bb locked=\u00a0\u00bboff\u00a0\u00bb global_colors_info=\u00a0\u00bb{}\u00a0\u00bb][et_pb_column type=\u00a0\u00bb1_3&Prime; _builder_version=\u00a0\u00bb4.16&Prime; _module_preset=\u00a0\u00bbdefault\u00a0\u00bb global_colors_info=\u00a0\u00bb{}\u00a0\u00bb][et_pb_blurb title=\u00a0\u00bbTrampoline\u00a0\u00bb image=\u00a0\u00bbhttps:\/\/groenecampingindepolder.nl\/wp-content\/uploads\/2023\/09\/Groene_Camping_in_de_polder_trampoline_springen.jpg\u00a0\u00bb image_icon_width=\u00a0\u00bb100%\u00a0\u00bb image_icon_width_tablet=\u00a0\u00bb100%\u00a0\u00bb image_icon_width_phone=\u00a0\u00bb100%\u00a0\u00bb image_icon_width_last_edited=\u00a0\u00bbon|tablet\u00a0\u00bb _builder_version=\u00a0\u00bb4.22.2&Prime; _module_preset=\u00a0\u00bb225d0675-a2b0-4307-9039-8cffccd1968a\u00a0\u00bb header_font=\u00a0\u00bb|700|||||||\u00a0\u00bb header_line_height=\u00a0\u00bb1.6em\u00a0\u00bb body_font=\u00a0\u00bb||||||||\u00a0\u00bb body_text_color=\u00a0\u00bb#52844A\u00a0\u00bb body_font_size=\u00a0\u00bb16px\u00a0\u00bb body_line_height=\u00a0\u00bb1.6em\u00a0\u00bb background_color=\u00a0\u00bb#FFFFFF\u00a0\u00bb image_icon_custom_padding=\u00a0\u00bb0px||||false|false\u00a0\u00bb text_orientation=\u00a0\u00bbcenter\u00a0\u00bb custom_margin=\u00a0\u00bb0px||||false|false\u00a0\u00bb custom_padding=\u00a0\u00bb0px||||false|false\u00a0\u00bb animation=\u00a0\u00bboff\u00a0\u00bb border_radii=\u00a0\u00bbon|15px|15px|15px|15px\u00a0\u00bb border_width_all_image=\u00a0\u00bb0px\u00a0\u00bb border_style_all_image=\u00a0\u00bbnone\u00a0\u00bb global_colors_info=\u00a0\u00bb{}\u00a0\u00bb]<\/p>\n<p>Accessible \u00e0 tous &#8211; sans chaussures ! &#8211; pour montrer vos qualit\u00e9s d&rsquo;acrobate. Poids maximum = 100 kg. <strong>Le trampoline peut \u00eatre utilis\u00e9 entre 10h et 21h.<\/strong><\/p>\n<p>&nbsp;<\/p>\n<p>[\/et_pb_blurb][\/et_pb_column][et_pb_column type=\u00a0\u00bb1_3&Prime; _builder_version=\u00a0\u00bb4.16&Prime; _module_preset=\u00a0\u00bbdefault\u00a0\u00bb global_colors_info=\u00a0\u00bb{}\u00a0\u00bb][et_pb_blurb title=\u00a0\u00bbTracteurs \u00e0 p\u00e9dales et karts\u00a0\u00bb image=\u00a0\u00bbhttps:\/\/groenecampingindepolder.nl\/wp-content\/uploads\/2023\/06\/Groene-Camping-in-de-polder-kinderen-02.jpg\u00a0\u00bb _builder_version=\u00a0\u00bb4.22.2&Prime; _module_preset=\u00a0\u00bb225d0675-a2b0-4307-9039-8cffccd1968a\u00a0\u00bb header_font=\u00a0\u00bb|700|||||||\u00a0\u00bb header_line_height=\u00a0\u00bb1.6em\u00a0\u00bb body_font=\u00a0\u00bb||||||||\u00a0\u00bb body_text_color=\u00a0\u00bb#52844A\u00a0\u00bb body_font_size=\u00a0\u00bb16px\u00a0\u00bb body_line_height=\u00a0\u00bb1.6em\u00a0\u00bb background_color=\u00a0\u00bb#FFFFFF\u00a0\u00bb image_icon_custom_padding=\u00a0\u00bb0px||||false|false\u00a0\u00bb text_orientation=\u00a0\u00bbcenter\u00a0\u00bb custom_margin=\u00a0\u00bb0px||||false|false\u00a0\u00bb custom_padding=\u00a0\u00bb0px||||false|false\u00a0\u00bb animation=\u00a0\u00bboff\u00a0\u00bb border_radii=\u00a0\u00bbon|15px|15px|15px|15px\u00a0\u00bb global_colors_info=\u00a0\u00bb{}\u00a0\u00bb]<\/p>\n<p>Pour les plus jeunes, vous trouverez plusieurs tracteurs \u00e0 p\u00e9dales pr\u00e8s du b\u00e2timent utilitaire.<\/p>\n<p>Apr\u00e8s avoir vadrouill\u00e9, veuillez remettre les tracteurs \u00e0 leur place.<\/p>\n<p>&nbsp;<\/p>\n<p>[\/et_pb_blurb][\/et_pb_column][et_pb_column type=\u00a0\u00bb1_3&Prime; _builder_version=\u00a0\u00bb4.16&Prime; _module_preset=\u00a0\u00bbdefault\u00a0\u00bb global_colors_info=\u00a0\u00bb{}\u00a0\u00bb][et_pb_blurb title=\u00a0\u00bbTennis de table, football &#8230;\u00a0\u00bb image=\u00a0\u00bbhttps:\/\/groenecampingindepolder.nl\/wp-content\/uploads\/2023\/09\/Groene_Camping_in_de_polder_tafeltennis.jpg\u00a0\u00bb _builder_version=\u00a0\u00bb4.22.2&Prime; _module_preset=\u00a0\u00bb225d0675-a2b0-4307-9039-8cffccd1968a\u00a0\u00bb header_font=\u00a0\u00bb|700|||||||\u00a0\u00bb header_line_height=\u00a0\u00bb1.6em\u00a0\u00bb body_font=\u00a0\u00bb||||||||\u00a0\u00bb body_text_color=\u00a0\u00bb#52844A\u00a0\u00bb body_font_size=\u00a0\u00bb16px\u00a0\u00bb body_line_height=\u00a0\u00bb1.6em\u00a0\u00bb background_color=\u00a0\u00bb#FFFFFF\u00a0\u00bb image_icon_custom_padding=\u00a0\u00bb0px||||false|false\u00a0\u00bb text_orientation=\u00a0\u00bbcenter\u00a0\u00bb custom_margin=\u00a0\u00bb0px||||false|false\u00a0\u00bb custom_padding=\u00a0\u00bb0px||||false|false\u00a0\u00bb animation=\u00a0\u00bboff\u00a0\u00bb border_radii=\u00a0\u00bbon|15px|15px|15px|15px\u00a0\u00bb global_colors_info=\u00a0\u00bb{}\u00a0\u00bb]<\/p>\n<p>Dans la grange vert clair de la ferme, une table de ping-pong est \u00e0 votre disposition.<\/p>\n<p>S&rsquo;il y a de la place sur le<br \/>l&rsquo;aire de camping ou la prairie fleurie, initiez une partie de foot !<\/p>\n<p>&nbsp;<\/p>\n<p>[\/et_pb_blurb][\/et_pb_column][\/et_pb_row][et_pb_row column_structure=\u00a0\u00bb1_3,1_3,1_3&Prime; _builder_version=\u00a0\u00bb4.22.2&Prime; _module_preset=\u00a0\u00bbdefault\u00a0\u00bb width=\u00a0\u00bb70%\u00a0\u00bb locked=\u00a0\u00bboff\u00a0\u00bb global_colors_info=\u00a0\u00bb{}\u00a0\u00bb][et_pb_column type=\u00a0\u00bb1_3&Prime; _builder_version=\u00a0\u00bb4.16&Prime; _module_preset=\u00a0\u00bbdefault\u00a0\u00bb global_colors_info=\u00a0\u00bb{}\u00a0\u00bb][et_pb_blurb title=\u00a0\u00bbFaire un tour en barque\u00a0\u00bb image=\u00a0\u00bbhttps:\/\/groenecampingindepolder.nl\/wp-content\/uploads\/2023\/09\/Groene_Camping_in_de_polder_bootje-foto-kees-van-gils.jpg\u00a0\u00bb _builder_version=\u00a0\u00bb4.23.1&Prime; _module_preset=\u00a0\u00bb225d0675-a2b0-4307-9039-8cffccd1968a\u00a0\u00bb header_font=\u00a0\u00bb|700|||||||\u00a0\u00bb header_line_height=\u00a0\u00bb1.6em\u00a0\u00bb body_font=\u00a0\u00bb||||||||\u00a0\u00bb body_text_color=\u00a0\u00bb#52844A\u00a0\u00bb body_font_size=\u00a0\u00bb16px\u00a0\u00bb body_line_height=\u00a0\u00bb1.6em\u00a0\u00bb background_color=\u00a0\u00bb#FFFFFF\u00a0\u00bb image_icon_custom_padding=\u00a0\u00bb0px||||false|false\u00a0\u00bb text_orientation=\u00a0\u00bbcenter\u00a0\u00bb custom_margin=\u00a0\u00bb0px||||false|false\u00a0\u00bb custom_padding=\u00a0\u00bb0px||||false|false\u00a0\u00bb animation=\u00a0\u00bboff\u00a0\u00bb border_radii=\u00a0\u00bbon|15px|15px|15px|15px\u00a0\u00bb global_colors_info=\u00a0\u00bb{}\u00a0\u00bb]<\/p>\n<p>Vous pouvez aussi utiliser la barque dans la petite mare aux crapauds<strong>. <\/strong> <\/p>\n<p><strong>Attention &#8211; \u00e0 vos propres risques et p\u00e9rils.<\/strong><\/p>\n<p><strong><\/strong><\/p>\n<p><strong><\/strong><\/p>\n<p><strong><\/strong><\/p>\n<p><strong><\/strong><\/p>\n<p>[\/et_pb_blurb][\/et_pb_column][et_pb_column type=\u00a0\u00bb1_3&Prime; _builder_version=\u00a0\u00bb4.16&Prime; _module_preset=\u00a0\u00bbdefault\u00a0\u00bb global_colors_info=\u00a0\u00bb{}\u00a0\u00bb][\/et_pb_column][et_pb_column type=\u00a0\u00bb1_3&Prime; _builder_version=\u00a0\u00bb4.16&Prime; _module_preset=\u00a0\u00bbdefault\u00a0\u00bb global_colors_info=\u00a0\u00bb{}\u00a0\u00bb][et_pb_blurb title=\u00a0\u00bbNourrir les animaux\u00a0\u00bb image=\u00a0\u00bbhttps:\/\/groenecampingindepolder.nl\/wp-content\/uploads\/2023\/06\/Groene-Camping-in-de-polder-kinderen-9.jpg\u00a0\u00bb _builder_version=\u00a0\u00bb4.22.1&Prime; _module_preset=\u00a0\u00bb225d0675-a2b0-4307-9039-8cffccd1968a\u00a0\u00bb header_font=\u00a0\u00bb|700|||||||\u00a0\u00bb header_line_height=\u00a0\u00bb1.6em\u00a0\u00bb body_font=\u00a0\u00bb||||||||\u00a0\u00bb body_text_color=\u00a0\u00bb#52844A\u00a0\u00bb body_font_size=\u00a0\u00bb16px\u00a0\u00bb body_line_height=\u00a0\u00bb1.6em\u00a0\u00bb background_color=\u00a0\u00bb#FFFFFF\u00a0\u00bb image_icon_custom_padding=\u00a0\u00bb0px||||false|false\u00a0\u00bb text_orientation=\u00a0\u00bbcenter\u00a0\u00bb custom_margin=\u00a0\u00bb0px||||false|false\u00a0\u00bb custom_padding=\u00a0\u00bb0px||||false|false\u00a0\u00bb animation=\u00a0\u00bboff\u00a0\u00bb border_radii=\u00a0\u00bbon|15px|15px|15px|15px\u00a0\u00bb global_colors_info=\u00a0\u00bb{}\u00a0\u00bb]<\/p>\n<p>Avec un peu de chance, vous pourrez aussi venir aider Paul \u00e0 nourrir ses vaches. Il n&rsquo;y a pas d&rsquo;horaires fixes pour \u00e7a.<\/p>\n<p>&nbsp;<\/p>\n<p>[\/et_pb_blurb][\/et_pb_column][\/et_pb_row][\/et_pb_section][et_pb_section fb_built=\u00a0\u00bb1&Prime; admin_label=\u00a0\u00bbProducts\u00a0\u00bb _builder_version=\u00a0\u00bb4.23.1&Prime; _module_preset=\u00a0\u00bbdefault\u00a0\u00bb background_color=\u00a0\u00bb#F3EFEC\u00a0\u00bb global_colors_info=\u00a0\u00bb{}\u00a0\u00bb][et_pb_row column_structure=\u00a0\u00bb1_2,1_2&Prime; module_id=\u00a0\u00bbga-naar-biologisch-rundvlees\u00a0\u00bb _builder_version=\u00a0\u00bb4.22.2&Prime; _module_preset=\u00a0\u00bbdefault\u00a0\u00bb custom_css_main_element=\u00a0\u00bbdisplay: flex;||flex-wrap: wrap;\u00a0\u00bb global_colors_info=\u00a0\u00bb{}\u00a0\u00bb][et_pb_column type=\u00a0\u00bb1_2&Prime; _builder_version=\u00a0\u00bb4.16&Prime; _module_preset=\u00a0\u00bbdefault\u00a0\u00bb global_colors_info=\u00a0\u00bb{}\u00a0\u00bb][et_pb_image src=\u00a0\u00bbhttps:\/\/groenecampingindepolder.nl\/wp-content\/uploads\/2023\/07\/Groene-Camping-In-de-polder-vlees-bbq-2.jpg\u00a0\u00bb title_text=\u00a0\u00bbGroene-camping-In-de-Polder-meat-bbq\u00a0\u00bb _builder_version=\u00a0\u00bb4.22.1&Prime; _module_preset=\u00a0\u00bbdefault\u00a0\u00bb border_radii=\u00a0\u00bbon|15px|15px|15px|15px\u00a0\u00bb global_colors_info=\u00a0\u00bb{}\u00a0\u00bb][\/et_pb_image][\/et_pb_column][et_pb_column type=\u00a0\u00bb1_2&Prime; _builder_version=\u00a0\u00bb4.16&Prime; _module_preset=\u00a0\u00bbdefault\u00a0\u00bb background_color=\u00a0\u00bb#FFFFFF\u00a0\u00bb custom_padding=\u00a0\u00bb40px|30px|40px|30px|true|true\u00a0\u00bb border_radii=\u00a0\u00bbon|20px|20px|20px|20px\u00a0\u00bb box_shadow_style=\u00a0\u00bbpreset2&Prime; box_shadow_horizontal=\u00a0\u00bb0px\u00a0\u00bb box_shadow_vertical=\u00a0\u00bb25px\u00a0\u00bb box_shadow_blur=\u00a0\u00bb70px\u00a0\u00bb global_colors_info=\u00a0\u00bb{}\u00a0\u00bb][et_pb_text _builder_version=\u00a0\u00bb4.22.1&Prime; _module_preset=\u00a0\u00bb94303537-339d-484d-8204-fdaf972d663a\u00a0\u00bb header_font=\u00a0\u00bb||||||||\u00a0\u00bb header_3_font=\u00a0\u00bbAsap|700|||||||\u00a0\u00bb header_3_text_color=\u00a0\u00bb#21401c\u00a0\u00bb header_3_font_size=\u00a0\u00bb32px\u00a0\u00bb header_3_line_height=\u00a0\u00bb1.2em\u00a0\u00bb custom_margin=\u00a0\u00bb||10px||false|false\u00a0\u00bb header_3_font_size_tablet=\u00a0\u00bb20px\u00a0\u00bb header_3_font_size_phone=\u00a0\u00bb16px\u00a0\u00bb header_3_font_size_last_edited=\u00a0\u00bbon|desktop\u00a0\u00bb global_colors_info=\u00a0\u00bb{}\u00a0\u00bb]<\/p>\n<h2>Viande bovine biologique<\/h2>\n<p>[\/et_pb_text][et_pb_text _builder_version=\u00a0\u00bb4.23.1&Prime; _module_preset=\u00a0\u00bbfb7962f2-1e22-419f-981e-f53e117901f9&Prime; text_font=\u00a0\u00bb||||||||\u00a0\u00bb text_text_color=\u00a0\u00bb#21401c\u00a0\u00bb text_font_size=\u00a0\u00bb16px\u00a0\u00bb text_line_height=\u00a0\u00bb1.8em\u00a0\u00bb link_text_color=\u00a0\u00bb#FFEDD3&Prime; text_font_size_tablet=\u00a0\u00bb15px\u00a0\u00bb text_font_size_phone=\u00a0\u00bb14px\u00a0\u00bb text_font_size_last_edited=\u00a0\u00bbon|desktop\u00a0\u00bb global_colors_info=\u00a0\u00bb{}\u00a0\u00bb]<\/p>\n<h4><strong>Envie d&rsquo;un BBQ ?<\/strong><\/h4>\n<p>Pendant les heures d&rsquo;ouverture de la r\u00e9ception, il est possible d&rsquo;acheter la viande biologique de nos propres taureaux. Hamburgers, hot-dogs et le b\u0153uf piquant sont toujours en stock !<\/p>\n<p>[\/et_pb_text][\/et_pb_column][\/et_pb_row][et_pb_row column_structure=\u00a0\u00bb1_2,1_2&Prime; disabled_on=\u00a0\u00bbon|on|on\u00a0\u00bb _builder_version=\u00a0\u00bb4.22.2&Prime; _module_preset=\u00a0\u00bbdefault\u00a0\u00bb custom_css_main_element=\u00a0\u00bbdisplay: flex;||flex-wrap: wrap;\u00a0\u00bb disabled=\u00a0\u00bbon\u00a0\u00bb global_colors_info=\u00a0\u00bb{}\u00a0\u00bb][et_pb_column type=\u00a0\u00bb1_2&Prime; _builder_version=\u00a0\u00bb4.22.1&Prime; _module_preset=\u00a0\u00bbdefault\u00a0\u00bb background_color=\u00a0\u00bb#FFFFFF\u00a0\u00bb custom_padding=\u00a0\u00bb40px|30px|40px|30px|true|true\u00a0\u00bb border_radii=\u00a0\u00bbon|20px|20px|20px|20px\u00a0\u00bb box_shadow_style=\u00a0\u00bbpreset2&Prime; box_shadow_horizontal=\u00a0\u00bb0px\u00a0\u00bb box_shadow_vertical=\u00a0\u00bb25px\u00a0\u00bb box_shadow_blur=\u00a0\u00bb70px\u00a0\u00bb global_colors_info=\u00a0\u00bb{}\u00a0\u00bb custom_css_main_element_last_edited=\u00a0\u00bbon|phone\u00a0\u00bb custom_css_main_element_tablet=\u00a0\u00bborder: 1;\u00a0\u00bb custom_css_main_element_phone=\u00a0\u00bborder: 1;\u00a0\u00bb][et_pb_text _builder_version=\u00a0\u00bb4.22.1&Prime; _module_preset=\u00a0\u00bb94303537-339d-484d-8204-fdaf972d663a\u00a0\u00bb header_font=\u00a0\u00bb||||||||\u00a0\u00bb header_3_font=\u00a0\u00bbAsap|700|||||||\u00a0\u00bb header_3_text_color=\u00a0\u00bb#21401c\u00a0\u00bb header_3_font_size=\u00a0\u00bb32px\u00a0\u00bb header_3_line_height=\u00a0\u00bb1.2em\u00a0\u00bb custom_margin=\u00a0\u00bb||10px||false|false\u00a0\u00bb header_3_font_size_tablet=\u00a0\u00bb20px\u00a0\u00bb header_3_font_size_phone=\u00a0\u00bb16px\u00a0\u00bb header_3_font_size_last_edited=\u00a0\u00bbon|desktop\u00a0\u00bb global_colors_info=\u00a0\u00bb{}\u00a0\u00bb]<\/p>\n<h2>Du b\u0153uf bio au menu<\/h2>\n<p>[\/et_pb_text][et_pb_text _builder_version=\u00a0\u00bb4.22.1&Prime; _module_preset=\u00a0\u00bbfb7962f2-1e22-419f-981e-f53e117901f9&Prime; text_font=\u00a0\u00bb||||||||\u00a0\u00bb text_text_color=\u00a0\u00bb#21401c\u00a0\u00bb text_font_size=\u00a0\u00bb16px\u00a0\u00bb text_line_height=\u00a0\u00bb1.8em\u00a0\u00bb link_text_color=\u00a0\u00bb#FFEDD3&Prime; text_font_size_tablet=\u00a0\u00bb15px\u00a0\u00bb text_font_size_phone=\u00a0\u00bb14px\u00a0\u00bb text_font_size_last_edited=\u00a0\u00bbon|desktop\u00a0\u00bb global_colors_info=\u00a0\u00bb{}\u00a0\u00bb]<\/p>\n<p>Envie de go\u00fbter la viande biologique de BIO In de Polder \u00e9lev\u00e9e en plein air ? Vous pouvez le faire aux restaurants <strong>Zeezicht<\/strong> \u00f2f <strong>Sam Sam<\/strong>, sur la grande place &lsquo;Grote Markt&rsquo; de Breda. Consultez les heures d&rsquo;ouverture et effectuez votre r\u00e9servation :<\/p>\n<p>[\/et_pb_text][et_pb_image src=\u00a0\u00bbhttps:\/\/groenecampingindepolder.nl\/wp-content\/uploads\/2023\/06\/zeezichtlogopaard.png\u00a0\u00bb title_text=\u00a0\u00bbZeezicht+logo+paard\u00a0\u00bb url=\u00a0\u00bbhttps:\/\/www.zeezichtbreda.com\/\u00a0\u00bb align=\u00a0\u00bbcenter\u00a0\u00bb _builder_version=\u00a0\u00bb4.22.1&Prime; _module_preset=\u00a0\u00bbdefault\u00a0\u00bb custom_margin=\u00a0\u00bb-17px|||||\u00a0\u00bb global_colors_info=\u00a0\u00bb{}\u00a0\u00bb][\/et_pb_image][et_pb_image src=\u00a0\u00bbhttps:\/\/groenecampingindepolder.nl\/wp-content\/uploads\/2023\/06\/samsam_logo_dia-01-e1687272563445.png\u00a0\u00bb title_text=\u00a0\u00bbsamsam_logo_dia-01&Prime; url=\u00a0\u00bbhttps:\/\/www.samsambreda.nl\/\u00a0\u00bb url_new_window=\u00a0\u00bbon\u00a0\u00bb align=\u00a0\u00bbcenter\u00a0\u00bb _builder_version=\u00a0\u00bb4.22.1&Prime; _module_preset=\u00a0\u00bbdefault\u00a0\u00bb custom_margin=\u00a0\u00bb-17px|||||\u00a0\u00bb global_colors_info=\u00a0\u00bb{}\u00a0\u00bb][\/et_pb_image][\/et_pb_column][et_pb_column type=\u00a0\u00bb1_2&Prime; _builder_version=\u00a0\u00bb4.16&Prime; _module_preset=\u00a0\u00bbdefault\u00a0\u00bb global_colors_info=\u00a0\u00bb{}\u00a0\u00bb][et_pb_image src=\u00a0\u00bbhttps:\/\/groenecampingindepolder.nl\/wp-content\/uploads\/2023\/06\/Groene-Camping-in-de-polder-rundvlees-zeezicht-breda.jpg\u00a0\u00bb title_text=\u00a0\u00bbGroene-camping-In-de-Polder-meat-Zeezicht-Breda\u00a0\u00bb _builder_version=\u00a0\u00bb4.22.1&Prime; _module_preset=\u00a0\u00bbdefault\u00a0\u00bb custom_margin=\u00a0\u00bb||29px||false|false\u00a0\u00bb custom_padding=\u00a0\u00bb||0px|||\u00a0\u00bb custom_css_main_element=\u00a0\u00bbdisplay: flex;||flex-wrap: wrap;\u00a0\u00bb border_radii=\u00a0\u00bbon|15px|15px|15px|15px\u00a0\u00bb global_colors_info=\u00a0\u00bb{}\u00a0\u00bb][\/et_pb_image][\/et_pb_column][\/et_pb_row][et_pb_row column_structure=\u00a0\u00bb1_2,1_2&Prime; module_id=\u00a0\u00bbga-naar-bbq-en\u00a0\u00bb _builder_version=\u00a0\u00bb4.23.1&Prime; _module_preset=\u00a0\u00bbdefault\u00a0\u00bb custom_css_main_element=\u00a0\u00bbdisplay: flex;||flex-wrap: wrap;\u00a0\u00bb global_colors_info=\u00a0\u00bb{}\u00a0\u00bb][et_pb_column type=\u00a0\u00bb1_2&Prime; _builder_version=\u00a0\u00bb4.16&Prime; _module_preset=\u00a0\u00bbdefault\u00a0\u00bb global_colors_info=\u00a0\u00bb{}\u00a0\u00bb][et_pb_image src=\u00a0\u00bbhttps:\/\/groenecampingindepolder.nl\/wp-content\/uploads\/2023\/07\/Groene-Camping-In-de-polder-vuurschaal-bbq-vlees-2.jpg\u00a0\u00bb title_text=\u00a0\u00bbGroene-camping-In-de-Polder-firebowl-bqq-meat\u00a0\u00bb _builder_version=\u00a0\u00bb4.23.1&Prime; _module_preset=\u00a0\u00bbdefault\u00a0\u00bb border_radii=\u00a0\u00bbon|15px|15px|15px|15px\u00a0\u00bb global_colors_info=\u00a0\u00bb{}\u00a0\u00bb][\/et_pb_image][\/et_pb_column][et_pb_column type=\u00a0\u00bb1_2&Prime; _builder_version=\u00a0\u00bb4.16&Prime; _module_preset=\u00a0\u00bbdefault\u00a0\u00bb background_color=\u00a0\u00bb#FFFFFF\u00a0\u00bb custom_padding=\u00a0\u00bb40px|30px|40px|30px|true|true\u00a0\u00bb border_radii=\u00a0\u00bbon|20px|20px|20px|20px\u00a0\u00bb box_shadow_style=\u00a0\u00bbpreset2&Prime; box_shadow_horizontal=\u00a0\u00bb0px\u00a0\u00bb box_shadow_vertical=\u00a0\u00bb25px\u00a0\u00bb box_shadow_blur=\u00a0\u00bb70px\u00a0\u00bb global_colors_info=\u00a0\u00bb{}\u00a0\u00bb][et_pb_text _builder_version=\u00a0\u00bb4.23.1&Prime; _module_preset=\u00a0\u00bb94303537-339d-484d-8204-fdaf972d663a\u00a0\u00bb header_font=\u00a0\u00bb||||||||\u00a0\u00bb header_3_font=\u00a0\u00bbAsap|700|||||||\u00a0\u00bb header_3_text_color=\u00a0\u00bb#21401c\u00a0\u00bb header_3_font_size=\u00a0\u00bb32px\u00a0\u00bb header_3_line_height=\u00a0\u00bb1.2em\u00a0\u00bb custom_margin=\u00a0\u00bb||10px||false|false\u00a0\u00bb header_3_font_size_tablet=\u00a0\u00bb20px\u00a0\u00bb header_3_font_size_phone=\u00a0\u00bb16px\u00a0\u00bb header_3_font_size_last_edited=\u00a0\u00bbon|desktop\u00a0\u00bb global_colors_info=\u00a0\u00bb{}\u00a0\u00bb]<\/p>\n<h2>BBQ<\/h2>\n<p>[\/et_pb_text][et_pb_text _builder_version=\u00a0\u00bb4.23.1&Prime; _module_preset=\u00a0\u00bbfb7962f2-1e22-419f-981e-f53e117901f9&Prime; text_font=\u00a0\u00bb||||||||\u00a0\u00bb text_text_color=\u00a0\u00bb#21401c\u00a0\u00bb text_font_size=\u00a0\u00bb16px\u00a0\u00bb text_line_height=\u00a0\u00bb1.8em\u00a0\u00bb link_text_color=\u00a0\u00bb#FFEDD3&Prime; text_font_size_tablet=\u00a0\u00bb15px\u00a0\u00bb text_font_size_phone=\u00a0\u00bb14px\u00a0\u00bb text_font_size_last_edited=\u00a0\u00bbon|desktop\u00a0\u00bb global_colors_info=\u00a0\u00bb{}\u00a0\u00bb]<\/p>\n<h4><strong>Envie d&rsquo;un BBQ ?<\/strong><\/h4>\n<p>Pendant les heures d&rsquo;ouverture de la r\u00e9ception, il est possible d&rsquo;acheter la viande biologique de nos propres taureaux. Hamburgers, hot-dogs et le b\u0153uf piquant sont toujours en stock !<\/p>\n<p>[\/et_pb_text][\/et_pb_column][\/et_pb_row][\/et_pb_section][et_pb_section fb_built=\u00a0\u00bb1&Prime; admin_label=\u00a0\u00bbProducts\u00a0\u00bb _builder_version=\u00a0\u00bb4.23.1&Prime; _module_preset=\u00a0\u00bbdefault\u00a0\u00bb background_color=\u00a0\u00bb#689B2F\u00a0\u00bb global_colors_info=\u00a0\u00bb{}\u00a0\u00bb][et_pb_row column_structure=\u00a0\u00bb1_2,1_2&Prime; module_id=\u00a0\u00bbga-naar-honden\u00a0\u00bb _builder_version=\u00a0\u00bb4.22.2&Prime; _module_preset=\u00a0\u00bbdefault\u00a0\u00bb custom_css_main_element=\u00a0\u00bbdisplay: flex;||flex-wrap: wrap;\u00a0\u00bb global_colors_info=\u00a0\u00bb{}\u00a0\u00bb][et_pb_column type=\u00a0\u00bb1_2&Prime; _builder_version=\u00a0\u00bb4.22.1&Prime; _module_preset=\u00a0\u00bbdefault\u00a0\u00bb border_radii=\u00a0\u00bbon|15px|15px|15px|15px\u00a0\u00bb global_colors_info=\u00a0\u00bb{}\u00a0\u00bb][et_pb_image src=\u00a0\u00bbhttps:\/\/groenecampingindepolder.nl\/wp-content\/uploads\/2023\/09\/Groene_Camping_in_de_polder_honden.jpg\u00a0\u00bb title_text=\u00a0\u00bbGroene_camping_In_de_Polder_chiens\u00a0\u00bb _builder_version=\u00a0\u00bb4.22.1&Prime; _module_preset=\u00a0\u00bbdefault\u00a0\u00bb custom_css_main_element=\u00a0\u00bbdisplay: flex;||flex-wrap: wrap;\u00a0\u00bb global_colors_info=\u00a0\u00bb{}\u00a0\u00bb][\/et_pb_image][\/et_pb_column][et_pb_column type=\u00a0\u00bb1_2&Prime; _builder_version=\u00a0\u00bb4.16&Prime; _module_preset=\u00a0\u00bbdefault\u00a0\u00bb background_color=\u00a0\u00bb#FFFFFF\u00a0\u00bb custom_padding=\u00a0\u00bb40px|30px|40px|30px|true|true\u00a0\u00bb border_radii=\u00a0\u00bbon|20px|20px|20px|20px\u00a0\u00bb box_shadow_style=\u00a0\u00bbpreset2&Prime; box_shadow_horizontal=\u00a0\u00bb0px\u00a0\u00bb box_shadow_vertical=\u00a0\u00bb25px\u00a0\u00bb box_shadow_blur=\u00a0\u00bb70px\u00a0\u00bb global_colors_info=\u00a0\u00bb{}\u00a0\u00bb][et_pb_text _builder_version=\u00a0\u00bb4.22.1&Prime; _module_preset=\u00a0\u00bb94303537-339d-484d-8204-fdaf972d663a\u00a0\u00bb header_font=\u00a0\u00bb||||||||\u00a0\u00bb header_3_font=\u00a0\u00bbAsap|700|||||||\u00a0\u00bb header_3_text_color=\u00a0\u00bb#21401c\u00a0\u00bb header_3_font_size=\u00a0\u00bb32px\u00a0\u00bb header_3_line_height=\u00a0\u00bb1.2em\u00a0\u00bb custom_margin=\u00a0\u00bb||10px||false|false\u00a0\u00bb custom_padding=\u00a0\u00bb4px|||||\u00a0\u00bb header_3_font_size_tablet=\u00a0\u00bb20px\u00a0\u00bb header_3_font_size_phone=\u00a0\u00bb16px\u00a0\u00bb header_3_font_size_last_edited=\u00a0\u00bbon|desktop\u00a0\u00bb global_colors_info=\u00a0\u00bb{}\u00a0\u00bb]<\/p>\n<h2>Chiens<\/h2>\n<p>[\/et_pb_text][et_pb_text _builder_version=\u00a0\u00bb4.22.1&Prime; _module_preset=\u00a0\u00bbfb7962f2-1e22-419f-981e-f53e117901f9&Prime; text_font=\u00a0\u00bb||||||||\u00a0\u00bb text_text_color=\u00a0\u00bb#21401c\u00a0\u00bb text_font_size=\u00a0\u00bb16px\u00a0\u00bb text_line_height=\u00a0\u00bb1.8em\u00a0\u00bb link_text_color=\u00a0\u00bb#FFEDD3&Prime; text_font_size_tablet=\u00a0\u00bb15px\u00a0\u00bb text_font_size_phone=\u00a0\u00bb14px\u00a0\u00bb text_font_size_last_edited=\u00a0\u00bbon|desktop\u00a0\u00bb global_colors_info=\u00a0\u00bb{}\u00a0\u00bb]<\/p>\n<p>Votre compagnon \u00e0 quatre pattes est le bienvenu s&rsquo;il est tenu en laisse dans le camping. Promenez-vous le long de la route ou sur le sentier p\u00e9destre. Merci de ramasser leurs d\u00e9jections et de les jeter dans le grand conteneur !<\/p>\n<p>[\/et_pb_text][\/et_pb_column][\/et_pb_row][et_pb_row column_structure=\u00a0\u00bb1_2,1_2&Prime; _builder_version=\u00a0\u00bb4.22.2&Prime; _module_preset=\u00a0\u00bbdefault\u00a0\u00bb custom_css_main_element=\u00a0\u00bbdisplay: flex;||flex-wrap: wrap;\u00a0\u00bb global_colors_info=\u00a0\u00bb{}\u00a0\u00bb][et_pb_column type=\u00a0\u00bb1_2&Prime; _builder_version=\u00a0\u00bb4.22.1&Prime; _module_preset=\u00a0\u00bbdefault\u00a0\u00bb background_color=\u00a0\u00bb#FFFFFF\u00a0\u00bb custom_padding=\u00a0\u00bb40px|30px|40px|30px|true|true\u00a0\u00bb border_radii=\u00a0\u00bbon|20px|20px|20px|20px\u00a0\u00bb box_shadow_style=\u00a0\u00bbpreset2&Prime; box_shadow_horizontal=\u00a0\u00bb0px\u00a0\u00bb box_shadow_vertical=\u00a0\u00bb25px\u00a0\u00bb box_shadow_blur=\u00a0\u00bb70px\u00a0\u00bb global_colors_info=\u00a0\u00bb{}\u00a0\u00bb custom_css_main_element_last_edited=\u00a0\u00bbon|phone\u00a0\u00bb custom_css_main_element_tablet=\u00a0\u00bborder: 1;\u00a0\u00bb custom_css_main_element_phone=\u00a0\u00bborder: 1;\u00a0\u00bb][et_pb_text _builder_version=\u00a0\u00bb4.22.2&Prime; _module_preset=\u00a0\u00bb94303537-339d-484d-8204-fdaf972d663a\u00a0\u00bb header_font=\u00a0\u00bb||||||||\u00a0\u00bb header_2_font_size=\u00a0\u00bb25px\u00a0\u00bb header_3_font=\u00a0\u00bbAsap|700|||||||\u00a0\u00bb header_3_text_color=\u00a0\u00bb#21401c\u00a0\u00bb header_3_font_size=\u00a0\u00bb32px\u00a0\u00bb header_3_line_height=\u00a0\u00bb1.2em\u00a0\u00bb width=\u00a0\u00bb100%\u00a0\u00bb custom_margin=\u00a0\u00bb||10px||false|false\u00a0\u00bb custom_padding=\u00a0\u00bb5px|||||\u00a0\u00bb header_3_font_size_tablet=\u00a0\u00bb20px\u00a0\u00bb header_3_font_size_phone=\u00a0\u00bb16px\u00a0\u00bb header_3_font_size_last_edited=\u00a0\u00bbon|desktop\u00a0\u00bb global_colors_info=\u00a0\u00bb{}\u00a0\u00bb]<\/p>\n<h2>Raccordement \u00e9lectrique<\/h2>\n<p>[\/et_pb_text][et_pb_text _builder_version=\u00a0\u00bb4.22.1&Prime; _module_preset=\u00a0\u00bbfb7962f2-1e22-419f-981e-f53e117901f9&Prime; text_font=\u00a0\u00bb||||||||\u00a0\u00bb text_text_color=\u00a0\u00bb#21401c\u00a0\u00bb text_font_size=\u00a0\u00bb16px\u00a0\u00bb text_line_height=\u00a0\u00bb1.8em\u00a0\u00bb link_text_color=\u00a0\u00bb#FFEDD3&Prime; custom_padding=\u00a0\u00bb||0px|||\u00a0\u00bb text_font_size_tablet=\u00a0\u00bb15px\u00a0\u00bb text_font_size_phone=\u00a0\u00bb14px\u00a0\u00bb text_font_size_last_edited=\u00a0\u00bbon|desktop\u00a0\u00bb global_colors_info=\u00a0\u00bb{}\u00a0\u00bb]<\/p>\n<p>Pas de prise de t\u00eate avec l&rsquo;\u00e9lectricit\u00e9 : il y en a \u00e0 port\u00e9e de chaque emplacement dans notre camping. Les raccordements \u00e9lectriques <br \/>sont de 16 amp\u00e8res.<\/p>\n<p>[\/et_pb_text][\/et_pb_column][et_pb_column type=\u00a0\u00bb1_2&Prime; _builder_version=\u00a0\u00bb4.16&Prime; _module_preset=\u00a0\u00bbdefault\u00a0\u00bb global_colors_info=\u00a0\u00bb{}\u00a0\u00bb][et_pb_image src=\u00a0\u00bbhttps:\/\/groenecampingindepolder.nl\/wp-content\/uploads\/2023\/06\/elektriciteit-op-Groene-camping-In-de-Polder-e1687264954335.jpg\u00a0\u00bb title_text=\u00a0\u00bb\u00e9lectricit\u00e9-Groene-camping-In-de-Polder\u00a0\u00bb _builder_version=\u00a0\u00bb4.22.1&Prime; _module_preset=\u00a0\u00bbdefault\u00a0\u00bb custom_margin=\u00a0\u00bb||29px|||\u00a0\u00bb border_radii=\u00a0\u00bbon|15px|15px|15px|15px\u00a0\u00bb global_colors_info=\u00a0\u00bb{}\u00a0\u00bb][\/et_pb_image][\/et_pb_column][\/et_pb_row][et_pb_row column_structure=\u00a0\u00bb1_2,1_2&Prime; module_id=\u00a0\u00bbga-naar-laadstation\u00a0\u00bb _builder_version=\u00a0\u00bb4.22.2&Prime; _module_preset=\u00a0\u00bbdefault\u00a0\u00bb custom_css_main_element=\u00a0\u00bbdisplay: flex;||flex-wrap: wrap;\u00a0\u00bb global_colors_info=\u00a0\u00bb{}\u00a0\u00bb][et_pb_column type=\u00a0\u00bb1_2&Prime; _builder_version=\u00a0\u00bb4.16&Prime; _module_preset=\u00a0\u00bbdefault\u00a0\u00bb global_colors_info=\u00a0\u00bb{}\u00a0\u00bb][et_pb_image src=\u00a0\u00bbhttps:\/\/groenecampingindepolder.nl\/wp-content\/uploads\/2023\/06\/auto-laden-op-Groene-camping-In-de-Polder.jpg\u00a0\u00bb title_text=\u00a0\u00bbchargement-v\u00e9hicule-Groene-camping-In-de-Polder\u00a0\u00bb _builder_version=\u00a0\u00bb4.23.1&Prime; _module_preset=\u00a0\u00bbdefault\u00a0\u00bb border_radii=\u00a0\u00bbon|15px|15px|15px|15px\u00a0\u00bb global_colors_info=\u00a0\u00bb{}\u00a0\u00bb][\/et_pb_image][\/et_pb_column][et_pb_column type=\u00a0\u00bb1_2&Prime; _builder_version=\u00a0\u00bb4.16&Prime; _module_preset=\u00a0\u00bbdefault\u00a0\u00bb background_color=\u00a0\u00bb#FFFFFF\u00a0\u00bb custom_padding=\u00a0\u00bb40px|30px|40px|30px|true|true\u00a0\u00bb border_radii=\u00a0\u00bbon|20px|20px|20px|20px\u00a0\u00bb box_shadow_style=\u00a0\u00bbpreset2&Prime; box_shadow_horizontal=\u00a0\u00bb0px\u00a0\u00bb box_shadow_vertical=\u00a0\u00bb25px\u00a0\u00bb box_shadow_blur=\u00a0\u00bb70px\u00a0\u00bb global_colors_info=\u00a0\u00bb{}\u00a0\u00bb][et_pb_text _builder_version=\u00a0\u00bb4.22.1&Prime; _module_preset=\u00a0\u00bb94303537-339d-484d-8204-fdaf972d663a\u00a0\u00bb header_font=\u00a0\u00bb||||||||\u00a0\u00bb header_3_font=\u00a0\u00bbAsap|700|||||||\u00a0\u00bb header_3_text_color=\u00a0\u00bb#21401c\u00a0\u00bb header_3_font_size=\u00a0\u00bb32px\u00a0\u00bb header_3_line_height=\u00a0\u00bb1.2em\u00a0\u00bb custom_margin=\u00a0\u00bb||10px||false|false\u00a0\u00bb custom_padding=\u00a0\u00bb4px|||||\u00a0\u00bb header_3_font_size_tablet=\u00a0\u00bb20px\u00a0\u00bb header_3_font_size_phone=\u00a0\u00bb16px\u00a0\u00bb header_3_font_size_last_edited=\u00a0\u00bbon|desktop\u00a0\u00bb global_colors_info=\u00a0\u00bb{}\u00a0\u00bb]<\/p>\n<h2>Recharger votre v\u00e9hicule<\/h2>\n<p>[\/et_pb_text][et_pb_text _builder_version=\u00a0\u00bb4.22.1&Prime; _module_preset=\u00a0\u00bbfb7962f2-1e22-419f-981e-f53e117901f9&Prime; text_font=\u00a0\u00bb||||||||\u00a0\u00bb text_text_color=\u00a0\u00bb#21401c\u00a0\u00bb text_font_size=\u00a0\u00bb16px\u00a0\u00bb text_line_height=\u00a0\u00bb1.8em\u00a0\u00bb link_text_color=\u00a0\u00bb#FFEDD3&Prime; custom_padding=\u00a0\u00bb1px|||||\u00a0\u00bb text_font_size_tablet=\u00a0\u00bb15px\u00a0\u00bb text_font_size_phone=\u00a0\u00bb14px\u00a0\u00bb text_font_size_last_edited=\u00a0\u00bbon|desktop\u00a0\u00bb global_colors_info=\u00a0\u00bb{}\u00a0\u00bb]<\/p>\n<p>\u00c0 la ferme, il y a deux stations de recharge pour les voitures \u00e9lectriques.<\/p>\n<ul>\n<li>maximum 22kWh type 2<\/li>\n<\/ul>\n<p>[\/et_pb_text][\/et_pb_column][\/et_pb_row][\/et_pb_section][et_pb_section fb_built=\u00a0\u00bb1&Prime; admin_label=\u00a0\u00bbProducts\u00a0\u00bb module_id=\u00a0\u00bbyoga\u00a0\u00bb _builder_version=\u00a0\u00bb4.22.2&Prime; _module_preset=\u00a0\u00bbdefault\u00a0\u00bb background_color=\u00a0\u00bb#21401C\u00a0\u00bb global_colors_info=\u00a0\u00bb{}\u00a0\u00bb][et_pb_row column_structure=\u00a0\u00bb1_2,1_2&Prime; _builder_version=\u00a0\u00bb4.27.4&Prime; _module_preset=\u00a0\u00bbdefault\u00a0\u00bb hover_enabled=\u00a0\u00bb0&Prime; custom_css_main_element=\u00a0\u00bbdisplay: flex;||flex-wrap: wrap;\u00a0\u00bb global_colors_info=\u00a0\u00bb{}\u00a0\u00bb disabled_on=\u00a0\u00bbon|on|on\u00a0\u00bb disabled=\u00a0\u00bbon\u00a0\u00bb sticky_enabled=\u00a0\u00bb0&Prime;][et_pb_column type=\u00a0\u00bb1_2&Prime; _builder_version=\u00a0\u00bb4.22.1&Prime; _module_preset=\u00a0\u00bbdefault\u00a0\u00bb background_color=\u00a0\u00bb#FFFFFF\u00a0\u00bb custom_padding=\u00a0\u00bb40px|30px|40px|30px|true|true\u00a0\u00bb border_radii=\u00a0\u00bbon|20px|20px|20px|20px\u00a0\u00bb box_shadow_style=\u00a0\u00bbpreset2&Prime; box_shadow_horizontal=\u00a0\u00bb0px\u00a0\u00bb box_shadow_vertical=\u00a0\u00bb25px\u00a0\u00bb box_shadow_blur=\u00a0\u00bb70px\u00a0\u00bb global_colors_info=\u00a0\u00bb{}\u00a0\u00bb custom_css_main_element_last_edited=\u00a0\u00bbon|phone\u00a0\u00bb custom_css_main_element_tablet=\u00a0\u00bborder: 1;\u00a0\u00bb custom_css_main_element_phone=\u00a0\u00bborder: 1;\u00a0\u00bb][et_pb_text _builder_version=\u00a0\u00bb4.22.2&Prime; _module_preset=\u00a0\u00bb94303537-339d-484d-8204-fdaf972d663a\u00a0\u00bb header_font=\u00a0\u00bb||||||||\u00a0\u00bb header_3_font=\u00a0\u00bbAsap|700|||||||\u00a0\u00bb header_3_text_color=\u00a0\u00bb#21401c\u00a0\u00bb header_3_font_size=\u00a0\u00bb32px\u00a0\u00bb header_3_line_height=\u00a0\u00bb1.2em\u00a0\u00bb custom_margin=\u00a0\u00bb||10px||false|false\u00a0\u00bb custom_padding=\u00a0\u00bb5px|||||\u00a0\u00bb header_3_font_size_tablet=\u00a0\u00bb20px\u00a0\u00bb header_3_font_size_phone=\u00a0\u00bb16px\u00a0\u00bb header_3_font_size_last_edited=\u00a0\u00bbon|desktop\u00a0\u00bb global_colors_info=\u00a0\u00bb{}\u00a0\u00bb]<\/p>\n<h2>YOGA In de Polder<\/h2>\n<p>[\/et_pb_text][et_pb_text _builder_version=\u00a0\u00bb4.23.1&Prime; _module_preset=\u00a0\u00bbfb7962f2-1e22-419f-981e-f53e117901f9&Prime; text_font=\u00a0\u00bb||||||||\u00a0\u00bb text_text_color=\u00a0\u00bb#000000&Prime; text_font_size=\u00a0\u00bb16px\u00a0\u00bb text_line_height=\u00a0\u00bb1.8em\u00a0\u00bb link_text_color=\u00a0\u00bb#FFEDD3&Prime; header_text_color=\u00a0\u00bb#000000&Prime; custom_padding=\u00a0\u00bb||0px|||\u00a0\u00bb text_font_size_tablet=\u00a0\u00bb15px\u00a0\u00bb text_font_size_phone=\u00a0\u00bb14px\u00a0\u00bb text_font_size_last_edited=\u00a0\u00bbon|desktop\u00a0\u00bb global_colors_info=\u00a0\u00bb{}\u00a0\u00bb]<\/p>\n<p><strong>Lorsque le temps le permet, des cours hebdomadaires de yoga Yin et Prayala sont organis\u00e9s au Groene camping In de Polder.<br \/>Vous y \u00eates les bienvenus !<br \/><\/strong><br \/>\u20ac15,- p.p. 90 min.<br \/>Location de tapis de yoga : 1 \u20ac<br \/>Demande d&rsquo;informations ou inscription via Whatsapp aupr\u00e8s de Mirjam den Rooijen au : +31 <a href=\"00683160486\" target=\"_blank\" rel=\"noopener\"><strong><span style=\"color: #689b2f;\">683160486<\/span><\/strong><\/a><br \/>En cas de mauvais temps, le cours peut \u00e9galement avoir lieu \u00e0 Lage Zwaluwe, dans notre salle de yoga.<\/p>\n<p>&nbsp;<\/p>\n<h4>HORAIRES<\/h4>\n<ul>\n<li>Mardi soir, 19h00 &#8211; 21h00<\/li>\n<li>Mercredi matin 9h00 &#8211; 10h30<\/li>\n<li>Jeudi soir 19h30 &#8211; 21h00<\/li>\n<li>Lorsque le temps le permet, rendez-vous le mercredi matin \u00e0 De Winput pour une baignade.<\/li>\n<\/ul>\n<p>[\/et_pb_text][\/et_pb_column][et_pb_column type=\u00a0\u00bb1_2&Prime; _builder_version=\u00a0\u00bb4.16&Prime; _module_preset=\u00a0\u00bbdefault\u00a0\u00bb global_colors_info=\u00a0\u00bb{}\u00a0\u00bb][et_pb_image src=\u00a0\u00bbhttps:\/\/groenecampingindepolder.nl\/wp-content\/uploads\/2023\/10\/YOGA-In-de-polder.png\u00a0\u00bb title_text=\u00a0\u00bbYOGA-In-de-Polder\u00a0\u00bb align=\u00a0\u00bbcenter\u00a0\u00bb _builder_version=\u00a0\u00bb4.22.2&Prime; _module_preset=\u00a0\u00bbdefault\u00a0\u00bb custom_margin=\u00a0\u00bb||51px|||\u00a0\u00bb border_radii=\u00a0\u00bbon|15px|15px|15px|15px\u00a0\u00bb global_colors_info=\u00a0\u00bb{}\u00a0\u00bb][\/et_pb_image][\/et_pb_column][\/et_pb_row][et_pb_row column_structure=\u00a0\u00bb1_2,1_2&Prime; module_id=\u00a0\u00bbga-naar-zwemmen\u00a0\u00bb _builder_version=\u00a0\u00bb4.23.1&Prime; _module_preset=\u00a0\u00bbdefault\u00a0\u00bb custom_css_main_element=\u00a0\u00bbdisplay: flex;||flex-wrap: wrap;\u00a0\u00bb global_colors_info=\u00a0\u00bb{}\u00a0\u00bb][et_pb_column type=\u00a0\u00bb1_2&Prime; _builder_version=\u00a0\u00bb4.23.1&Prime; _module_preset=\u00a0\u00bbdefault\u00a0\u00bb global_colors_info=\u00a0\u00bb{}\u00a0\u00bb][et_pb_image src=\u00a0\u00bbhttps:\/\/groenecampingindepolder.nl\/wp-content\/uploads\/2023\/12\/Groene-camping-in-de-polder-bovenaanzicht_zwemmen-winput.jpg\u00a0\u00bb title_text=\u00a0\u00bbGroene camping In de Polder-top-view_swimming-winput\u00a0\u00bb url=\u00a0\u00bbhttps:\/\/maps.app.goo.gl\/VB4eAwotTUT1wcd56&Prime; url_new_window=\u00a0\u00bbon\u00a0\u00bb _builder_version=\u00a0\u00bb4.23.1&Prime; _module_preset=\u00a0\u00bbdefault\u00a0\u00bb border_radii=\u00a0\u00bbon|15px|15px|15px|15px\u00a0\u00bb global_colors_info=\u00a0\u00bb{}\u00a0\u00bb][\/et_pb_image][\/et_pb_column][et_pb_column type=\u00a0\u00bb1_2&Prime; _builder_version=\u00a0\u00bb4.22.1&Prime; _module_preset=\u00a0\u00bbdefault\u00a0\u00bb background_color=\u00a0\u00bb#FFFFFF\u00a0\u00bb custom_padding=\u00a0\u00bb40px|30px|40px|30px|true|true\u00a0\u00bb border_radii=\u00a0\u00bbon|20px|20px|20px|20px\u00a0\u00bb box_shadow_style=\u00a0\u00bbpreset2&Prime; box_shadow_horizontal=\u00a0\u00bb0px\u00a0\u00bb box_shadow_vertical=\u00a0\u00bb25px\u00a0\u00bb box_shadow_blur=\u00a0\u00bb70px\u00a0\u00bb global_colors_info=\u00a0\u00bb{}\u00a0\u00bb custom_css_main_element_last_edited=\u00a0\u00bbon|phone\u00a0\u00bb custom_css_main_element_tablet=\u00a0\u00bborder: 1;\u00a0\u00bb custom_css_main_element_phone=\u00a0\u00bborder: 1;\u00a0\u00bb][et_pb_text _builder_version=\u00a0\u00bb4.22.2&Prime; _module_preset=\u00a0\u00bb94303537-339d-484d-8204-fdaf972d663a\u00a0\u00bb header_font=\u00a0\u00bb||||||||\u00a0\u00bb header_3_font=\u00a0\u00bbAsap|700|||||||\u00a0\u00bb header_3_text_color=\u00a0\u00bb#21401c\u00a0\u00bb header_3_font_size=\u00a0\u00bb32px\u00a0\u00bb header_3_line_height=\u00a0\u00bb1.2em\u00a0\u00bb custom_margin=\u00a0\u00bb||10px||false|false\u00a0\u00bb custom_padding=\u00a0\u00bb5px|||||\u00a0\u00bb header_3_font_size_tablet=\u00a0\u00bb20px\u00a0\u00bb header_3_font_size_phone=\u00a0\u00bb16px\u00a0\u00bb header_3_font_size_last_edited=\u00a0\u00bbon|desktop\u00a0\u00bb global_colors_info=\u00a0\u00bb{}\u00a0\u00bb]<\/p>\n<h2>Baignade (dans le polder)<\/h2>\n<p>[\/et_pb_text][et_pb_text _builder_version=\u00a0\u00bb4.23.1&Prime; _module_preset=\u00a0\u00bbfb7962f2-1e22-419f-981e-f53e117901f9&Prime; text_font=\u00a0\u00bb||||||||\u00a0\u00bb text_text_color=\u00a0\u00bb#000000&Prime; text_font_size=\u00a0\u00bb16px\u00a0\u00bb text_line_height=\u00a0\u00bb1.8em\u00a0\u00bb link_text_color=\u00a0\u00bb#FFEDD3&Prime; header_text_color=\u00a0\u00bb#000000&Prime; custom_padding=\u00a0\u00bb||0px|||\u00a0\u00bb text_font_size_tablet=\u00a0\u00bb15px\u00a0\u00bb text_font_size_phone=\u00a0\u00bb14px\u00a0\u00bb text_font_size_last_edited=\u00a0\u00bbon|desktop\u00a0\u00bb global_colors_info=\u00a0\u00bb{}\u00a0\u00bb]<\/p>\n<p>Groene camping In de Polder est id\u00e9al pour les amoureux de l&rsquo;eau et de la nature. Vous pouvez piquer une t\u00eate dans la piscine naturelle De Winput \u00e0 proximit\u00e9 du camping. Vous pouvez \u00e9galement opter pour la piscine De Randoet \u00e0 Made, ou vous rendre au Kurenpolder \u00e0 Hank.<\/p>\n<p>[\/et_pb_text][et_pb_gallery gallery_ids=\u00a0\u00bb235184,235194&Prime; show_title_and_caption=\u00a0\u00bboff\u00a0\u00bb show_pagination=\u00a0\u00bboff\u00a0\u00bb _builder_version=\u00a0\u00bb4.23.1&Prime; _module_preset=\u00a0\u00bbdefault\u00a0\u00bb border_radii_image=\u00a0\u00bbon|15px|15px|15px|15px\u00a0\u00bb global_colors_info=\u00a0\u00bb{}\u00a0\u00bb][\/et_pb_gallery][\/et_pb_column][\/et_pb_row][\/et_pb_section][et_pb_section fb_built=\u00a0\u00bb1&Prime; admin_label=\u00a0\u00bbProducts\u00a0\u00bb _builder_version=\u00a0\u00bb4.23.1&Prime; _module_preset=\u00a0\u00bbdefault\u00a0\u00bb background_color=\u00a0\u00bb#F3EFEC\u00a0\u00bb custom_margin=\u00a0\u00bb||-2px|||\u00a0\u00bb global_colors_info=\u00a0\u00bb{}\u00a0\u00bb][et_pb_row column_structure=\u00a0\u00bb1_2,1_2&Prime; module_id=\u00a0\u00bbga-naar-fietsen\u00a0\u00bb _builder_version=\u00a0\u00bb4.23.1&Prime; _module_preset=\u00a0\u00bbdefault\u00a0\u00bb custom_css_main_element=\u00a0\u00bbdisplay: flex;||flex-wrap: wrap;\u00a0\u00bb global_colors_info=\u00a0\u00bb{}\u00a0\u00bb][et_pb_column type=\u00a0\u00bb1_2&Prime; _builder_version=\u00a0\u00bb4.16&Prime; _module_preset=\u00a0\u00bbdefault\u00a0\u00bb global_colors_info=\u00a0\u00bb{}\u00a0\u00bb][et_pb_image src=\u00a0\u00bbhttps:\/\/groenecampingindepolder.nl\/wp-content\/uploads\/2023\/12\/Groene_camping_in_de_polder_fietsen.jpg\u00a0\u00bb title_text=\u00a0\u00bbGroene_camping_In_de_Polder_v\u00e9lo\u00a0\u00bb _builder_version=\u00a0\u00bb4.23.1&Prime; _module_preset=\u00a0\u00bbdefault\u00a0\u00bb border_radii=\u00a0\u00bbon|15px|15px|15px|15px\u00a0\u00bb global_colors_info=\u00a0\u00bb{}\u00a0\u00bb][\/et_pb_image][\/et_pb_column][et_pb_column type=\u00a0\u00bb1_2&Prime; _builder_version=\u00a0\u00bb4.16&Prime; _module_preset=\u00a0\u00bbdefault\u00a0\u00bb background_color=\u00a0\u00bb#FFFFFF\u00a0\u00bb custom_padding=\u00a0\u00bb40px|30px|40px|30px|true|true\u00a0\u00bb border_radii=\u00a0\u00bbon|20px|20px|20px|20px\u00a0\u00bb box_shadow_style=\u00a0\u00bbpreset2&Prime; box_shadow_horizontal=\u00a0\u00bb0px\u00a0\u00bb box_shadow_vertical=\u00a0\u00bb25px\u00a0\u00bb box_shadow_blur=\u00a0\u00bb70px\u00a0\u00bb global_colors_info=\u00a0\u00bb{}\u00a0\u00bb][et_pb_text _builder_version=\u00a0\u00bb4.23.1&Prime; _module_preset=\u00a0\u00bb94303537-339d-484d-8204-fdaf972d663a\u00a0\u00bb header_font=\u00a0\u00bb||||||||\u00a0\u00bb header_3_font=\u00a0\u00bbAsap|700|||||||\u00a0\u00bb header_3_text_color=\u00a0\u00bb#21401c\u00a0\u00bb header_3_font_size=\u00a0\u00bb32px\u00a0\u00bb header_3_line_height=\u00a0\u00bb1.2em\u00a0\u00bb custom_margin=\u00a0\u00bb||10px||false|false\u00a0\u00bb header_3_font_size_tablet=\u00a0\u00bb20px\u00a0\u00bb header_3_font_size_phone=\u00a0\u00bb16px\u00a0\u00bb header_3_font_size_last_edited=\u00a0\u00bbon|desktop\u00a0\u00bb global_colors_info=\u00a0\u00bb{}\u00a0\u00bb]<\/p>\n<h2>LOCATION DE V\u00c9LOS<\/h2>\n<p>[\/et_pb_text][et_pb_text _builder_version=\u00a0\u00bb4.23.1&Prime; _module_preset=\u00a0\u00bbfb7962f2-1e22-419f-981e-f53e117901f9&Prime; text_font=\u00a0\u00bb||||||||\u00a0\u00bb text_text_color=\u00a0\u00bb#21401c\u00a0\u00bb text_font_size=\u00a0\u00bb16px\u00a0\u00bb text_line_height=\u00a0\u00bb1.8em\u00a0\u00bb link_text_color=\u00a0\u00bb#FFEDD3&Prime; text_font_size_tablet=\u00a0\u00bb15px\u00a0\u00bb text_font_size_phone=\u00a0\u00bb14px\u00a0\u00bb text_font_size_last_edited=\u00a0\u00bbon|desktop\u00a0\u00bb global_colors_info=\u00a0\u00bb{}\u00a0\u00bb]<\/p>\n<h4><strong>Les cheveux au vent \ud83d\ude09<\/strong><\/h4>\n<p>Vous n&rsquo;avez pas apport\u00e9 de v\u00e9lo ? Pas de souci, vous en louez chez :<\/p>\n<ul>\n<li><strong><a title=\"A. Janssens &amp; Zn fietsenverhuur Wagenberg\" href=\"https:\/\/www.janssenstweewielers.nl\/\" target=\"_blank\" rel=\"noopener noreferrer\"><span style=\"color: #689b2f;\">Janssens Tweewielers Wagenberg <\/span><\/a><\/strong>+31 765931331<br \/><em>les v\u00e9los peuvent vous \u00eatre livr\u00e9s au camping<\/em><\/li>\n<\/ul>\n<p>[\/et_pb_text][\/et_pb_column][\/et_pb_row][\/et_pb_section][et_pb_section fb_built=\u00a0\u00bb1&Prime; admin_label=\u00a0\u00bbCall to Action\u00a0\u00bb _builder_version=\u00a0\u00bb4.23.1&Prime; _module_preset=\u00a0\u00bbdefault\u00a0\u00bb background_color=\u00a0\u00bb#FF9900&Prime; background_image=\u00a0\u00bbhttps:\/\/groenecampingindepolder.nl\/wp-content\/uploads\/2023\/12\/Groene-Camping_in-de-polder_pauwvlinder.png\u00a0\u00bb background_size=\u00a0\u00bbcustom\u00a0\u00bb background_image_width=\u00a0\u00bb22%\u00a0\u00bb background_position=\u00a0\u00bbcenter_right\u00a0\u00bb background_horizontal_offset=\u00a0\u00bb-2%\u00a0\u00bb background_last_edited=\u00a0\u00bbon|phone\u00a0\u00bb background_size_tablet=\u00a0\u00bbcontain\u00a0\u00bb background_size_phone=\u00a0\u00bbcontain\u00a0\u00bb background_position_phone=\u00a0\u00bbbottom_left\u00a0\u00bb background_horizontal_offset_tablet=\u00a0\u00bb28%\u00a0\u00bb background_horizontal_offset_phone=\u00a0\u00bb74%\u00a0\u00bb background_vertical_offset_tablet=\u00a0\u00bb0%\u00a0\u00bb background_vertical_offset_phone=\u00a0\u00bb0%\u00a0\u00bb locked=\u00a0\u00bboff\u00a0\u00bb collapsed=\u00a0\u00bbon\u00a0\u00bb global_colors_info=\u00a0\u00bb{}\u00a0\u00bb][et_pb_row _builder_version=\u00a0\u00bb4.17.6&Prime; _module_preset=\u00a0\u00bbdefault\u00a0\u00bb max_width=\u00a0\u00bb860px\u00a0\u00bb global_colors_info=\u00a0\u00bb{}\u00a0\u00bb][et_pb_column type=\u00a0\u00bb4_4&Prime; _builder_version=\u00a0\u00bb4.17.6&Prime; _module_preset=\u00a0\u00bbdefault\u00a0\u00bb global_colors_info=\u00a0\u00bb{}\u00a0\u00bb][et_pb_text _builder_version=\u00a0\u00bb4.22.2&Prime; _module_preset=\u00a0\u00bbe6504a1b-67eb-4b3d-b023-bcab277610b6&Prime; header_4_font=\u00a0\u00bbManrope|700||on|||||\u00a0\u00bb header_4_text_color=\u00a0\u00bb#FFFFFF\u00a0\u00bb header_4_font_size=\u00a0\u00bb14px\u00a0\u00bb header_4_letter_spacing=\u00a0\u00bb1px\u00a0\u00bb header_4_line_height=\u00a0\u00bb1.4em\u00a0\u00bb text_orientation=\u00a0\u00bbcenter\u00a0\u00bb custom_margin=\u00a0\u00bb||0px||false|false\u00a0\u00bb global_colors_info=\u00a0\u00bb{}\u00a0\u00bb]<\/p>\n<h4>IL Y A TELLEMENT DE CHOSES \u00c0 FAIRE ICI<\/h4>\n<p>[\/et_pb_text][et_pb_text _builder_version=\u00a0\u00bb4.17.6&Prime; _module_preset=\u00a0\u00bbb327cbe4-b1d5-4b66-ad37-40c8f2f061ba\u00a0\u00bb header_2_font=\u00a0\u00bbManrope|700|||||||\u00a0\u00bb header_2_text_color=\u00a0\u00bb#FFFFFF\u00a0\u00bb header_2_font_size=\u00a0\u00bb48px\u00a0\u00bb header_2_line_height=\u00a0\u00bb1.2em\u00a0\u00bb text_orientation=\u00a0\u00bbcenter\u00a0\u00bb header_2_font_size_tablet=\u00a0\u00bb32px\u00a0\u00bb header_2_font_size_phone=\u00a0\u00bb20px\u00a0\u00bb header_2_font_size_last_edited=\u00a0\u00bbon|desktop\u00a0\u00bb global_colors_info=\u00a0\u00bb{}\u00a0\u00bb]<\/p>\n<h2>R\u00e9servez en ligne d\u00e8s aujourd&rsquo;hui et profitez d&rsquo;un s\u00e9jour de d\u00e9tente avec nous !<\/h2>\n<p>[\/et_pb_text][et_pb_button button_url=\u00a0\u00bb@ET-DC@eyJkeW5hbWljIjp0cnVlLCJjb250ZW50IjoicG9zdF9saW5rX3VybF9wYWdlIiwic2V0dGluZ3MiOnsicG9zdF9pZCI6IjIzNTQzNCIsImVuYWJsZV9odG1sIjoib2ZmIn19@\u00a0\u00bb button_text=\u00a0\u00bbR\u00c9SERVEZ D\u00c8S MAINTENANT\u00a0\u00bb button_alignment=\u00a0\u00bbcenter\u00a0\u00bb _builder_version=\u00a0\u00bb4.23.1&Prime; _dynamic_attributes=\u00a0\u00bbbutton_url\u00a0\u00bb _module_preset=\u00a0\u00bbf489fdc3-bf1e-40c7-852b-c42851d4acb9&Prime; custom_button=\u00a0\u00bbon\u00a0\u00bb button_text_size=\u00a0\u00bb14px\u00a0\u00bb button_text_color=\u00a0\u00bb#000000&Prime; button_bg_color=\u00a0\u00bb#FFFFFF\u00a0\u00bb button_border_width=\u00a0\u00bb0px\u00a0\u00bb button_border_radius=\u00a0\u00bb0px\u00a0\u00bb button_font=\u00a0\u00bbInter|700||on|||||\u00a0\u00bb custom_padding=\u00a0\u00bb16px|24px|16px|24px|true|true\u00a0\u00bb global_colors_info=\u00a0\u00bb{}\u00a0\u00bb][\/et_pb_button][\/et_pb_column][\/et_pb_row][\/et_pb_section]<\/p>\n","protected":false},"excerpt":{"rendered":"<p>Bon \u00e0 savoir&#8230;Une exp\u00e9rience de camping r\u00e9ussie d\u00e9pend toujours d&rsquo;une offre d&rsquo;\u00e9quipements utilitaires et d&rsquo;installations sanitaires de qualit\u00e9. Au Groene camping in de Polder, tout le monde a acc\u00e8s \u00e0 des douches modernes, spacieuses et bien chaudes. Nos \u00e9quipements et services rendent \u00e0 chacun possible de passer de merveilleux s\u00e9jours en camping ! Venez d\u00e9guster [&hellip;]<\/p>\n","protected":false},"author":1,"featured_media":0,"parent":0,"menu_order":0,"comment_status":"closed","ping_status":"closed","template":"","meta":{"_et_pb_use_builder":"on","_et_pb_old_content":"","_et_gb_content_width":"","_monsterinsights_skip_tracking":false,"_monsterinsights_sitenote_active":false,"_monsterinsights_sitenote_note":"","_monsterinsights_sitenote_category":0,"footnotes":""},"class_list":["post-236215","page","type-page","status-publish","hentry"],"_links":{"self":[{"href":"https:\/\/groenecampingindepolder.nl\/fr\/wp-json\/wp\/v2\/pages\/236215","targetHints":{"allow":["GET"]}}],"collection":[{"href":"https:\/\/groenecampingindepolder.nl\/fr\/wp-json\/wp\/v2\/pages"}],"about":[{"href":"https:\/\/groenecampingindepolder.nl\/fr\/wp-json\/wp\/v2\/types\/page"}],"author":[{"embeddable":true,"href":"https:\/\/groenecampingindepolder.nl\/fr\/wp-json\/wp\/v2\/users\/1"}],"replies":[{"embeddable":true,"href":"https:\/\/groenecampingindepolder.nl\/fr\/wp-json\/wp\/v2\/comments?post=236215"}],"version-history":[{"count":84,"href":"https:\/\/groenecampingindepolder.nl\/fr\/wp-json\/wp\/v2\/pages\/236215\/revisions"}],"predecessor-version":[{"id":237641,"href":"https:\/\/groenecampingindepolder.nl\/fr\/wp-json\/wp\/v2\/pages\/236215\/revisions\/237641"}],"wp:attachment":[{"href":"https:\/\/groenecampingindepolder.nl\/fr\/wp-json\/wp\/v2\/media?parent=236215"}],"curies":[{"name":"wp","href":"https:\/\/api.w.org\/{rel}","templated":true}]}}