{"id":236089,"date":"2023-09-21T14:45:20","date_gmt":"2023-09-21T14:45:20","guid":{"rendered":"https:\/\/groenecampingindepolder.nl\/hazlo\/"},"modified":"2026-02-11T12:39:12","modified_gmt":"2026-02-11T12:39:12","slug":"hazlo","status":"publish","type":"page","link":"https:\/\/groenecampingindepolder.nl\/es\/hazlo\/","title":{"rendered":"\u00a1Hazlo!"},"content":{"rendered":"<p>[et_pb_section fb_built=\u00bb1&#8243; admin_label=\u00bbHeader\u00bb _builder_version=\u00bb4.27.4&#8243; _module_preset=\u00bbdefault\u00bb background_enable_color=\u00bboff\u00bb use_background_color_gradient=\u00bbon\u00bb background_color_gradient_direction=\u00bb90deg\u00bb background_color_gradient_stops=\u00bbrgba(33,64,28,0) 75%|#689b2f 75%\u00bb background_color_gradient_overlays_image=\u00bbon\u00bb background_color_gradient_start=\u00bb#21401c\u00bb background_color_gradient_start_position=\u00bb64%\u00bb background_color_gradient_end=\u00bbrgba(33,64,28,0)\u00bb background_color_gradient_end_position=\u00bb64%\u00bb background_image=\u00bbhttps:\/\/groenecampingindepolder.nl\/wp-content\/uploads\/2025\/01\/Groene-Camping-in-de-Polder-Prachtige-kanotochten-Biesbosch-uitg-1.jpg\u00bb background_position=\u00bbtop_right\u00bb background_horizontal_offset=\u00bb0%\u00bb background_vertical_offset=\u00bb65%\u00bb background_repeat=\u00bbrepeat\u00bb background_blend=\u00bbmultiply\u00bb background_enable_video_mp4=\u00bboff\u00bb overflow-y=\u00bbhidden\u00bb custom_margin=\u00bb||||false|false\u00bb custom_padding=\u00bb||100px||false|false\u00bb background_last_edited=\u00bbon|desktop\u00bb use_background_color_gradient_tablet=\u00bbon\u00bb use_background_color_gradient_phone=\u00bbon\u00bb background_color_gradient_stops_tablet=\u00bb#21401c 26%|rgba(33,64,28,0) 26%\u00bb background_color_gradient_stops_phone=\u00bb#21401c 26%|rgba(255,255,255,0) 26%\u00bb background_color_gradient_start_position_tablet=\u00bb88%\u00bb background_color_gradient_end_position_tablet=\u00bb88%\u00bb background_size_tablet=\u00bbinitial\u00bb background_position_tablet=\u00bbcenter\u00bb background_horizontal_offset_tablet=\u00bb88%\u00bb background_vertical_offset_tablet=\u00bb64%\u00bb locked=\u00bboff\u00bb global_colors_info=\u00bb{}\u00bb][et_pb_row column_structure=\u00bb3_5,2_5&#8243; _builder_version=\u00bb4.22.1&#8243; _module_preset=\u00bbdefault\u00bb background_color=\u00bbRGBA(255,255,255,0)\u00bb collapsed=\u00bboff\u00bb global_colors_info=\u00bb{}\u00bb][et_pb_column type=\u00bb3_5&#8243; _builder_version=\u00bb4.22.1&#8243; _module_preset=\u00bbdefault\u00bb background_enable_color=\u00bboff\u00bb custom_padding=\u00bb80px||||false|false\u00bb custom_padding_tablet=\u00bb0px||||false|false\u00bb custom_padding_phone=\u00bb\u00bb custom_padding_last_edited=\u00bbon|tablet\u00bb global_colors_info=\u00bb{}\u00bb][et_pb_heading title=\u00bb\u00a1HACER!\u00bb _builder_version=\u00bb4.22.1&#8243; _module_preset=\u00bbdefault\u00bb title_font=\u00bbMontserrat|800|||||||\u00bb title_text_color=\u00bb#689B2F\u00bb title_font_size=\u00bb64px\u00bb global_colors_info=\u00bb{}\u00bb][\/et_pb_heading][et_pb_text _builder_version=\u00bb4.22.1&#8243; _module_preset=\u00bbdefault\u00bb header_3_text_color=\u00bb#FFFFFF\u00bb global_colors_info=\u00bb{}\u00bb]<\/p>\n<h3>Enlaces para excursiones divertidas durante su estancia<\/h3>\n<p>[\/et_pb_text][\/et_pb_column][et_pb_column type=\u00bb2_5&#8243; _builder_version=\u00bb4.16&#8243; _module_preset=\u00bbdefault\u00bb global_colors_info=\u00bb{}\u00bb][et_pb_blurb title=\u00bbEn bicicleta\u00bb url=\u00bb#en-bicicleta\u00bb image=\u00bbhttps:\/\/groenecampingindepolder.nl\/wp-content\/uploads\/2023\/09\/Icoon-fiets.png\u00bb _builder_version=\u00bb4.24.0&#8243; _module_preset=\u00bb225d0675-a2b0-4307-9039-8cffccd1968a\u00bb header_level=\u00bbh2&#8243; header_font=\u00bbMontserrat|700|||||||\u00bb header_text_color=\u00bb#FFFFFF\u00bb header_line_height=\u00bb1.6em\u00bb body_font=\u00bbMontserrat|700|||||||\u00bb body_text_color=\u00bb#FFFFFF\u00bb body_line_height=\u00bb1.6em\u00bb background_color=\u00bbgcid-23355a13-ad42-4a8b-9df2-abdbc6068b16&#8243; text_orientation=\u00bbcenter\u00bb width_tablet=\u00bb50%\u00bb width_phone=\u00bb50%\u00bb width_last_edited=\u00bbon|phone\u00bb custom_padding=\u00bb30px|20px|30px|20px|true|true\u00bb animation=\u00bboff\u00bb header_font_size_tablet=\u00bb16px\u00bb header_font_size_phone=\u00bb14px\u00bb header_font_size_last_edited=\u00bbon|phone\u00bb body_font_size_tablet=\u00bb15px\u00bb body_font_size_phone=\u00bb14px\u00bb body_font_size_last_edited=\u00bboff|desktop\u00bb border_radii=\u00bbon|20px|20px|20px|20px\u00bb box_shadow_style=\u00bbpreset2&#8243; box_shadow_horizontal=\u00bb0px\u00bb box_shadow_vertical=\u00bb25px\u00bb box_shadow_blur=\u00bb70px\u00bb locked=\u00bboff\u00bb global_colors_info=\u00bb{%22gcid-23355a13-ad42-4a8b-9df2-abdbc6068b16%22:%91%22background_color%22%93}\u00bb][\/et_pb_blurb][et_pb_blurb title=\u00bbEn Biesbosch y alrededores\u00bb url=\u00bb#en-el-biesbosch\u00bb image=\u00bbhttps:\/\/groenecampingindepolder.nl\/wp-content\/uploads\/2023\/09\/Icoon-kano.png\u00bb _builder_version=\u00bb4.24.0&#8243; _module_preset=\u00bb225d0675-a2b0-4307-9039-8cffccd1968a\u00bb header_level=\u00bbh2&#8243; header_font=\u00bbMontserrat|700|||||||\u00bb header_text_color=\u00bb#FFFFFF\u00bb header_font_size=\u00bb26px\u00bb header_line_height=\u00bb1.6em\u00bb body_font=\u00bbMontserrat|700|||||||\u00bb body_text_color=\u00bb#FFFFFF\u00bb body_line_height=\u00bb1.6em\u00bb background_color=\u00bb#689B2F\u00bb text_orientation=\u00bbcenter\u00bb width_tablet=\u00bb50%\u00bb width_phone=\u00bb50%\u00bb width_last_edited=\u00bbon|phone\u00bb custom_padding=\u00bb30px|20px|30px|20px|true|true\u00bb animation=\u00bboff\u00bb header_font_size_tablet=\u00bb14px\u00bb header_font_size_phone=\u00bb14px\u00bb header_font_size_last_edited=\u00bbon|desktop\u00bb border_radii=\u00bbon|20px|20px|20px|20px\u00bb border_color_all_image=\u00bbRGBA(255,255,255,0)\u00bb box_shadow_style=\u00bbpreset2&#8243; box_shadow_horizontal=\u00bb0px\u00bb box_shadow_vertical=\u00bb25px\u00bb box_shadow_blur=\u00bb70px\u00bb locked=\u00bboff\u00bb global_colors_info=\u00bb{}\u00bb][\/et_pb_blurb][\/et_pb_column][\/et_pb_row][\/et_pb_section][et_pb_section fb_built=\u00bb1&#8243; admin_label=\u00bbProducts\u00bb module_id=\u00bben-el-biesbosch\u00bb _builder_version=\u00bb4.24.0&#8243; _module_preset=\u00bbdefault\u00bb background_color=\u00bb#689B2F\u00bb background_image=\u00bbhttps:\/\/groenecampingindepolder.nl\/wp-content\/uploads\/2023\/10\/Groene_camping_in_de_polder_biesboschmuseum.jpg\u00bb background_position=\u00bbbottom_center\u00bb custom_margin=\u00bb||-3px|||\u00bb locked=\u00bboff\u00bb global_colors_info=\u00bb{}\u00bb][et_pb_row column_structure=\u00bb1_2,1_2&#8243; make_equal=\u00bbon\u00bb _builder_version=\u00bb4.24.0&#8243; _module_preset=\u00bbdefault\u00bb z_index=\u00bb9&#8243; width=\u00bb90%\u00bb min_height=\u00bb250px\u00bb custom_margin=\u00bb-120px||||false|false\u00bb custom_padding=\u00bb0px||||false|false\u00bb locked=\u00bboff\u00bb global_colors_info=\u00bb{}\u00bb][et_pb_column type=\u00bb1_2&#8243; _builder_version=\u00bb4.22.2&#8243; _module_preset=\u00bbdefault\u00bb background_color=\u00bb#FFFFFF\u00bb background_image=\u00bbhttps:\/\/groenecampingindepolder.nl\/wp-content\/uploads\/2023\/09\/Groene_Camping_in_de_polder_Doen_in-de-Biesbosch.jpg\u00bb background_position=\u00bbcenter_left\u00bb background_horizontal_offset=\u00bb25%\u00bb custom_padding=\u00bb40px|30px|40px|30px|true|true\u00bb link_option_url=\u00bb#\u00bb background_last_edited=\u00bbon|phone\u00bb border_radii=\u00bbon|20px|20px|20px|20px\u00bb box_shadow_style=\u00bbpreset2&#8243; box_shadow_horizontal=\u00bb0px\u00bb box_shadow_vertical=\u00bb25px\u00bb box_shadow_blur=\u00bb70px\u00bb global_colors_info=\u00bb{}\u00bb][et_pb_divider show_divider=\u00bboff\u00bb _builder_version=\u00bb4.22.2&#8243; _module_preset=\u00bbdefault\u00bb custom_padding=\u00bb||175px|||\u00bb global_colors_info=\u00bb{}\u00bb][\/et_pb_divider][\/et_pb_column][et_pb_column type=\u00bb1_2&#8243; module_id=\u00bbga-naar-biesbosch\u00bb _builder_version=\u00bb4.22.1&#8243; _module_preset=\u00bbdefault\u00bb background_color=\u00bb#FFFFFF\u00bb custom_padding=\u00bb40px|30px|40px|30px|true|true\u00bb link_option_url=\u00bb#\u00bb border_radii=\u00bbon|20px|20px|20px|20px\u00bb box_shadow_style=\u00bbpreset2&#8243; box_shadow_horizontal=\u00bb0px\u00bb box_shadow_vertical=\u00bb25px\u00bb box_shadow_blur=\u00bb70px\u00bb global_colors_info=\u00bb{}\u00bb][et_pb_text _builder_version=\u00bb4.22.1&#8243; _module_preset=\u00bbdefault\u00bb global_colors_info=\u00bb{}\u00bb]<\/p>\n<h3>PARQUE NACIONAL DE BIESBOSCH<\/h3>\n<p><strong>El Biesbosch es una reserva natural \u00fanica. Los numerosos arroyos, la naturaleza virgen y la rica historia del lugar le causar\u00e1n una impresi\u00f3n inolvidable.  <\/strong><\/p>\n<p><strong><\/strong><\/p>\n<ul>\n<li><a title=\"Ir de Lage Zwaluwe con 't Leeuweveerke\" href=\"https:\/\/www.leeuweveerke.nl\/\" target=\"_blank\" rel=\"noopener noreferrer\">Ir de Lage Zwaluwe (en bicicleta) con &#8216;t Leeuweveerke al Biesbosch<\/a><\/li>\n<li><a title=\"Parque Nacional de Biesbosch\" href=\"https:\/\/np-debiesbosch.nl\/\" target=\"_blank\" rel=\"noopener noreferrer\">Parque Nacional de Biesbosch<\/a><\/li>\n<li><a href=\"https:\/\/beleefdebiesbosch.nl\/\" target=\"_blank\" rel=\"noopener noreferrer\">Descubra Biesbosch<\/a><\/li>\n<li><a href=\"https:\/\/biesboschmuseumeiland.nl\/\" target=\"_blank\" rel=\"noopener noreferrer\">Museo de Biesbosch<\/a><\/li>\n<li><a href=\"https:\/\/www.staatsbosbeheer.nl\/biesbosch\" target=\"_blank\" rel=\"noopener noreferrer\">Staatsbosbeheer Biesbosch<\/a><\/li>\n<li><a href=\"https:\/\/izi.travel\/nl\/63d6-voortuin-van-de-biesbosch\" target=\"_blank\" rel=\"noopener noreferrer\">Drimmelen, jard\u00edn delantero del Biesbosch<\/a><\/li>\n<li><a href=\"https:\/\/www.biesbosch.tips\/\" target=\"_blank\" rel=\"noopener noreferrer\">Eventos en Biesbosch<\/a><\/li>\n<li><a href=\"https:\/\/natuurpoorten.nl\/natuurpoort\/de-biesbosch-docks-vissershang\/\">Puerta de la Naturaleza<\/a><\/li>\n<\/ul>\n<p>[\/et_pb_text][\/et_pb_column][\/et_pb_row][\/et_pb_section][et_pb_section fb_built=\u00bb1&#8243; admin_label=\u00bbProducts\u00bb module_id=\u00bben-el-agua\u00bb _builder_version=\u00bb4.24.0&#8243; _module_preset=\u00bbdefault\u00bb background_color=\u00bbRGBA(255,255,255,0)\u00bb background_size=\u00bbcontain\u00bb background_position=\u00bbbottom_right\u00bb background_video_mp4=\u00bbhttps:\/\/groenecampingindepolder.nl\/wp-content\/uploads\/2023\/10\/Groene_Camping_in_de_polder_view_biesbosch.mp4&#8243; custom_margin=\u00bb||-3px|||\u00bb locked=\u00bboff\u00bb global_colors_info=\u00bb{}\u00bb][et_pb_row column_structure=\u00bb1_3,2_3&#8243; make_equal=\u00bbon\u00bb _builder_version=\u00bb4.22.2&#8243; _module_preset=\u00bbdefault\u00bb z_index=\u00bb9&#8243; width=\u00bb90%\u00bb min_height=\u00bb400px\u00bb custom_margin=\u00bb20px||||false|false\u00bb custom_padding=\u00bb4px||||false|false\u00bb locked=\u00bboff\u00bb global_colors_info=\u00bb{}\u00bb][et_pb_column type=\u00bb1_3&#8243; _builder_version=\u00bb4.22.2&#8243; _module_preset=\u00bbdefault\u00bb background_color=\u00bb#FFFFFF\u00bb background_image=\u00bbhttps:\/\/groenecampingindepolder.nl\/wp-content\/uploads\/2023\/09\/Groene-Camping-in-de-polder-Leeuweveerke.jpg\u00bb background_position=\u00bbcenter_left\u00bb background_horizontal_offset=\u00bb42%\u00bb custom_padding=\u00bb40px|30px|40px|30px|true|true\u00bb link_option_url=\u00bb#\u00bb border_radii=\u00bbon|20px|20px|20px|20px\u00bb box_shadow_style=\u00bbpreset2&#8243; box_shadow_horizontal=\u00bb0px\u00bb box_shadow_vertical=\u00bb25px\u00bb box_shadow_blur=\u00bb70px\u00bb global_colors_info=\u00bb{}\u00bb][et_pb_divider show_divider=\u00bboff\u00bb _builder_version=\u00bb4.22.2&#8243; _module_preset=\u00bbdefault\u00bb custom_padding=\u00bb||175px|||\u00bb global_colors_info=\u00bb{}\u00bb][\/et_pb_divider][\/et_pb_column][et_pb_column type=\u00bb2_3&#8243; _builder_version=\u00bb4.16&#8243; _module_preset=\u00bbdefault\u00bb background_color=\u00bb#FFFFFF\u00bb custom_padding=\u00bb40px|30px|40px|30px|true|true\u00bb link_option_url=\u00bb#\u00bb border_radii=\u00bbon|20px|20px|20px|20px\u00bb box_shadow_style=\u00bbpreset2&#8243; box_shadow_horizontal=\u00bb0px\u00bb box_shadow_vertical=\u00bb25px\u00bb box_shadow_blur=\u00bb70px\u00bb global_colors_info=\u00bb{}\u00bb][et_pb_text _builder_version=\u00bb4.22.2&#8243; _module_preset=\u00bbdefault\u00bb global_colors_info=\u00bb{}\u00bb]<\/p>\n<h3>EN EL AGUA<\/h3>\n<h3><\/h3>\n<h3>VIAJES DE IDA Y VUELTA POR EL BIESBOSCH<\/h3>\n<ul>\n<li><a href=\"https:\/\/www.zilvermeeuw.nl\/\" target=\"_blank\" rel=\"noopener noreferrer\">Zilvermeeuw<\/a><span> <\/span>sale de Drimmelen y Lage Zwaluwe<\/li>\n<li><a href=\"http:\/\/www.fluistertours.nl\/\" target=\"_blank\" rel=\"noopener noreferrer\">Fluistertours<\/a><span> <\/span>sale de Lage Zwaluwe, Werkendam y Hank<\/li>\n<li><a href=\"https:\/\/biesboschbeleven.nl\/tochten\/rondvaarten\/bevertochten\" target=\"_blank\" rel=\"noopener noreferrer\">Viaje de castor<\/a><span> <\/span>en barco susurro de Hank<\/li>\n<li><a href=\"https:\/\/www.poortnaardebiesbosch.nl\/veerpont\" target=\"_blank\" rel=\"noopener noreferrer\">Ferry a Biesbosch<\/a>: en bicicleta y a pie desde Lage Zwaluwe<\/li>\n<\/ul>\n<h3>ALQUILER DE EMBARCACIONES<\/h3>\n<ul>\n<li><a href=\"https:\/\/sloepverhuurbb.nl\/\">Alquiler de balandro<\/a><span> <\/span>Lage Zwaluwe<\/li>\n<li>Alquiler de balandros el\u00e9ctricos<span> <\/span><a href=\"https:\/\/www.bootjegezond.com\/\" target=\"_blank\" rel=\"noopener noreferrer\">Boat Healthy<\/a><\/li>\n<li>Drimmelen Barcos de Cabina y Remo, Kayaks<span> <\/span><a href=\"https:\/\/diepstraten-botenverhuur.nl\/\" target=\"_blank\" rel=\"noopener noreferrer\">Diepstraten Alquiler de Barcos<\/a><\/li>\n<li>Alquiler de balandros y barcos de pesca<span> <\/span><a href=\"http:\/\/www.drima.nl\/\" target=\"_blank\" rel=\"noopener noreferrer\">Drima<\/a><\/li>\n<li>Invitados en yate a motor<span> <\/span><a href=\"https:\/\/www.lepecheur.nl\/\">Le Pecheur<\/a><span> <\/span>m\u00e1x. 10 personas, tambi\u00e9n paseos en castor<\/li>\n<\/ul>\n<p>[\/et_pb_text][\/et_pb_column][\/et_pb_row][\/et_pb_section][et_pb_section fb_built=\u00bb1&#8243; admin_label=\u00bbProducts\u00bb module_id=\u00bben-bicicleta\u00bb _builder_version=\u00bb4.24.0&#8243; _module_preset=\u00bbdefault\u00bb background_color=\u00bb#FF9900&#8243; background_size=\u00bbcontain\u00bb background_position=\u00bbbottom_right\u00bb custom_margin=\u00bb||-3px|||\u00bb locked=\u00bboff\u00bb global_colors_info=\u00bb{}\u00bb][et_pb_row column_structure=\u00bb1_2,1_2&#8243; make_equal=\u00bbon\u00bb module_id=\u00bbga-naar-op-de-fiets\u00bb _builder_version=\u00bb4.22.1&#8243; _module_preset=\u00bbdefault\u00bb z_index=\u00bb9&#8243; width=\u00bb90%\u00bb min_height=\u00bb250px\u00bb custom_margin=\u00bb20px||||false|false\u00bb custom_padding=\u00bb0px||||false|false\u00bb locked=\u00bboff\u00bb global_colors_info=\u00bb{}\u00bb][et_pb_column type=\u00bb1_2&#8243; _builder_version=\u00bb4.22.1&#8243; _module_preset=\u00bbdefault\u00bb background_color=\u00bb#FFFFFF\u00bb background_image=\u00bbhttps:\/\/groenecampingindepolder.nl\/wp-content\/uploads\/2023\/09\/Groene-camping-In-de-Polder_fietsen-1030&#215;773.jpg\u00bb background_position=\u00bbcenter_left\u00bb background_horizontal_offset=\u00bb0%\u00bb custom_padding=\u00bb40px|30px|40px|30px|true|true\u00bb link_option_url=\u00bb#\u00bb border_radii=\u00bbon|20px|20px|20px|20px\u00bb box_shadow_style=\u00bbpreset2&#8243; box_shadow_horizontal=\u00bb0px\u00bb box_shadow_vertical=\u00bb25px\u00bb box_shadow_blur=\u00bb70px\u00bb global_colors_info=\u00bb{}\u00bb][et_pb_divider show_divider=\u00bboff\u00bb _builder_version=\u00bb4.22.2&#8243; _module_preset=\u00bbdefault\u00bb custom_padding=\u00bb||175px|||\u00bb global_colors_info=\u00bb{}\u00bb][\/et_pb_divider][\/et_pb_column][et_pb_column type=\u00bb1_2&#8243; _builder_version=\u00bb4.16&#8243; _module_preset=\u00bbdefault\u00bb background_color=\u00bb#FFFFFF\u00bb custom_padding=\u00bb40px|30px|40px|30px|true|true\u00bb link_option_url=\u00bb#\u00bb border_radii=\u00bbon|20px|20px|20px|20px\u00bb box_shadow_style=\u00bbpreset2&#8243; box_shadow_horizontal=\u00bb0px\u00bb box_shadow_vertical=\u00bb25px\u00bb box_shadow_blur=\u00bb70px\u00bb global_colors_info=\u00bb{}\u00bb][et_pb_text _builder_version=\u00bb4.23.1&#8243; _module_preset=\u00bbdefault\u00bb global_colors_info=\u00bb{}\u00bb]<\/p>\n<h3>EN BICI<\/h3>\n<ul>\n<li><a href=\"https:\/\/www.poortnaardebiesbosch.nl\/veerpont\" target=\"_blank\" rel=\"noopener noreferrer\" style=\"font-size: 18px;\">Ferry al Biesbosch<\/a><span style=\"font-size: 18px;\">El transbordador a pie de bicicleta, &#8216;t Leeuweveerke, \u00a1el camino m\u00e1s corto al Biesbosch!<\/span><\/li>\n<\/ul>\n<h3>RED DE RUTAS CICLISTAS<\/h3>\n<ul>\n<li><a href=\"https:\/\/www.visitbrabant.com\/nl\/routes\/fietsen\" target=\"_blank\" rel=\"noopener noreferrer\">Planifique su ruta con Cycle Route Network.<\/a> No 58 en la ruta de uni\u00f3n indica nuestra ubicaci\u00f3n.<\/li>\n<li><a href=\"https:\/\/www.route.nl\/\" target=\"_blank\" rel=\"noopener noreferrer\">Elija una ruta a pie o en bicicleta y comience en los alrededores de Lage Zwaluwe<\/a> El n\u00famero 58 de la ruta de enlace indica nuestra ubicaci\u00f3n.<\/li>\n<li><a href=\"https:\/\/www.anwb.nl\/landvananwb\/top-lage-zwaluwe\" target=\"_blank\" rel=\"noopener noreferrer\">www.anwb.nl\/landvananwb\/top-lage-zwaluwe<\/a> Planifique su ruta de ciclismo y senderismo a trav\u00e9s del mapa de cruces ANWB, comenzando en TOP Lage Zwaluwe.<\/li>\n<\/ul>\n<div class=\"themeum-title \">\n<h3>ALQUILER DE BICICLETAS<\/h3>\n<ul>\n<li><a title=\"A. Janssens &amp; Zn alquiler de bicicletas Wagenberg\" href=\"https:\/\/www.janssenstweewielers.nl\/\" target=\"_blank\" rel=\"noopener noreferrer\">Janssens Tweewielers Wagenberg<\/a><br \/><em>se pueden entregar bicicletas en el camping<\/em><\/li>\n<li><a href=\"https:\/\/www.bijonslagezwaluwe.nl\/verhuur\/\">BijOns Lage Zwaluwe<\/a> <em>(bicicletas el\u00e9ctricas)<\/em><\/li>\n<\/ul>\n<\/div>\n<p>[\/et_pb_text][\/et_pb_column][\/et_pb_row][\/et_pb_section][et_pb_section fb_built=\u00bb1&#8243; admin_label=\u00bbProducts\u00bb _builder_version=\u00bb4.27.4&#8243; _module_preset=\u00bbdefault\u00bb background_color=\u00bbRGBA(255,255,255,0)\u00bb background_image=\u00bbhttps:\/\/groenecampingindepolder.nl\/wp-content\/uploads\/2025\/01\/Groene-Camping-in-de-Polder-Prachtige-Wandeling-in-de-vroege-ochtend.jpg\u00bb custom_margin=\u00bb||-3px|||\u00bb background_last_edited=\u00bbon|phone\u00bb background_horizontal_offset_tablet=\u00bb24%\u00bb background_horizontal_offset_phone=\u00bb43%\u00bb locked=\u00bboff\u00bb global_colors_info=\u00bb{}\u00bb][et_pb_row column_structure=\u00bb1_2,1_2&#8243; make_equal=\u00bbon\u00bb module_id=\u00bbga-naar-op-de-fiets\u00bb _builder_version=\u00bb4.27.4&#8243; _module_preset=\u00bbdefault\u00bb z_index=\u00bb9&#8243; width=\u00bb90%\u00bb min_height=\u00bb250px\u00bb custom_margin=\u00bb20px||||false|false\u00bb custom_padding=\u00bb0px||||false|false\u00bb background_last_edited=\u00bbon|phone\u00bb background_position_phone=\u00bbbottom_left\u00bb locked=\u00bboff\u00bb global_colors_info=\u00bb{}\u00bb][et_pb_column type=\u00bb1_2&#8243; _builder_version=\u00bb4.16&#8243; _module_preset=\u00bbdefault\u00bb background_color=\u00bb#FFFFFF\u00bb custom_padding=\u00bb40px|30px|40px|30px|true|true\u00bb link_option_url=\u00bb#\u00bb border_radii=\u00bbon|20px|20px|20px|20px\u00bb box_shadow_style=\u00bbpreset2&#8243; box_shadow_horizontal=\u00bb0px\u00bb box_shadow_vertical=\u00bb25px\u00bb box_shadow_blur=\u00bb70px\u00bb global_colors_info=\u00bb{}\u00bb][et_pb_text _builder_version=\u00bb4.27.4&#8243; _module_preset=\u00bbdefault\u00bb global_colors_info=\u00bb{}\u00bb]<\/p>\n<h3>CAMINATAS<\/h3>\n<p>Caminar por Lage Zwaluwe es ideal para los amantes de la naturaleza. Los bellos paisajes, los vastos p\u00f3lderes y sus diques ofrecen una experiencia serena y tranquilizadora. Podr\u00e1s disfrutar del aire fresco mientras paseas por las orillas del r\u00edo Amer, donde a menudo podr\u00e1s avistar diferentes especies de aves.<\/p>\n<p>El cercano Biesbosch, ofrece una oportunidad \u00fanica para pasear por un laberinto de arroyos y bosques de sauces. Es un lugar perfecto para escapar del bullicio y disfrutar de la paz y la belleza de la naturaleza.<\/p>\n<p>[\/et_pb_text][\/et_pb_column][et_pb_column type=\u00bb1_2&#8243; _builder_version=\u00bb4.27.4&#8243; _module_preset=\u00bbdefault\u00bb background_color=\u00bb#FFFFFF\u00bb background_image=\u00bbhttps:\/\/groenecampingindepolder.nl\/wp-content\/uploads\/2025\/01\/Groene-Camping-in-de-Polder-Prachtige-Wandelingen-scaled.jpg\u00bb custom_padding=\u00bb40px|30px|40px|30px|true|true\u00bb link_option_url=\u00bb#\u00bb border_radii=\u00bbon|20px|20px|20px|20px\u00bb box_shadow_style=\u00bbpreset2&#8243; box_shadow_horizontal=\u00bb0px\u00bb box_shadow_vertical=\u00bb25px\u00bb box_shadow_blur=\u00bb70px\u00bb global_colors_info=\u00bb{}\u00bb][et_pb_divider show_divider=\u00bboff\u00bb _builder_version=\u00bb4.27.4&#8243; _module_preset=\u00bbdefault\u00bb custom_padding=\u00bb||175px|||\u00bb global_colors_info=\u00bb{}\u00bb][\/et_pb_divider][et_pb_button button_url=\u00bbhttps:\/\/groenecampingindepolder.nl\/wp-content\/uploads\/2025\/01\/GCIDP-Wandelroute-Rondje-Put-Beverpad.pdf\u00bb url_new_window=\u00bbon\u00bb button_text=\u00bbAqu\u00ed puede descargar una muestra de las rutas de senderismo disponibles en recepci\u00f3n\u00bb button_alignment=\u00bbcenter\u00bb _builder_version=\u00bb4.27.4&#8243; _module_preset=\u00bbdefault\u00bb custom_button=\u00bbon\u00bb button_bg_color=\u00bb#FFFFFF\u00bb global_colors_info=\u00bb{}\u00bb][\/et_pb_button][\/et_pb_column][\/et_pb_row][\/et_pb_section][et_pb_section fb_built=\u00bb1&#8243; admin_label=\u00bbProducts\u00bb module_id=\u00bbcomida-y-bebida\u00bb _builder_version=\u00bb4.24.0&#8243; _module_preset=\u00bbdefault\u00bb background_color=\u00bb#F3EFEC\u00bb background_image=\u00bbhttps:\/\/groenecampingindepolder.nl\/wp-content\/uploads\/2023\/10\/Groene-Camping_in-de-Polder.jpg\u00bb background_position=\u00bbtop_right\u00bb background_horizontal_offset=\u00bb0%\u00bb background_vertical_offset=\u00bb29%\u00bb custom_margin=\u00bb||-3px|||\u00bb locked=\u00bboff\u00bb global_colors_info=\u00bb{}\u00bb][et_pb_row column_structure=\u00bb1_3,2_3&#8243; make_equal=\u00bbon\u00bb _builder_version=\u00bb4.22.2&#8243; _module_preset=\u00bbdefault\u00bb z_index=\u00bb9&#8243; width=\u00bb90%\u00bb min_height=\u00bb250px\u00bb custom_margin=\u00bb20px||||false|false\u00bb custom_padding=\u00bb0px||||false|false\u00bb locked=\u00bboff\u00bb global_colors_info=\u00bb{}\u00bb][et_pb_column type=\u00bb1_3&#8243; _builder_version=\u00bb4.22.2&#8243; _module_preset=\u00bbdefault\u00bb background_color=\u00bb#FFFFFF\u00bb background_image=\u00bbhttps:\/\/groenecampingindepolder.nl\/wp-content\/uploads\/2023\/10\/Groene_camping_in_de_polder_te_doen_uit-eten.jpg\u00bb background_position=\u00bbcenter_right\u00bb background_horizontal_offset=\u00bb82%\u00bb custom_padding=\u00bb40px|30px|40px|30px|true|true\u00bb link_option_url=\u00bb#\u00bb border_radii=\u00bbon|20px|20px|20px|20px\u00bb box_shadow_style=\u00bbpreset2&#8243; box_shadow_horizontal=\u00bb0px\u00bb box_shadow_vertical=\u00bb25px\u00bb box_shadow_blur=\u00bb70px\u00bb global_colors_info=\u00bb{}\u00bb][et_pb_divider show_divider=\u00bboff\u00bb _builder_version=\u00bb4.22.2&#8243; _module_preset=\u00bbdefault\u00bb custom_padding=\u00bb||175px|||\u00bb global_colors_info=\u00bb{}\u00bb][\/et_pb_divider][\/et_pb_column][et_pb_column type=\u00bb2_3&#8243; _builder_version=\u00bb4.16&#8243; _module_preset=\u00bbdefault\u00bb background_color=\u00bb#FFFFFF\u00bb custom_padding=\u00bb40px|30px|40px|30px|true|true\u00bb link_option_url=\u00bb#\u00bb border_radii=\u00bbon|20px|20px|20px|20px\u00bb box_shadow_style=\u00bbpreset2&#8243; box_shadow_horizontal=\u00bb0px\u00bb box_shadow_vertical=\u00bb25px\u00bb box_shadow_blur=\u00bb70px\u00bb global_colors_info=\u00bb{}\u00bb][et_pb_text _builder_version=\u00bb4.22.1&#8243; _module_preset=\u00bbdefault\u00bb global_colors_info=\u00bb{}\u00bb]<\/p>\n<h3>COMIDA Y BEBIDA<\/h3>\n<p><strong>Lage Zwaluwe tiene su propio supermercado y cerca hay restaurantes divertidos e inusuales.<\/strong><\/p>\n<p><strong><\/strong><\/p>\n<ul>\n<li><a href=\"https:\/\/www.jumbo.com\/content\/jumbo-lage-zwaluwe-pastoor-van-hooijdonklaan\/\" target=\"_blank\" rel=\"noopener noreferrer\">Supermercado Jumbo en Lage Zwaluwe<\/a>\n<ul>\n<li>Horario de apertura: de lunes a s\u00e1bado, de 8.00 a 20.00 h.<\/li>\n<li>Domingo 10:00 &#8211; 18:00<\/li>\n<\/ul>\n<\/li>\n<li><a href=\"https:\/\/www.ah-made.nl\/\" target=\"_blank\" rel=\"noopener noreferrer\">Supermercado Albert Heijn en Made<\/a>\n<ul>\n<li>Lunes a domingo 07:00 &#8211; 22:00<\/li>\n<\/ul>\n<\/li>\n<li><a href=\"https:\/\/www.bijonslagezwaluwe.nl\/\">BijOns Lage Zwaluwe<\/a><\/li>\n<li><a href=\"https:\/\/www.poortnaardebiesbosch.nl\/lunchroom\">Biesla<\/a><span> <\/span>en Lage Zwaluwe<\/li>\n<li>Eatery<span> <\/span><a href=\"http:\/\/www.eetcafehierist.nl\/\">Aqu\u00ed est\u00e1 &#8216;t<\/a><span> <\/span>en Lage Zwaluwe<\/li>\n<li>Restaurante<span> <\/span><a href=\"https:\/\/www.restaurantonzekerk.nl\/\">Nuestra Iglesia<\/a><span> <\/span>en Hooge Zwaluwe<\/li>\n<li>Tienda de patatas fritas<span> <\/span><a href=\"http:\/\/www.restariadnbels.nl\/\">den Bels<\/a><span> <\/span>en Zevenbergschen Hoek<\/li>\n<li>Chip shop cafeter\u00eda<span> <\/span><a href=\"https:\/\/cafetariadezwaluw.nl\/\">De Zwaluw<\/a><span> <\/span>en Lage Zwaluwe<\/li>\n<li>Restaurante chino<span> <\/span><a href=\"https:\/\/www.nieuwoosten.nl\/\">New East<\/a><span> <\/span>en Lage Zwaluwe<\/li>\n<li>Pizzeria Shoarma<span> <\/span><a href=\"https:\/\/www.aspendosonline.nl\/\">Aspendos<\/a><span> <\/span>en Lage Zwaluwe<\/li>\n<li><a href=\"https:\/\/www.molendearend.nl\/\" target=\"_blank\" rel=\"noopener noreferrer\">Molino de Arend en Terheijden<\/a><\/li>\n<li><a href=\"https:\/\/kaasboerderijmade.nl\/\" target=\"_blank\" rel=\"noopener noreferrer\">Queser\u00eda &#8216;t Bosch en Made<\/a><\/li>\n<\/ul>\n<p>[\/et_pb_text][\/et_pb_column][\/et_pb_row][\/et_pb_section][et_pb_section fb_built=\u00bb1&#8243; admin_label=\u00bbProducts\u00bb module_id=\u00bbexcursiones\u00bb _builder_version=\u00bb4.24.0&#8243; _module_preset=\u00bbdefault\u00bb background_color=\u00bb#F3EFEC\u00bb background_image=\u00bbhttps:\/\/groenecampingindepolder.nl\/wp-content\/uploads\/2023\/10\/Groene_camping_in_de_polder_niet-ver-van-dordrecht.jpg\u00bb background_position=\u00bbbottom_right\u00bb custom_margin=\u00bb||-3px|||\u00bb locked=\u00bboff\u00bb global_colors_info=\u00bb{}\u00bb][et_pb_row column_structure=\u00bb1_2,1_2&#8243; make_equal=\u00bbon\u00bb _builder_version=\u00bb4.22.2&#8243; _module_preset=\u00bbdefault\u00bb z_index=\u00bb9&#8243; width=\u00bb90%\u00bb min_height=\u00bb250px\u00bb custom_margin=\u00bb20px||||false|false\u00bb custom_padding=\u00bb0px||||false|false\u00bb background_last_edited=\u00bbon|tablet\u00bb locked=\u00bboff\u00bb global_colors_info=\u00bb{}\u00bb][et_pb_column type=\u00bb1_2&#8243; _builder_version=\u00bb4.22.2&#8243; _module_preset=\u00bbdefault\u00bb background_color=\u00bb#FFFFFF\u00bb background_enable_image=\u00bboff\u00bb background_position=\u00bbcenter_left\u00bb background_horizontal_offset=\u00bb0%\u00bb custom_padding=\u00bb0px|0px|0px|0px|true|true\u00bb link_option_url=\u00bb#\u00bb background_last_edited=\u00bbon|phone\u00bb background_position_tablet=\u00bbbottom_center\u00bb background_vertical_offset_tablet=\u00bb62%\u00bb border_radii=\u00bbon|20px|20px|20px|20px\u00bb box_shadow_style=\u00bbpreset2&#8243; box_shadow_horizontal=\u00bb0px\u00bb box_shadow_vertical=\u00bb25px\u00bb box_shadow_blur=\u00bb70px\u00bb global_colors_info=\u00bb{}\u00bb][et_pb_image src=\u00bbhttps:\/\/groenecampingindepolder.nl\/wp-content\/uploads\/2023\/10\/Groene-Camping-in-de-polder_ligt_Centraal.png\u00bb title_text=\u00bbcamping_verde_en_los_p\u00f3lderes_Central\u00bb show_in_lightbox=\u00bbon\u00bb align=\u00bbcenter\u00bb force_fullwidth=\u00bbon\u00bb _builder_version=\u00bb4.22.2&#8243; _module_preset=\u00bbdefault\u00bb background_color=\u00bb#FFFFFF\u00bb global_colors_info=\u00bb{}\u00bb][\/et_pb_image][\/et_pb_column][et_pb_column type=\u00bb1_2&#8243; _builder_version=\u00bb4.16&#8243; _module_preset=\u00bbdefault\u00bb background_color=\u00bb#FFFFFF\u00bb custom_padding=\u00bb40px|30px|40px|30px|true|true\u00bb link_option_url=\u00bb#\u00bb border_radii=\u00bbon|20px|20px|20px|20px\u00bb box_shadow_style=\u00bbpreset2&#8243; box_shadow_horizontal=\u00bb0px\u00bb box_shadow_vertical=\u00bb25px\u00bb box_shadow_blur=\u00bb70px\u00bb global_colors_info=\u00bb{}\u00bb][et_pb_text _builder_version=\u00bb4.23.1&#8243; _module_preset=\u00bbdefault\u00bb global_colors_info=\u00bb{}\u00bb]<\/p>\n<h3>EXCURSIONES POR LOS ALREDEDORES<\/h3>\n<ul>\n<li>Nataci\u00f3n en<span> <\/span><a href=\"https:\/\/www.optisport.nl\/randoet\" target=\"_blank\" rel=\"noopener noreferrer\">Zwembad de Randoet<\/a><span> <\/span>(Made)<\/li>\n<li>Visita el parque familiar <a href=\"https:\/\/www.efteling.nl\/\" target=\"_blank\" rel=\"noopener\">Efteling<\/a><\/li>\n<li>Jugar en el para\u00edso del ocio<a href=\"http:\/\/www.de-belhamel.nl\/\" target=\"_blank\" rel=\"noopener noreferrer\"><span> <\/span>De Belhamel<\/a><\/li>\n<li>Paseos en coche de caballos por las reservas naturales de los alrededores de Zundert<span> <\/span><a href=\"http:\/\/www.karrentochten.nl\/\" target=\"_blank\" rel=\"noopener noreferrer\">karrentochten.nl<\/a><\/li>\n<\/ul>\n<h3>DISTRIBUCIONES<\/h3>\n<ul>\n<li>Dordrecht, 10 km<\/li>\n<li>Breda, a 15 km<\/li>\n<li>Willemstad, 16 km<\/li>\n<li>Rotterdam, 30 km<\/li>\n<li>Den Bosch, 45 km<\/li>\n<li>Amberes, 55 km<\/li>\n<li>\u00c1msterdam, 75 km<\/li>\n<li>La playa, entre 60 km y 85 km<\/li>\n<\/ul>\n<p>&nbsp;[\/et_pb_text][\/et_pb_column][\/et_pb_row][\/et_pb_section][et_pb_section fb_built=\u00bb1&#8243; admin_label=\u00bbCall to Action\u00bb _builder_version=\u00bb4.22.2&#8243; _module_preset=\u00bbdefault\u00bb background_color=\u00bb#FF9900&#8243; background_image=\u00bbhttps:\/\/groenecampingindepolder.nl\/wp-content\/uploads\/2023\/10\/Groene-Camping_in-de-polder_reserveren_buizerd.png\u00bb background_size=\u00bbcontain\u00bb background_position=\u00bbbottom_right\u00bb background_horizontal_offset=\u00bb16%\u00bb background_vertical_offset=\u00bb0%\u00bb background_last_edited=\u00bbon|phone\u00bb background_size_tablet=\u00bbcover\u00bb background_size_phone=\u00bbcover\u00bb background_position_phone=\u00bbbottom_left\u00bb background_horizontal_offset_tablet=\u00bb54%\u00bb background_horizontal_offset_phone=\u00bb74%\u00bb background_vertical_offset_tablet=\u00bb0%\u00bb background_vertical_offset_phone=\u00bb0%\u00bb locked=\u00bboff\u00bb collapsed=\u00bbon\u00bb global_colors_info=\u00bb{}\u00bb][et_pb_row _builder_version=\u00bb4.17.6&#8243; _module_preset=\u00bbdefault\u00bb max_width=\u00bb860px\u00bb global_colors_info=\u00bb{}\u00bb][et_pb_column type=\u00bb4_4&#8243; _builder_version=\u00bb4.17.6&#8243; _module_preset=\u00bbdefault\u00bb global_colors_info=\u00bb{}\u00bb][et_pb_text _builder_version=\u00bb4.22.2&#8243; _module_preset=\u00bbe6504a1b-67eb-4b3d-b023-bcab277610b6&#8243; header_4_font=\u00bbManrope|700||on|||||\u00bb header_4_text_color=\u00bb#FFFFFF\u00bb header_4_font_size=\u00bb14px\u00bb header_4_letter_spacing=\u00bb1px\u00bb header_4_line_height=\u00bb1.4em\u00bb text_orientation=\u00bbcenter\u00bb custom_margin=\u00bb||0px||false|false\u00bb global_colors_info=\u00bb{}\u00bb]<\/p>\n<h4>HAY MUCHO QUE HACER AQU\u00cd<\/h4>\n<p>[\/et_pb_text][et_pb_text _builder_version=\u00bb4.17.6&#8243; _module_preset=\u00bbb327cbe4-b1d5-4b66-ad37-40c8f2f061ba\u00bb header_2_font=\u00bbManrope|700|||||||\u00bb header_2_text_color=\u00bb#FFFFFF\u00bb header_2_font_size=\u00bb48px\u00bb header_2_line_height=\u00bb1.2em\u00bb text_orientation=\u00bbcenter\u00bb header_2_font_size_tablet=\u00bb32px\u00bb header_2_font_size_phone=\u00bb20px\u00bb header_2_font_size_last_edited=\u00bbon|desktop\u00bb global_colors_info=\u00bb{}\u00bb]<\/p>\n<h2>Reserve online hoy mismo y disfrute de una relajante estancia con nosotros.<\/h2>\n<p>[\/et_pb_text][et_pb_button button_url=\u00bb@ET-DC@eyJkeW5hbWljIjp0cnVlLCJjb250ZW50IjoicG9zdF9saW5rX3VybF9wYWdlIiwic2V0dGluZ3MiOnsicG9zdF9pZCI6IjIzNTQzNCJ9fQ==@\u00bb button_text=\u00bb@ET-DC@eyJkeW5hbWljIjp0cnVlLCJjb250ZW50IjoicG9zdF9saW5rIiwic2V0dGluZ3MiOnsiYmVmb3JlIjoiUkVTRVJWQVMiLCJhZnRlciI6IiIsInRleHQiOiJjdXN0b20iLCJjdXN0b21fdGV4dCI6IiJ9fQ==@\u00bb button_alignment=\u00bbcenter\u00bb _builder_version=\u00bb4.27.4&#8243; _dynamic_attributes=\u00bbbutton_text,button_url\u00bb _module_preset=\u00bbf489fdc3-bf1e-40c7-852b-c42851d4acb9&#8243; custom_button=\u00bbon\u00bb button_text_size=\u00bb14px\u00bb button_text_color=\u00bb#000000&#8243; button_bg_color=\u00bb#FFFFFF\u00bb button_border_width=\u00bb0px\u00bb button_border_radius=\u00bb0px\u00bb button_font=\u00bbInter|700||on|||||\u00bb custom_padding=\u00bb16px|24px|16px|24px|true|true\u00bb hover_enabled=\u00bb0&#8243; global_colors_info=\u00bb{}\u00bb sticky_enabled=\u00bb0&#8243;][\/et_pb_button][\/et_pb_column][\/et_pb_row][\/et_pb_section]<\/p>\n","protected":false},"excerpt":{"rendered":"<p>Enlaces para excursiones divertidas durante su estanciaPARQUE NACIONAL DE BIESBOSCH El Biesbosch es una reserva natural \u00fanica. Los numerosos arroyos, la naturaleza virgen y la rica historia del lugar le causar\u00e1n una impresi\u00f3n inolvidable. Ir de Lage Zwaluwe (en bicicleta) con &#8216;t Leeuweveerke al Biesbosch Parque Nacional de Biesbosch Descubra Biesbosch Museo de Biesbosch Staatsbosbeheer [&hellip;]<\/p>\n","protected":false},"author":1,"featured_media":0,"parent":0,"menu_order":0,"comment_status":"closed","ping_status":"closed","template":"","meta":{"_et_pb_use_builder":"on","_et_pb_old_content":"","_et_gb_content_width":"","_monsterinsights_skip_tracking":false,"_monsterinsights_sitenote_active":false,"_monsterinsights_sitenote_note":"","_monsterinsights_sitenote_category":0,"footnotes":""},"class_list":["post-236089","page","type-page","status-publish","hentry"],"_links":{"self":[{"href":"https:\/\/groenecampingindepolder.nl\/es\/wp-json\/wp\/v2\/pages\/236089","targetHints":{"allow":["GET"]}}],"collection":[{"href":"https:\/\/groenecampingindepolder.nl\/es\/wp-json\/wp\/v2\/pages"}],"about":[{"href":"https:\/\/groenecampingindepolder.nl\/es\/wp-json\/wp\/v2\/types\/page"}],"author":[{"embeddable":true,"href":"https:\/\/groenecampingindepolder.nl\/es\/wp-json\/wp\/v2\/users\/1"}],"replies":[{"embeddable":true,"href":"https:\/\/groenecampingindepolder.nl\/es\/wp-json\/wp\/v2\/comments?post=236089"}],"version-history":[{"count":8,"href":"https:\/\/groenecampingindepolder.nl\/es\/wp-json\/wp\/v2\/pages\/236089\/revisions"}],"predecessor-version":[{"id":237715,"href":"https:\/\/groenecampingindepolder.nl\/es\/wp-json\/wp\/v2\/pages\/236089\/revisions\/237715"}],"wp:attachment":[{"href":"https:\/\/groenecampingindepolder.nl\/es\/wp-json\/wp\/v2\/media?parent=236089"}],"curies":[{"name":"wp","href":"https:\/\/api.w.org\/{rel}","templated":true}]}}