{"id":235946,"date":"2024-02-12T12:27:09","date_gmt":"2024-02-12T12:27:09","guid":{"rendered":"https:\/\/groenecampingindepolder.nl\/?page_id=235946"},"modified":"2024-02-22T11:37:53","modified_gmt":"2024-02-22T11:37:53","slug":"preguntas-mas-frecuentes","status":"publish","type":"page","link":"https:\/\/groenecampingindepolder.nl\/es\/preguntas-mas-frecuentes\/","title":{"rendered":"Preguntas m\u00e1s frecuentes"},"content":{"rendered":"<p>[et_pb_section fb_built=\u00bb1&#8243; custom_padding_last_edited=\u00bbon|desktop\u00bb disabled_on=\u00bboff|off|on\u00bb admin_label=\u00bbHeader\u00bb _builder_version=\u00bb4.24.0&#8243; _module_preset=\u00bbdefault\u00bb background_enable_color=\u00bboff\u00bb use_background_color_gradient=\u00bbon\u00bb background_color_gradient_direction=\u00bb90deg\u00bb background_color_gradient_stops=\u00bbrgba(33,64,28,0) 75%|#689b2f 75%\u00bb background_color_gradient_overlays_image=\u00bbon\u00bb background_color_gradient_start=\u00bb#21401c\u00bb background_color_gradient_start_position=\u00bb64%\u00bb background_color_gradient_end=\u00bbrgba(33,64,28,0)\u00bb background_color_gradient_end_position=\u00bb64%\u00bb background_image=\u00bbhttps:\/\/groenecampingindepolder.nl\/wp-content\/uploads\/2024\/02\/Groene_Camping_in_de_polder_Veelgestelde_vragen.jpg\u00bb background_position=\u00bbbottom_right\u00bb background_horizontal_offset=\u00bb16%\u00bb background_vertical_offset=\u00bb50%\u00bb background_repeat=\u00bbrepeat\u00bb background_blend=\u00bbmultiply\u00bb max_height=\u00bb547px\u00bb max_height_tablet=\u00bb428px\u00bb max_height_phone=\u00bb661px\u00bb max_height_last_edited=\u00bbon|phone\u00bb overflow-y=\u00bbhidden\u00bb custom_margin=\u00bb||-26px||false|false\u00bb custom_padding=\u00bb139px||211px||false|false\u00bb custom_padding_tablet=\u00bb4px||289px|0px|false|false\u00bb custom_padding_phone=\u00bb49px||3px|0px|false|false\u00bb background_last_edited=\u00bbon|desktop\u00bb use_background_color_gradient_tablet=\u00bbon\u00bb use_background_color_gradient_phone=\u00bbon\u00bb background_color_gradient_stops_tablet=\u00bb#21401c 26%|rgba(33,64,28,0) 26%\u00bb background_color_gradient_stops_phone=\u00bb#21401c 26%|rgba(255,255,255,0) 26%\u00bb background_color_gradient_start_position_tablet=\u00bb88%\u00bb background_color_gradient_end_position_tablet=\u00bb88%\u00bb background_image_tablet=\u00bbhttps:\/\/groenecampingindepolder.nl\/wp-content\/uploads\/2024\/02\/Groene_Camping_in_de_polder_Veelgestelde_vragen.jpg\u00bb background_image_phone=\u00bbhttps:\/\/groenecampingindepolder.nl\/wp-content\/uploads\/2024\/02\/Groene_Camping_in_de_polder_Veelgestelde_vragen.jpg\u00bb background_enable_image_tablet=\u00bbon\u00bb background_enable_image_phone=\u00bbon\u00bb background_horizontal_offset_tablet=\u00bb58%\u00bb background_horizontal_offset_phone=\u00bb34%\u00bb background_vertical_offset_tablet=\u00bb66%\u00bb locked=\u00bboff\u00bb global_colors_info=\u00bb{}\u00bb][et_pb_row _builder_version=\u00bb4.23.1&#8243; _module_preset=\u00bbdefault\u00bb background_color=\u00bbRGBA(255,255,255,0)\u00bb custom_padding=\u00bb0px||||false|false\u00bb collapsed=\u00bboff\u00bb global_colors_info=\u00bb{}\u00bb][et_pb_column type=\u00bb4_4&#8243; _builder_version=\u00bb4.23.1&#8243; _module_preset=\u00bbdefault\u00bb background_enable_color=\u00bboff\u00bb custom_padding=\u00bb||||false|false\u00bb custom_padding_tablet=\u00bb0px||||false|false\u00bb custom_padding_phone=\u00bb\u00bb custom_padding_last_edited=\u00bbon|phone\u00bb global_colors_info=\u00bb{}\u00bb][et_pb_heading title=\u00bbPREGUNTAS M\u00c1S FRECUENTES\u00bb _builder_version=\u00bb4.24.0&#8243; _module_preset=\u00bbdefault\u00bb title_font=\u00bbMontserrat|800|||||||\u00bb title_text_color=\u00bb#FFFFFF\u00bb title_font_size=\u00bb64px\u00bb max_width_tablet=\u00bb\u00bb max_width_phone=\u00bb100%\u00bb max_width_last_edited=\u00bbon|phone\u00bb title_font_size_tablet=\u00bb64px\u00bb title_font_size_phone=\u00bb24px\u00bb title_font_size_last_edited=\u00bbon|phone\u00bb global_colors_info=\u00bb{}\u00bb][\/et_pb_heading][et_pb_text _builder_version=\u00bb4.23.1&#8243; _module_preset=\u00bbdefault\u00bb header_3_text_color=\u00bb#FFFFFF\u00bb global_colors_info=\u00bb{}\u00bb]<\/p>\n<h3>Encuentre su respuesta r\u00e1pida y f\u00e1cilmente a trav\u00e9s de las preguntas m\u00e1s frecuentes<\/h3>\n<p>[\/et_pb_text][et_pb_blurb image_icon_background_color=\u00bbRGBA(255,255,255,0)\u00bb admin_label=\u00bbBlurb\u00bb _builder_version=\u00bb4.24.0&#8243; _module_preset=\u00bb225d0675-a2b0-4307-9039-8cffccd1968a\u00bb header_level=\u00bbh2&#8243; header_font=\u00bbMontserrat|700|||||||\u00bb header_text_color=\u00bb#FFFFFF\u00bb header_line_height=\u00bb1.6em\u00bb body_font=\u00bb|700|||||||\u00bb body_text_color=\u00bb#FFFFFF\u00bb body_font_size=\u00bb13px\u00bb body_line_height=\u00bb1.6em\u00bb background_color=\u00bb#689B2F\u00bb text_orientation=\u00bbcenter\u00bb custom_margin=\u00bb||11px|||\u00bb custom_padding=\u00bb10px|10px|10px|10px|true|true\u00bb animation=\u00bboff\u00bb header_font_size_tablet=\u00bb16px\u00bb header_font_size_phone=\u00bb14px\u00bb header_font_size_last_edited=\u00bbon|phone\u00bb body_font_size_tablet=\u00bb15px\u00bb body_font_size_phone=\u00bb14px\u00bb body_font_size_last_edited=\u00bboff|desktop\u00bb border_radii=\u00bbon|20px|20px|20px|20px\u00bb border_color_all_image=\u00bbRGBA(255,255,255,0)\u00bb box_shadow_style=\u00bbpreset2&#8243; box_shadow_horizontal=\u00bb0px\u00bb box_shadow_vertical=\u00bb25px\u00bb box_shadow_blur=\u00bb70px\u00bb locked=\u00bboff\u00bb global_colors_info=\u00bb{}\u00bb]<\/p>\n<p>\u00a1Aqu\u00ed est\u00e1n las respuestas a las preguntas m\u00e1s frecuentes a nuestro equipo!<\/p>\n<p>\u00bfSu pregunta no est\u00e1 aqu\u00ed?<\/p>\n<p>Entonces no dude en pasarse por la recepci\u00f3n en horario de apertura.<\/p>\n<p>[\/et_pb_blurb][\/et_pb_column][\/et_pb_row][\/et_pb_section][et_pb_section fb_built=\u00bb1&#8243; custom_padding_last_edited=\u00bbon|desktop\u00bb disabled_on=\u00bbon|on|off\u00bb admin_label=\u00bbHeader\u00bb _builder_version=\u00bb4.24.0&#8243; _module_preset=\u00bbdefault\u00bb background_enable_color=\u00bboff\u00bb use_background_color_gradient=\u00bbon\u00bb background_color_gradient_direction=\u00bb90deg\u00bb background_color_gradient_stops=\u00bbrgba(33,64,28,0) 75%|#689b2f 75%\u00bb background_color_gradient_overlays_image=\u00bbon\u00bb background_color_gradient_start=\u00bb#21401c\u00bb background_color_gradient_start_position=\u00bb64%\u00bb background_color_gradient_end=\u00bbrgba(33,64,28,0)\u00bb background_color_gradient_end_position=\u00bb64%\u00bb background_image=\u00bbhttps:\/\/groenecampingindepolder.nl\/wp-content\/uploads\/2024\/02\/Groene_Camping_in_de_polder_Veelgestelde_vragen.jpg\u00bb background_position=\u00bbbottom_right\u00bb background_horizontal_offset=\u00bb16%\u00bb background_vertical_offset=\u00bb50%\u00bb background_repeat=\u00bbrepeat\u00bb background_blend=\u00bbmultiply\u00bb overflow-y=\u00bbhidden\u00bb custom_margin=\u00bb0px||||false|false\u00bb custom_padding=\u00bb139px||211px||false|false\u00bb custom_padding_tablet=\u00bb139px||211px|0px|false|false\u00bb custom_padding_phone=\u00bb139px||211px||false|false\u00bb background_last_edited=\u00bbon|desktop\u00bb use_background_color_gradient_tablet=\u00bbon\u00bb use_background_color_gradient_phone=\u00bbon\u00bb background_color_gradient_stops_tablet=\u00bb#21401c 26%|rgba(33,64,28,0) 26%\u00bb background_color_gradient_stops_phone=\u00bb#21401c 26%|rgba(255,255,255,0) 26%\u00bb background_color_gradient_start_position_tablet=\u00bb88%\u00bb background_color_gradient_end_position_tablet=\u00bb88%\u00bb background_horizontal_offset_tablet=\u00bb58%\u00bb background_horizontal_offset_phone=\u00bb34%\u00bb background_vertical_offset_tablet=\u00bb66%\u00bb locked=\u00bboff\u00bb global_colors_info=\u00bb{}\u00bb][et_pb_row column_structure=\u00bb3_5,2_5&#8243; _builder_version=\u00bb4.22.1&#8243; _module_preset=\u00bbdefault\u00bb background_color=\u00bbRGBA(255,255,255,0)\u00bb collapsed=\u00bboff\u00bb global_colors_info=\u00bb{}\u00bb][et_pb_column type=\u00bb3_5&#8243; _builder_version=\u00bb4.22.1&#8243; _module_preset=\u00bbdefault\u00bb background_enable_color=\u00bboff\u00bb custom_padding=\u00bb80px||||false|false\u00bb custom_padding_tablet=\u00bb0px||||false|false\u00bb custom_padding_phone=\u00bb\u00bb custom_padding_last_edited=\u00bbon|tablet\u00bb global_colors_info=\u00bb{}\u00bb][et_pb_heading title=\u00bbPREGUNTAS M\u00c1S FRECUENTES\u00bb _builder_version=\u00bb4.23.1&#8243; _module_preset=\u00bbdefault\u00bb title_font=\u00bbMontserrat|800|||||||\u00bb title_text_color=\u00bb#FFFFFF\u00bb title_font_size=\u00bb64px\u00bb max_width_tablet=\u00bb\u00bb max_width_phone=\u00bb100%\u00bb max_width_last_edited=\u00bbon|phone\u00bb title_font_size_tablet=\u00bb64px\u00bb title_font_size_phone=\u00bb43px\u00bb title_font_size_last_edited=\u00bbon|phone\u00bb global_colors_info=\u00bb{}\u00bb][\/et_pb_heading][et_pb_text _builder_version=\u00bb4.24.0&#8243; _module_preset=\u00bbdefault\u00bb header_3_text_color=\u00bb#FFFFFF\u00bb custom_padding=\u00bb||0px|||\u00bb global_colors_info=\u00bb{}\u00bb]<\/p>\n<h3><strong>Encuentre su respuesta r\u00e1pida y f\u00e1cilmente<\/strong><br \/><span>a trav\u00e9s de las preguntas m\u00e1s frecuentes<\/span><\/h3>\n<p>[\/et_pb_text][\/et_pb_column][et_pb_column type=\u00bb2_5&#8243; admin_label=\u00bbColumna\u00bb _builder_version=\u00bb4.16&#8243; _module_preset=\u00bbdefault\u00bb global_colors_info=\u00bb{}\u00bb][et_pb_blurb image_icon_background_color=\u00bbRGBA(255,255,255,0)\u00bb admin_label=\u00bbBlurb\u00bb _builder_version=\u00bb4.23.1&#8243; _module_preset=\u00bb225d0675-a2b0-4307-9039-8cffccd1968a\u00bb header_level=\u00bbh2&#8243; header_font=\u00bbMontserrat|700|||||||\u00bb header_text_color=\u00bb#FFFFFF\u00bb header_line_height=\u00bb1.6em\u00bb body_font=\u00bb|700|||||||\u00bb body_text_color=\u00bb#FFFFFF\u00bb body_font_size=\u00bb25px\u00bb body_line_height=\u00bb1.6em\u00bb background_color=\u00bb#689B2F\u00bb text_orientation=\u00bbcenter\u00bb custom_padding=\u00bb30px|20px|30px|20px|true|true\u00bb animation=\u00bboff\u00bb header_font_size_tablet=\u00bb16px\u00bb header_font_size_phone=\u00bb14px\u00bb header_font_size_last_edited=\u00bbon|phone\u00bb body_font_size_tablet=\u00bb15px\u00bb body_font_size_phone=\u00bb14px\u00bb body_font_size_last_edited=\u00bboff|desktop\u00bb border_radii=\u00bbon|20px|20px|20px|20px\u00bb border_color_all_image=\u00bbRGBA(255,255,255,0)\u00bb box_shadow_style=\u00bbpreset2&#8243; box_shadow_horizontal=\u00bb0px\u00bb box_shadow_vertical=\u00bb25px\u00bb box_shadow_blur=\u00bb70px\u00bb locked=\u00bboff\u00bb global_colors_info=\u00bb{}\u00bb]<\/p>\n<p>\u00a1Aqu\u00ed est\u00e1n las respuestas a las preguntas m\u00e1s frecuentes a nuestro equipo! \u00bfSu pregunta no est\u00e1 aqu\u00ed? Entonces no dude en pasarse por la recepci\u00f3n en horario de apertura.<\/p>\n<p>[\/et_pb_blurb][\/et_pb_column][\/et_pb_row][\/et_pb_section][et_pb_section fb_built=\u00bb1&#8243; disabled_on=\u00bboff|off|off\u00bb admin_label=\u00bbFAQ\u00bb _builder_version=\u00bb4.24.0&#8243; _module_preset=\u00bbdefault\u00bb background_color=\u00bb#FFFFFF\u00bb custom_margin=\u00bb||0px||false|false\u00bb background_last_edited=\u00bbon|tablet\u00bb locked=\u00bboff\u00bb global_colors_info=\u00bb{}\u00bb][et_pb_row column_structure=\u00bb1_2,1_2&#8243; _builder_version=\u00bb4.24.0&#8243; _module_preset=\u00bbdefault\u00bb custom_margin=\u00bb-37px|auto||auto||\u00bb locked=\u00bboff\u00bb global_colors_info=\u00bb{}\u00bb][et_pb_column type=\u00bb1_2&#8243; _builder_version=\u00bb4.16&#8243; _module_preset=\u00bbdefault\u00bb global_colors_info=\u00bb{}\u00bb][et_pb_heading title=\u00bbLa recepci\u00f3n\u00bb _builder_version=\u00bb4.24.0&#8243; _module_preset=\u00bbdefault\u00bb global_colors_info=\u00bb{}\u00bb][\/et_pb_heading][et_pb_accordion open_toggle_text_color=\u00bb#FFFFFF\u00bb open_toggle_background_color=\u00bb#FF9900&#8243; closed_toggle_text_color=\u00bb#FFFFFF\u00bb closed_toggle_background_color=\u00bb#689B2F\u00bb _builder_version=\u00bb4.24.0&#8243; _module_preset=\u00bbdefault\u00bb toggle_text_color=\u00bb#FFFFFF\u00bb body_text_color=\u00bb#FFFFFF\u00bb min_height=\u00bb573.9px\u00bb custom_margin=\u00bb36px|||||\u00bb global_colors_info=\u00bb{}\u00bb][et_pb_accordion_item title=\u00bb\u00bfA qu\u00e9 hora est\u00e1 abierta la recepci\u00f3n?\u00bb open=\u00bbon\u00bb _builder_version=\u00bb4.16&#8243; _module_preset=\u00bbdefault\u00bb global_colors_info=\u00bb{}\u00bb]<\/p>\n<p>La recepci\u00f3n estar\u00e1 abierta todos los d\u00edas del 29 de marzo de 2024 al 22 de septiembre de 2024 a partir de:<br \/>9.00 h a 9.30 h<br \/>15:00 h a 17:30 h<br \/>19.30 h a 20.30 h <\/p>\n<p>[\/et_pb_accordion_item][et_pb_accordion_item title=\u00bb\u00bfQu\u00e9 puedo comprar en recepci\u00f3n?\u00bb _builder_version=\u00bb4.16&#8243; _module_preset=\u00bbdefault\u00bb global_colors_info=\u00bb{}\u00bb open=\u00bboff\u00bb]<\/p>\n<p>Ternera ecol\u00f3gica (congelada, deliciosa para barbacoa)<br \/>Zumo de manzana ecol\u00f3gico <br \/>Sirope de flor de sa\u00faco ecol\u00f3gico<br \/>Helados ecol\u00f3gicos de nata y sorbete<br \/>Vino ecol\u00f3gico<br \/>Cerveza ecol\u00f3gica<br \/>Roble seco (bolsa neta de 22 l)<\/p>\n<p>[\/et_pb_accordion_item][et_pb_accordion_item title=\u00bb\u00bfPuedo pedir bocadillos calientes?\u00bb _builder_version=\u00bb4.24.0&#8243; _module_preset=\u00bbdefault\u00bb global_colors_info=\u00bb{}\u00bb open=\u00bboff\u00bb]<\/p>\n<p>S\u00ed<br \/>Todos los fines de semana, s\u00e1bados y domingos por la ma\u00f1ana, se hornean panecillos frescos (ecol\u00f3gicos) en el camping.<br \/>Durante las vacaciones, se hornean bocadillos (ecol\u00f3gicos) todos los d\u00edas excepto los mi\u00e9rcoles por la ma\u00f1ana.<\/p>\n<p>[\/et_pb_accordion_item][et_pb_accordion_item title=\u00bb\u00bfQu\u00e9 bocadillos (ecol\u00f3gicos) puedo elegir?\u00bb _builder_version=\u00bb4.24.0&#8243; _module_preset=\u00bbdefault\u00bb global_colors_info=\u00bb{}\u00bb open=\u00bboff\u00bb]<\/p>\n<p>Croissants franceses<br \/>Rollo de chocolate franc\u00e9s<br \/>Panecillo de espelta marr\u00f3n<br \/>Panecillo de queso y semillas de calabaza<br \/>Baguette multisemillas<br \/>Baguette blanca<\/p>\n<p>[\/et_pb_accordion_item][et_pb_accordion_item title=\u00bb\u00bfPuedo conducir un coche en el camping?\u00bb _builder_version=\u00bb4.16&#8243; _module_preset=\u00bbdefault\u00bb global_colors_info=\u00bb{}\u00bb open=\u00bboff\u00bb]<\/p>\n<p>S\u00f3lo durante la instalaci\u00f3n de la caravana, la tienda remolque y el montaje de la(s) tienda(s). Una vez instalado, lleve el coche al aparcamiento del camping.<\/p>\n<p>[\/et_pb_accordion_item][et_pb_accordion_item title=\u00bb\u00bfPuedo cargar mi coche el\u00e9ctrico?\u00bb _builder_version=\u00bb4.16&#8243; _module_preset=\u00bbdefault\u00bb global_colors_info=\u00bb{}\u00bb open=\u00bboff\u00bb]<\/p>\n<p>S\u00ed, m\u00e1ximo 22 kWh tipo 2<br \/>Cargadora en el patio de una granja. <br \/>Carga con tarjeta de carga universal<\/p>\n<p>[\/et_pb_accordion_item][et_pb_accordion_item title=\u00bb\u00bfPuedo cargar mi bicicleta el\u00e9ctrica?\u00bb _builder_version=\u00bb4.16&#8243; _module_preset=\u00bbdefault\u00bb global_colors_info=\u00bb{}\u00bb open=\u00bboff\u00bb]<\/p>\n<p>S\u00ed<br \/>Se paga una tarifa plana de 3,50 euros por ello.<\/p>\n<p>[\/et_pb_accordion_item][\/et_pb_accordion][\/et_pb_column][et_pb_column type=\u00bb1_2&#8243; admin_label=\u00bbColumna\u00bb _builder_version=\u00bb4.24.0&#8243; _module_preset=\u00bbdefault\u00bb global_colors_info=\u00bb{}\u00bb][et_pb_heading title=\u00bbInstalaciones\u00bb admin_label=\u00bbTitel\u00bb _builder_version=\u00bb4.24.0&#8243; _module_preset=\u00bbdefault\u00bb global_colors_info=\u00bb{}\u00bb][\/et_pb_heading][et_pb_accordion open_toggle_text_color=\u00bb#FFFFFF\u00bb open_toggle_background_color=\u00bb#FF9900&#8243; closed_toggle_text_color=\u00bb#FFFFFF\u00bb closed_toggle_background_color=\u00bb#689B2F\u00bb admin_label=\u00bbAccordeon\u00bb _builder_version=\u00bb4.24.0&#8243; _module_preset=\u00bbdefault\u00bb toggle_text_color=\u00bb#FFFFFF\u00bb body_text_color=\u00bb#FFFFFF\u00bb min_height=\u00bb573.9px\u00bb custom_margin=\u00bb36px|||||\u00bb global_colors_info=\u00bb{}\u00bb][et_pb_accordion_item title=\u00bb\u00bfCu\u00e1ntos aseos tiene el bloque de aseos?\u00bb open=\u00bbon\u00bb _builder_version=\u00bb4.16&#8243; _module_preset=\u00bbdefault\u00bb global_colors_info=\u00bb{}\u00bb]<\/p>\n<p>6 retretes <br \/>3 damas y 3 caballeros<\/p>\n<p>[\/et_pb_accordion_item][et_pb_accordion_item title=\u00bb<br \/>\n\u00bfCu\u00e1ntas duchas tiene el bloque de aseos?\u00bb _builder_version=\u00bb4.16&#8243; _module_preset=\u00bbdefault\u00bb global_colors_info=\u00bb{}\u00bb open=\u00bboff\u00bb]<\/p>\n<p>4 duchas<br \/>2 damas y 2 caballeros<\/p>\n<p>[\/et_pb_accordion_item][et_pb_accordion_item title=\u00bb\u00bfDe cu\u00e1ntos lavabos dispone el bloque de aseos?\u00bb _builder_version=\u00bb4.16&#8243; _module_preset=\u00bbdefault\u00bb global_colors_info=\u00bb{}\u00bb open=\u00bboff\u00bb]<\/p>\n<p>2 aseos<br \/>1 damas y 1 caballeros<\/p>\n<p>[\/et_pb_accordion_item][et_pb_accordion_item title=\u00bb\u00bfCu\u00e1ntos fregaderos de agua fr\u00eda hay?\u00bb _builder_version=\u00bb4.16&#8243; _module_preset=\u00bbdefault\u00bb global_colors_info=\u00bb{}\u00bb open=\u00bboff\u00bb]<\/p>\n<p>4 fregaderos<br \/>2 damas y 2 caballeros<\/p>\n<p>[\/et_pb_accordion_item][et_pb_accordion_item title=\u00bb\u00bfCu\u00e1ntos fregaderos con agua caliente hay?\u00bb _builder_version=\u00bb4.16&#8243; _module_preset=\u00bbdefault\u00bb global_colors_info=\u00bb{}\u00bb open=\u00bboff\u00bb]<\/p>\n<p>3 fregaderos<\/p>\n<p>[\/et_pb_accordion_item][et_pb_accordion_item title=\u00bb\u00bfCu\u00e1ntos fregaderos hay?<\/p>\n<p>\u00bb _builder_version=\u00bb4.16&#8243; _module_preset=\u00bbdefault\u00bb global_colors_info=\u00bb{}\u00bb open=\u00bboff\u00bb]<\/p>\n<p>2 fregaderos para verduras<\/p>\n<p>[\/et_pb_accordion_item][et_pb_accordion_item title=\u00bb\u00bfQu\u00e9 tama\u00f1o tiene el espacio informativo?\u00bb _builder_version=\u00bb4.24.0&#8243; _module_preset=\u00bbdefault\u00bb global_colors_info=\u00bb{}\u00bb open=\u00bboff\u00bb]<\/p>\n<p>12m2<\/p>\n<p>[\/et_pb_accordion_item][et_pb_accordion_item title=\u00bb\u00bfQu\u00e9 hay en la sala de informaci\u00f3n?\u00bb _builder_version=\u00bb4.24.0&#8243; _module_preset=\u00bbdefault\u00bb global_colors_info=\u00bb{}\u00bb open=\u00bboff\u00bb]<\/p>\n<p>Una mesa con 6 sillas<br \/>dos sof\u00e1s<br \/>un armario con algunos juegos<br \/>un armario con informaci\u00f3n del entorno<\/p>\n<p>[\/et_pb_accordion_item][et_pb_accordion_item title=\u00bb\u00bfPuedo refugiarme en caso de mal tiempo?\u00bb _builder_version=\u00bb4.24.0&#8243; _module_preset=\u00bbdefault\u00bb global_colors_info=\u00bb{}\u00bb open=\u00bboff\u00bb]<\/p>\n<p>S\u00ed, en la sala de informaci\u00f3n<\/p>\n<p>[\/et_pb_accordion_item][et_pb_accordion_item title=\u00bb\u00bfHay un espacio p\u00fablico para cocinar?\u00bb _builder_version=\u00bb4.24.0&#8243; _module_preset=\u00bbdefault\u00bb global_colors_info=\u00bb{}\u00bb open=\u00bboff\u00bb]<\/p>\n<p>No<\/p>\n<p>[\/et_pb_accordion_item][et_pb_accordion_item title=\u00bb\u00bfHay una zona p\u00fablica para hacer barbacoas? \u00bb _builder_version=\u00bb4.24.0&#8243; _module_preset=\u00bbdefault\u00bb global_colors_info=\u00bb{}\u00bb open=\u00bboff\u00bb]<\/p>\n<p>No<\/p>\n<p>[\/et_pb_accordion_item][\/et_pb_accordion][\/et_pb_column][\/et_pb_row][\/et_pb_section][et_pb_section fb_built=\u00bb1&#8243; disabled_on=\u00bboff|off|off\u00bb admin_label=\u00bbFAQ\u00bb _builder_version=\u00bb4.24.0&#8243; _module_preset=\u00bbdefault\u00bb background_color=\u00bb#F3EFEC\u00bb min_height=\u00bb1174.7px\u00bb custom_margin=\u00bb||0px||false|false\u00bb background_last_edited=\u00bbon|tablet\u00bb locked=\u00bboff\u00bb global_colors_info=\u00bb{}\u00bb][et_pb_row column_structure=\u00bb1_2,1_2&#8243; _builder_version=\u00bb4.24.0&#8243; _module_preset=\u00bbdefault\u00bb custom_margin=\u00bb-37px|auto||auto||\u00bb locked=\u00bboff\u00bb global_colors_info=\u00bb{}\u00bb][et_pb_column type=\u00bb1_2&#8243; admin_label=\u00bbColumna\u00bb _builder_version=\u00bb4.16&#8243; _module_preset=\u00bbdefault\u00bb global_colors_info=\u00bb{}\u00bb][et_pb_heading title=\u00bbCamping\u00bb admin_label=\u00bbTitel\u00bb _builder_version=\u00bb4.24.0&#8243; _module_preset=\u00bbdefault\u00bb global_colors_info=\u00bb{}\u00bb][\/et_pb_heading][et_pb_accordion open_toggle_text_color=\u00bb#FFFFFF\u00bb open_toggle_background_color=\u00bb#FF9900&#8243; closed_toggle_text_color=\u00bb#FFFFFF\u00bb closed_toggle_background_color=\u00bb#689B2F\u00bb admin_label=\u00bbAccordeon\u00bb _builder_version=\u00bb4.24.0&#8243; _module_preset=\u00bbdefault\u00bb toggle_text_color=\u00bb#FFFFFF\u00bb body_text_color=\u00bb#FFFFFF\u00bb min_height=\u00bb573.9px\u00bb custom_margin=\u00bb36px|||||\u00bb global_colors_info=\u00bb{}\u00bb][et_pb_accordion_item title=\u00bb\u00bfPuedo hacer una barbacoa en el camping?\u00bb open=\u00bbon\u00bb _builder_version=\u00bb4.16&#8243; _module_preset=\u00bbdefault\u00bb global_colors_info=\u00bb{}\u00bb]<\/p>\n<p>S\u00ed, siempre que la hierba no est\u00e9 da\u00f1ada por el calor o el carb\u00f3n manipulado. <\/p>\n<p>[\/et_pb_accordion_item][et_pb_accordion_item title=\u00bb\u00bfPuedo encender fuego en el campo?\u00bb _builder_version=\u00bb4.16&#8243; _module_preset=\u00bbdefault\u00bb global_colors_info=\u00bb{}\u00bb open=\u00bboff\u00bb]<\/p>\n<p>S\u00ed<br \/>Puedes pedir prestado un cuenco de fuego en recepci\u00f3n. Coloca uno o varios adoquines bajo el recipiente del fuego.<\/p>\n<p>[\/et_pb_accordion_item][et_pb_accordion_item title=\u00bb\u00bfPuedo comprar le\u00f1a en recepci\u00f3n?\u00bb _builder_version=\u00bb4.16&#8243; _module_preset=\u00bbdefault\u00bb global_colors_info=\u00bb{}\u00bb open=\u00bboff\u00bb]<\/p>\n<p>S\u00ed, roble seco en bolsas netas de 22 litros<\/p>\n<p>[\/et_pb_accordion_item][et_pb_accordion_item title=\u00bb\u00bfEst\u00e1 permitido acercar el coche a la tienda o caravana?\u00bb _builder_version=\u00bb4.16&#8243; _module_preset=\u00bbdefault\u00bb global_colors_info=\u00bb{}\u00bb open=\u00bboff\u00bb]<\/p>\n<p>No<br \/>A veces se hace una excepci\u00f3n en el Bloemenweide. Siempre en consulta con los propietarios. <\/p>\n<p>[\/et_pb_accordion_item][et_pb_accordion_item title=\u00bb\u00bfHay agua y electricidad en todas las parcelas?\u00bb _builder_version=\u00bb4.16&#8243; _module_preset=\u00bbdefault\u00bb global_colors_info=\u00bb{}\u00bb open=\u00bboff\u00bb]<\/p>\n<p>No <br \/>Cada parcela dispone de electricidad y agua a poca distancia. <br \/>Con una distancia m\u00e1xima de 25 metros.<\/p>\n<p>[\/et_pb_accordion_item][et_pb_accordion_item title=\u00bb\u00bfCu\u00e1ntos amperios de electricidad hay disponibles por conexi\u00f3n?\u00bb _builder_version=\u00bb4.16&#8243; _module_preset=\u00bbdefault\u00bb global_colors_info=\u00bb{}\u00bb open=\u00bboff\u00bb]<\/p>\n<p>16 amperios<\/p>\n<p>[\/et_pb_accordion_item][et_pb_accordion_item title=\u00bb\u00bfPuedo venir de camping con la autocaravana?\u00bb _builder_version=\u00bb4.24.0&#8243; _module_preset=\u00bbdefault\u00bb global_colors_info=\u00bb{}\u00bb open=\u00bboff\u00bb]<\/p>\n<p>S\u00ed<\/p>\n<p>[\/et_pb_accordion_item][et_pb_accordion_item title=\u00bb\u00bfHay plazas para autocaravanas en el camping?\u00bb _builder_version=\u00bb4.24.0&#8243; _module_preset=\u00bbdefault\u00bb global_colors_info=\u00bb{}\u00bb open=\u00bboff\u00bb]<\/p>\n<p>Zwaluw 1 <br \/>Vink 5<br \/>Patrijs 1<\/p>\n<p>[\/et_pb_accordion_item][et_pb_accordion_item title=\u00bb\u00bfQu\u00e9 es un camping para autocaravanas?\u00bb _builder_version=\u00bb4.24.0&#8243; _module_preset=\u00bbdefault\u00bb global_colors_info=\u00bb{}\u00bb open=\u00bboff\u00bb]<\/p>\n<p>Un camping para autocaravanas es una parcela de acampada pavimentada.<br \/>En este caso, de escombros finos triturados sobre los que crece la hierba.<\/p>\n<p>[\/et_pb_accordion_item][et_pb_accordion_item title=\u00bb\u00bfCu\u00e1ntas plazas para autocaravanas hay en el camping?\u00bb _builder_version=\u00bb4.24.0&#8243; _module_preset=\u00bbdefault\u00bb global_colors_info=\u00bb{}\u00bb open=\u00bboff\u00bb]<\/p>\n<ul>\n<li>Zwaluw 1 (escombros finos triturados en los que a\u00fan no crece la hierba)<\/li>\n<li>Vink 5 (escombros finos triturados en los que a\u00fan no crece la hierba)<\/li>\n<li>Patrijs 1 (escombros finos triturados con hierba)<\/li>\n<\/ul>\n<p>[\/et_pb_accordion_item][\/et_pb_accordion][\/et_pb_column][et_pb_column type=\u00bb1_2&#8243; _builder_version=\u00bb4.24.0&#8243; _module_preset=\u00bbdefault\u00bb global_colors_info=\u00bb{}\u00bb][et_pb_accordion open_toggle_text_color=\u00bb#FFFFFF\u00bb open_toggle_background_color=\u00bb#FF9900&#8243; closed_toggle_text_color=\u00bb#FFFFFF\u00bb closed_toggle_background_color=\u00bb#689B2F\u00bb admin_label=\u00bbAccordeon\u00bb _builder_version=\u00bb4.24.0&#8243; _module_preset=\u00bbdefault\u00bb toggle_text_color=\u00bb#FFFFFF\u00bb body_text_color=\u00bb#FFFFFF\u00bb min_height=\u00bb573.9px\u00bb custom_margin=\u00bb36px|||||\u00bb global_colors_info=\u00bb{}\u00bb][et_pb_accordion_item title=\u00bb\u00bfA qu\u00e9 hora se est\u00e1 tranquilo en el camping?\u00bb open=\u00bbon\u00bb _builder_version=\u00bb4.24.0&#8243; _module_preset=\u00bbdefault\u00bb global_colors_info=\u00bb{}\u00bb]<\/p>\n<p>22h00<\/p>\n<p>[\/et_pb_accordion_item][et_pb_accordion_item title=\u00bb\u00bfA qu\u00e9 hora se est\u00e1 tranquilo en el camping?\u00bb _builder_version=\u00bb4.24.0&#8243; _module_preset=\u00bbdefault\u00bb global_colors_info=\u00bb{}\u00bb open=\u00bboff\u00bb]<\/p>\n<p>23h00<\/p>\n<p>[\/et_pb_accordion_item][et_pb_accordion_item title=\u00bb\u00bfSe admiten perros?\u00bb _builder_version=\u00bb4.24.0&#8243; _module_preset=\u00bbdefault\u00bb global_colors_info=\u00bb{}\u00bb open=\u00bboff\u00bb]<\/p>\n<p>S\u00ed, con correa<\/p>\n<p>[\/et_pb_accordion_item][et_pb_accordion_item title=\u00bb\u00bfPuedo sacar a pasear al perro desde el camping?\u00bb _builder_version=\u00bb4.24.0&#8243; _module_preset=\u00bbdefault\u00bb global_colors_info=\u00bb{}\u00bb open=\u00bboff\u00bb]<\/p>\n<p>S\u00ed, a unos 5 km.<\/p>\n<p>[\/et_pb_accordion_item][et_pb_accordion_item title=\u00bb\u00bfD\u00f3nde paseo al perro?\u00bb _builder_version=\u00bb4.24.0&#8243; _module_preset=\u00bbdefault\u00bb global_colors_info=\u00bb{}\u00bb open=\u00bboff\u00bb]<\/p>\n<p>Fuera del recinto del Groene camping In de Polder<\/p>\n<p>[\/et_pb_accordion_item][et_pb_accordion_item title=\u00bb\u00bfSon bienvenidos los visitantes de d\u00eda?\u00bb _builder_version=\u00bb4.24.0&#8243; _module_preset=\u00bbdefault\u00bb global_colors_info=\u00bb{}\u00bb open=\u00bboff\u00bb]<\/p>\n<p>S\u00ed<\/p>\n<p>[\/et_pb_accordion_item][et_pb_accordion_item title=\u00bb\u00bfHay que pagar por los hu\u00e9spedes de d\u00eda?\u00bb _builder_version=\u00bb4.24.0&#8243; _module_preset=\u00bbdefault\u00bb global_colors_info=\u00bb{}\u00bb open=\u00bboff\u00bb]<\/p>\n<p>S\u00ed<br \/>La tarifa diaria es de 5 euros por persona. Los hu\u00e9spedes que nos visiten durante unas horas o m\u00e1s disfrutar\u00e1n de un agradable recreo. Se pueden utilizar las instalaciones: aseo, ducha y cama el\u00e1stica. Si es necesario, le ayudaremos en recepci\u00f3n. <\/p>\n<p>[\/et_pb_accordion_item][et_pb_accordion_item title=\u00bb\u00bfA partir de qu\u00e9 hora y hasta qu\u00e9 hora se puede utilizar la cama el\u00e1stica?\u00bb _builder_version=\u00bb4.24.0&#8243; _module_preset=\u00bbdefault\u00bb global_colors_info=\u00bb{}\u00bb open=\u00bboff\u00bb]<\/p>\n<p>10.00 h a 21.00 h<\/p>\n<p>[\/et_pb_accordion_item][et_pb_accordion_item title=\u00bb\u00bfCu\u00e1ntos kg puede soportar la cama el\u00e1stica?\u00bb _builder_version=\u00bb4.24.0&#8243; _module_preset=\u00bbdefault\u00bb global_colors_info=\u00bb{}\u00bb open=\u00bboff\u00bb]<\/p>\n<p>M\u00e1ximo 100 kg y las zapatillas se quitan durante el uso.<\/p>\n<p>El uso de la cama el\u00e1stica es bajo su propia responsabilidad.<\/p>\n<p>&nbsp;<\/p>\n<p>[\/et_pb_accordion_item][et_pb_accordion_item title=\u00bb\u00bfPuedo ayudar a alimentar a las vacas?\u00bb _builder_version=\u00bb4.24.0&#8243; _module_preset=\u00bbdefault\u00bb global_colors_info=\u00bb{}\u00bb open=\u00bboff\u00bb]<\/p>\n<p>Cuando los animales est\u00e1n estabulados, el granjero Paul les da de comer a diario. Si ves al granjero Paul dando de comer a los toros, puedes preguntarle si puedes ayudarle.<\/p>\n<p>[\/et_pb_accordion_item][\/et_pb_accordion][\/et_pb_column][\/et_pb_row][\/et_pb_section][et_pb_section fb_built=\u00bb1&#8243; disabled_on=\u00bboff|off|off\u00bb admin_label=\u00bbFAQ\u00bb _builder_version=\u00bb4.24.0&#8243; _module_preset=\u00bbdefault\u00bb background_color=\u00bbrgba(255,255,255,0.22)\u00bb background_image=\u00bbhttps:\/\/groenecampingindepolder.nl\/wp-content\/uploads\/2024\/02\/Biesbosch-nabij-Groene-camping-In-de-Polder-verloop.jpg\u00bb custom_margin=\u00bb||0px||false|false\u00bb background_last_edited=\u00bbon|tablet\u00bb locked=\u00bboff\u00bb global_colors_info=\u00bb{}\u00bb][et_pb_row _builder_version=\u00bb4.24.0&#8243; _module_preset=\u00bbdefault\u00bb custom_margin=\u00bb-37px|auto||auto||\u00bb locked=\u00bboff\u00bb global_colors_info=\u00bb{}\u00bb][et_pb_column type=\u00bb4_4&#8243; admin_label=\u00bbColumna\u00bb _builder_version=\u00bb4.16&#8243; _module_preset=\u00bbdefault\u00bb global_colors_info=\u00bb{}\u00bb][et_pb_heading title=\u00bbAlrededores\u00bb admin_label=\u00bbTitel\u00bb _builder_version=\u00bb4.24.0&#8243; _module_preset=\u00bbdefault\u00bb title_text_color=\u00bb#FFFFFF\u00bb global_colors_info=\u00bb{}\u00bb][\/et_pb_heading][et_pb_accordion open_toggle_text_color=\u00bb#FFFFFF\u00bb open_toggle_background_color=\u00bb#FF9900&#8243; closed_toggle_text_color=\u00bb#FFFFFF\u00bb closed_toggle_background_color=\u00bb#689B2F\u00bb admin_label=\u00bbAccordeon\u00bb _builder_version=\u00bb4.24.0&#8243; _module_preset=\u00bbdefault\u00bb toggle_text_color=\u00bb#FFFFFF\u00bb body_text_color=\u00bb#FFFFFF\u00bb min_height=\u00bb573.9px\u00bb custom_margin=\u00bb36px|||||\u00bb global_colors_info=\u00bb{}\u00bb][et_pb_accordion_item title=\u00bb\u00bfHay supermercados cerca?\u00bb open=\u00bbon\u00bb _builder_version=\u00bb4.24.0&#8243; _module_preset=\u00bbdefault\u00bb global_colors_info=\u00bb{}\u00bb]<\/p>\n<p>S\u00ed <br \/>En el pueblo de Lage Zwaluwe se encuentra el Jumbo, a 1,4 km.<br \/>En el pueblo de Made se encuentra el AH, a 8,4 km.<br \/>En el pueblo de Terheijden est\u00e1 Lidl, a 10 km.<\/p>\n<p>[\/et_pb_accordion_item][et_pb_accordion_item title=\u00bb\u00bfQu\u00e9 es divertido visitar?\u00bb _builder_version=\u00bb4.24.0&#8243; _module_preset=\u00bbdefault\u00bb global_colors_info=\u00bb{}\u00bb open=\u00bboff\u00bb]<\/p>\n<p>Parque Nacional de Biesbosch, np-debiesbosch.nl<br \/>Isla de los Museos de Biesbosch, 46km, 45min biesboschmuseumeiland.nl<br \/>Efteling, 34km, 32min eftelng.com<br \/>Breda, 22km, 25min welcomeinbreda.co.uk<br \/>Dordrecht, 25km, 25min indordrecht.nl<br \/>Rotterdam, 39km, 40min rotterdam.info <br \/>Amberes, 72km, 60min visit.antwerpen.be<br \/>Geertruidenberg, 16km, 20min vestingstadaandebiesbosch.nl<br \/>Willemstad 30km, 25min visitmoerdijk.nl\/en\/see-do\/vestingstad-willemstad<br \/>Wilemstad 30km, 25min zuiderwaterlinie.nl\/vestingsteden\/willemstad<\/p>\n<p>[\/et_pb_accordion_item][et_pb_accordion_item title=\u00bb\u00bfEs divertido ir en bicicleta por la zona desde el camping?\u00bb _builder_version=\u00bb4.24.0&#8243; _module_preset=\u00bbdefault\u00bb global_colors_info=\u00bb{}\u00bb open=\u00bboff\u00bb]<\/p>\n<ul>\n<li><a href=\"https:\/\/fietsnetwerk.nl\/fietsroutes\/zoeken\/lage-zwaluwe\/\" target=\"_blank\" rel=\"noopener\" title=\"FIETSNETWERK.NL \/ Lage Zwaluwe\">FIETSNETWERK.NL \/ Lage Zwaluwe<\/a><\/li>\n<li><a href=\"https:\/\/www.routeyou.com\/nl-nl\/location\/routes\/47493314\/lage-zwaluwe?route-type=1\" target=\"_blank\" rel=\"noopener\" title=\"ROUTEYOU\">ROUTEYOU<\/a><br \/><a href=\"https:\/\/routeyou.com\/nl-nl\/location\/routes\/47493314\/lage-zwaluwe?route-type=1%20fietsnetwerk.nl\/fietsroutes\/de-boer-op-drimmelen\/?routeId=641c5c3d1f10e\" target=\"_blank\" rel=\"noopener\" title=\"ROUTEYOU\"><\/a><\/li>\n<li><a href=\"https:\/\/www.fietsnetwerk.nl\/fietsroutes\/de-boer-op-drimmelen\/?routeId=641c5c3d1f10e\" target=\"_blank\" rel=\"noopener\" title=\"FIETSNETWERK.NL \/ agricultura en Drimmelen\">fietsnetwerk.nl \/ agricultura en Drimmelen<\/a><\/li>\n<li><a href=\"https:\/\/www.komoot.com\/discover\/Lage_Zwaluwe\/@51.7089390,4.7043226\/tours?max_distance=4820&amp;sport=touringbicycle&amp;map=true\" target=\"_blank\" rel=\"noopener\" title=\"KOMOOT | Rutas por Lage Zwaluwe\">KOMOOT | Rutas por Lage Zwaluwe<\/a><\/li>\n<li><a href=\"https:\/\/www.komoot.com\/nl-nl\/guide\/893186\/fietsroutes-rond-drimmelen\" target=\"_blank\" rel=\"noopener\" title=\"KOMOOT | Rutas por Drimmelen\">KOMOOT | Rutas por Drimmelen<\/a><\/li>\n<li><a href=\"https:\/\/www.beleefdebiesbosch.nl\/routes-overzicht\/977949176\/rondje-biesbosch\" target=\"_blank\" rel=\"noopener\" title=\"EXPERIMENTA EL BIESBOSCH | En torno al Biesbosch\">EXPERIMENTA EL BIESBOSCH | En torno al Biesbosch<\/a><\/li>\n<li><a href=\"https:\/\/www.visithw.nl\/nl\/eropuit\/deltapontjes\" target=\"_blank\" rel=\"noopener\" title=\"DELTAPONDJES | Rutas alrededor del agua\">DELTAPONDJES | Rutas alrededor del agua<\/a><\/li>\n<\/ul>\n<p>&nbsp;<\/p>\n<p>&nbsp;<\/p>\n<p>&nbsp;<\/p>\n<p>[\/et_pb_accordion_item][et_pb_accordion_item title=\u00bb\u00bfSe pueden alquilar bicicletas en la zona?\u00bb _builder_version=\u00bb4.24.0&#8243; _module_preset=\u00bbdefault\u00bb global_colors_info=\u00bb{}\u00bb open=\u00bboff\u00bb]<\/p>\n<p><a href=\"https:\/\/janssenstweewielers.nl\" target=\"_blank\" rel=\"noopener\" title=\"Janssenstweewielers.nl\">janssenstweewielers.nl<\/a><br \/>(servicio de entrega y recogida disponible en el camping)<\/p>\n<p>[\/et_pb_accordion_item][et_pb_accordion_item title=\u00bb\u00bfSe pueden alquilar bicicletas el\u00e9ctricas en la zona?\u00bb _builder_version=\u00bb4.24.0&#8243; _module_preset=\u00bbdefault\u00bb global_colors_info=\u00bb{}\u00bb open=\u00bboff\u00bb]<\/p>\n<p><a href=\"https:\/\/bijonslagezwaluwe.nl\/verhuur\/\" target=\"_blank\" rel=\"noopener\" title=\"Bij Ons Lage Zwaluwe Alquiler de E-Bikes\">bijonslagezwaluwe.nl\/verhuur\/<\/a><br \/>(recoja las bicicletas usted mismo)<\/p>\n<p>[\/et_pb_accordion_item][\/et_pb_accordion][\/et_pb_column][\/et_pb_row][\/et_pb_section][et_pb_section fb_built=\u00bb1&#8243; admin_label=\u00bbCall to Action\u00bb _builder_version=\u00bb4.24.0&#8243; _module_preset=\u00bbdefault\u00bb background_color=\u00bb#FF9900&#8243; background_image=\u00bbhttps:\/\/groenecampingindepolder.nl\/wp-content\/uploads\/2024\/02\/Groene-Camping_in-de-polder_schaap.png\u00bb background_size=\u00bbcontain\u00bb background_position=\u00bbcenter_left\u00bb background_horizontal_offset=\u00bb-1%\u00bb background_last_edited=\u00bbon|phone\u00bb background_size_tablet=\u00bbinitial\u00bb background_size_phone=\u00bbcover\u00bb background_position_tablet=\u00bbtop_right\u00bb background_position_phone=\u00bbbottom_left\u00bb background_horizontal_offset_tablet=\u00bb54%\u00bb background_horizontal_offset_phone=\u00bb74%\u00bb background_vertical_offset_tablet=\u00bb0%\u00bb background_vertical_offset_phone=\u00bb0%\u00bb locked=\u00bboff\u00bb collapsed=\u00bbon\u00bb global_colors_info=\u00bb{}\u00bb][et_pb_row _builder_version=\u00bb4.17.6&#8243; _module_preset=\u00bbdefault\u00bb max_width=\u00bb860px\u00bb global_colors_info=\u00bb{}\u00bb][et_pb_column type=\u00bb4_4&#8243; _builder_version=\u00bb4.17.6&#8243; _module_preset=\u00bbdefault\u00bb global_colors_info=\u00bb{}\u00bb][et_pb_text _builder_version=\u00bb4.24.0&#8243; _module_preset=\u00bbe6504a1b-67eb-4b3d-b023-bcab277610b6&#8243; header_4_font=\u00bbManrope|700||on|||||\u00bb header_4_text_color=\u00bb#FFFFFF\u00bb header_4_font_size=\u00bb14px\u00bb header_4_letter_spacing=\u00bb1px\u00bb header_4_line_height=\u00bb1.4em\u00bb text_orientation=\u00bbcenter\u00bb custom_margin=\u00bb||0px||false|false\u00bb global_colors_info=\u00bb{}\u00bb]<\/p>\n<h4>\u00bfEST\u00c1N CLARAS TODAS SUS PREGUNTAS?<\/h4>\n<p>[\/et_pb_text][et_pb_text _builder_version=\u00bb4.17.6&#8243; _module_preset=\u00bbb327cbe4-b1d5-4b66-ad37-40c8f2f061ba\u00bb header_2_font=\u00bbManrope|700|||||||\u00bb header_2_text_color=\u00bb#FFFFFF\u00bb header_2_font_size=\u00bb48px\u00bb header_2_line_height=\u00bb1.2em\u00bb text_orientation=\u00bbcenter\u00bb header_2_font_size_tablet=\u00bb32px\u00bb header_2_font_size_phone=\u00bb20px\u00bb header_2_font_size_last_edited=\u00bbon|desktop\u00bb global_colors_info=\u00bb{}\u00bb]<\/p>\n<h2>Reserve hoy mismo en l\u00ednea y disfrute de una relajante estancia con nosotros.<\/h2>\n<p>[\/et_pb_text][et_pb_button button_url=\u00bbhttps:\/\/groenecampingindepolder.nl\/es\/reservas\/\u00bb button_text=\u00bbReservas\u00bb button_alignment=\u00bbcenter\u00bb _builder_version=\u00bb4.24.0&#8243; _module_preset=\u00bbf489fdc3-bf1e-40c7-852b-c42851d4acb9&#8243; custom_button=\u00bbon\u00bb button_text_size=\u00bb14px\u00bb button_text_color=\u00bb#000000&#8243; button_bg_color=\u00bb#FFFFFF\u00bb button_border_width=\u00bb0px\u00bb button_border_radius=\u00bb0px\u00bb button_font=\u00bbInter|700||on|||||\u00bb custom_padding=\u00bb16px|24px|16px|24px|true|true\u00bb hover_enabled=\u00bb0&#8243; global_colors_info=\u00bb{}\u00bb sticky_enabled=\u00bb0&#8243;][\/et_pb_button][\/et_pb_column][\/et_pb_row][\/et_pb_section]<\/p>\n","protected":false},"excerpt":{"rendered":"<p>Encuentre su respuesta r\u00e1pida y f\u00e1cilmente a trav\u00e9s de las preguntas m\u00e1s frecuentes\u00a1Aqu\u00ed est\u00e1n las respuestas a las preguntas m\u00e1s frecuentes a nuestro equipo! \u00bfSu pregunta no est\u00e1 aqu\u00ed? Entonces no dude en pasarse por la recepci\u00f3n en horario de apertura.Encuentre su respuesta r\u00e1pida y f\u00e1cilmentea trav\u00e9s de las preguntas m\u00e1s frecuentes\u00a1Aqu\u00ed est\u00e1n las respuestas [&hellip;]<\/p>\n","protected":false},"author":1,"featured_media":0,"parent":0,"menu_order":0,"comment_status":"closed","ping_status":"closed","template":"","meta":{"_et_pb_use_builder":"on","_et_pb_old_content":"","_et_gb_content_width":"","_monsterinsights_skip_tracking":false,"_monsterinsights_sitenote_active":false,"_monsterinsights_sitenote_note":"","_monsterinsights_sitenote_category":0,"footnotes":""},"class_list":["post-235946","page","type-page","status-publish","hentry"],"_links":{"self":[{"href":"https:\/\/groenecampingindepolder.nl\/es\/wp-json\/wp\/v2\/pages\/235946","targetHints":{"allow":["GET"]}}],"collection":[{"href":"https:\/\/groenecampingindepolder.nl\/es\/wp-json\/wp\/v2\/pages"}],"about":[{"href":"https:\/\/groenecampingindepolder.nl\/es\/wp-json\/wp\/v2\/types\/page"}],"author":[{"embeddable":true,"href":"https:\/\/groenecampingindepolder.nl\/es\/wp-json\/wp\/v2\/users\/1"}],"replies":[{"embeddable":true,"href":"https:\/\/groenecampingindepolder.nl\/es\/wp-json\/wp\/v2\/comments?post=235946"}],"version-history":[{"count":16,"href":"https:\/\/groenecampingindepolder.nl\/es\/wp-json\/wp\/v2\/pages\/235946\/revisions"}],"predecessor-version":[{"id":236272,"href":"https:\/\/groenecampingindepolder.nl\/es\/wp-json\/wp\/v2\/pages\/235946\/revisions\/236272"}],"wp:attachment":[{"href":"https:\/\/groenecampingindepolder.nl\/es\/wp-json\/wp\/v2\/media?parent=235946"}],"curies":[{"name":"wp","href":"https:\/\/api.w.org\/{rel}","templated":true}]}}